{"id":82210,"date":"2023-12-14T02:14:31","date_gmt":"2023-12-14T01:14:31","guid":{"rendered":"https:\/\/www.soanam.de\/?post_type=product&#038;p=82210"},"modified":"2023-12-14T02:21:54","modified_gmt":"2023-12-14T01:21:54","slug":"veste-outdoor-janara-de-g-i-g-a-dx-by-killtec-en-noir-taille-48","status":"publish","type":"product","link":"https:\/\/www.soanam.de\/fr\/produkt\/outdoorjacke-janara-von-g-i-g-a-dx-by-killtec-in-schwarz-groesse-48\/","title":{"rendered":"Veste outdoor Janara de G.I.G.A. DX by killtec, en noir, taille 48"},"content":{"rendered":"<p>Veste outdoor de G.I.G.A. DX by killtec pour femmes<br \/>\nCouleurs unies avec capuche<br \/>\nFermeture haute<br \/>\nPoche poitrine<br \/>\nfermeture \u00e9clair avec rabat de protection contre le vent<br \/>\nFermeture \u00e0 glissi\u00e8re invisible<br \/>\nFermeture \u00e0 glissi\u00e8re \u00e0 double sens<\/p>\n<p>Avec sa fermeture \u00e9clair \u00e0 double sens, la veste outdoor de killtec est tr\u00e8s pratique pour faire du v\u00e9lo.<br \/>\nTu peux r\u00e9gler la largeur de la capuche \u00e0 l'aide d'un cordon de serrage. Le col est proche du cou et remonte vers le haut. Les grandes poches permettent de ranger en toute s\u00e9curit\u00e9 les objets importants comme le porte-monnaie et le t\u00e9l\u00e9phone portable.<br \/>\nGr\u00e2ce \u00e0 son mat\u00e9riau, la veste conserve sa forme et se froisse \u00e0 peine. La veste est parfaite pour l'automne, pour prot\u00e9ger du vent et des intemp\u00e9ries.<\/p>\n<p>Mati\u00e8re : polyester 87%, polyamide 13%<br \/>\nConseils d'entretien : Lavage en machine<\/p>\n<p>couleur : noir<br \/>\n\u00c9chantillon : sans<br \/>\nTaille : 48<\/p>\n<p>Largeur des \u00e9paules : 49cm<br \/>\nTour de poitrine : 132cm<br \/>\nLongueur des manches : 68cm<br \/>\nlongueur totale : 84cm<\/p>","protected":false},"excerpt":{"rendered":"<table class=\"dv_characteristicsTable\">\n<tbody>\n<tr>\n<td class=\"left\">Taille<\/td>\n<td>48<\/td>\n<\/tr>\n<tr>\n<td class=\"left\">Gr\u00f6\u00dfentyp<\/td>\n<td>Normalgr\u00f6\u00dfen<\/td>\n<\/tr>\n<tr>\n<td class=\"left\">Composition du mat\u00e9riau<\/td>\n<td>Obermaterial: 87% Polyester, 13% Polyamid<\/td>\n<\/tr>\n<tr>\n<td class=\"left\">Materialeigenschaften<\/td>\n<td>winddicht, wasserabweisend<\/td>\n<\/tr>\n<tr>\n<td class=\"left\">Conseils d'entretien<\/td>\n<td>Lavage en machine<\/td>\n<\/tr>\n<tr>\n<td class=\"left\">Stil<\/td>\n<td>sportlich<\/td>\n<\/tr>\n<tr>\n<td class=\"left\">Couleur<\/td>\n<td>schwarz<\/td>\n<\/tr>\n<tr>\n<td class=\"left\">Kragen<\/td>\n<td>hochschlie\u00dfender Kragen<\/td>\n<\/tr>\n<tr>\n<td class=\"left\">Ausschnitt<\/td>\n<td>hoch geschlossener Ausschnitt<\/td>\n<\/tr>\n<tr>\n<td class=\"left\">\u00c4rmel<\/td>\n<td>Manches longues<\/td>\n<\/tr>\n<tr>\n<td class=\"left\">\u00c4rmelabschlussdetails<\/td>\n<td>mit verstellbarem Druckknopf<\/td>\n<\/tr>\n<tr>\n<td class=\"left\">Capuche<\/td>\n<td>mit Kapuze<\/td>\n<\/tr>\n<tr>\n<td class=\"left\">Kapuzendetails<\/td>\n<td>verstellbar<\/td>\n<\/tr>\n<tr>\n<td class=\"left\">Sacs<\/td>\n<td>Poches \u00e0 fermeture \u00e9clair<\/td>\n<\/tr>\n<tr>\n<td class=\"left\">Verschluss<\/td>\n<td>2-Wege-Rei\u00dfverschluss<\/td>\n<\/tr>\n<tr>\n<td class=\"left\">Verschlussdetails<\/td>\n<td>mit Kinnschutz<\/td>\n<\/tr>\n<\/tbody>\n<\/table>","protected":false},"featured_media":82324,"comment_status":"open","ping_status":"closed","template":"","meta":{"_seopress_robots_primary_cat":"","_seopress_titles_title":"","_seopress_titles_desc":"","_seopress_robots_index":""},"product_brand":[],"product_cat":[1348,1354,1375,1556],"product_tag":[],"class_list":{"0":"post-82210","1":"product","2":"type-product","3":"status-publish","4":"has-post-thumbnail","6":"product_cat-damen-mode","7":"product_cat-jacken-maentel","8":"product_cat-winterjacken","9":"product_cat-funktionsjacken-winterjacken","10":"product_shipping_class-standard-versand","12":"first","13":"instock","14":"taxable","15":"shipping-taxable","16":"purchasable","17":"product-type-simple"},"_links":{"self":[{"href":"https:\/\/www.soanam.de\/fr\/wp-json\/wp\/v2\/product\/82210","targetHints":{"allow":["GET"]}}],"collection":[{"href":"https:\/\/www.soanam.de\/fr\/wp-json\/wp\/v2\/product"}],"about":[{"href":"https:\/\/www.soanam.de\/fr\/wp-json\/wp\/v2\/types\/product"}],"replies":[{"embeddable":true,"href":"https:\/\/www.soanam.de\/fr\/wp-json\/wp\/v2\/comments?post=82210"}],"wp:featuredmedia":[{"embeddable":true,"href":"https:\/\/www.soanam.de\/fr\/wp-json\/wp\/v2\/media\/82324"}],"wp:attachment":[{"href":"https:\/\/www.soanam.de\/fr\/wp-json\/wp\/v2\/media?parent=82210"}],"wp:term":[{"taxonomy":"product_brand","embeddable":true,"href":"https:\/\/www.soanam.de\/fr\/wp-json\/wp\/v2\/product_brand?post=82210"},{"taxonomy":"product_cat","embeddable":true,"href":"https:\/\/www.soanam.de\/fr\/wp-json\/wp\/v2\/product_cat?post=82210"},{"taxonomy":"product_tag","embeddable":true,"href":"https:\/\/www.soanam.de\/fr\/wp-json\/wp\/v2\/product_tag?post=82210"}],"curies":[{"name":"wp","href":"https:\/\/api.w.org\/{rel}","templated":true}]}}