{"id":82149,"date":"2023-12-14T02:13:09","date_gmt":"2023-12-14T01:13:09","guid":{"rendered":"https:\/\/www.soanam.de\/?post_type=product&#038;p=82149"},"modified":"2023-12-14T02:15:48","modified_gmt":"2023-12-14T01:15:48","slug":"gipsy-manteau-de-cuir-seneka-en-cognac-taille-3xl","status":"publish","type":"product","link":"https:\/\/www.soanam.de\/fr\/produkt\/gipsy-ledermantel-seneka-in-cognac-groesse-3xl\/","title":{"rendered":"Manteau en cuir Gipsy Seneka, en cognac, taille 3XL"},"content":{"rendered":"<p>Veste en cuir l\u00e9g\u00e8rement cintr\u00e9e dans une forme longue tr\u00e8s tendance de Gipsy<br \/>\nNappa d'agneau de haute qualit\u00e9 \u00e0 l'aspect lisse, avec doublure en coton<br \/>\nManteau en cuir moulant d'aspect biker avec capuche amovible en jersey doux<br \/>\nCol \u00e0 revers classique avec fermeture \u00e0 glissi\u00e8re asym\u00e9trique<\/p>\n<p>Veste de motard et manteau de cuir en un - c'est Seneka de Gipsy.<br \/>\nLes caract\u00e9ristiques cool d'une veste de motard sont compl\u00e9t\u00e9es par une coupe longue intelligente.<br \/>\nLe col \u00e0 revers avec boutons-pression orn\u00e9s du logo, la fermeture \u00e9clair asym\u00e9trique, les poches \u00e0 fermeture \u00e9clair et les fermetures \u00e9clair aux poignets en font partie.<br \/>\nL'int\u00e9rieur du manteau en \u00e9caille d'agneau est somptueusement imprim\u00e9, dot\u00e9 d'une capuche au look superpos\u00e9 et de surpiq\u00fbres \u00e0 la mode.<\/p>\n<p>Mat\u00e9riau : Dessus : 100% cuir d'agneau. Doublure : 100% coton. Doublure des manches : 100% polyester. Capuche : polyester 55%, coton 45%<br \/>\nConseils d'entretien : Nettoyage du cuir<\/p>\n<p>couleur : cognac<br \/>\n\u00c9chantillon : sans<br \/>\nTaille : 3XL<\/p>\n<p>largeur des \u00e9paules : 43 cm<br \/>\nTour de poitrine : 120cm<br \/>\nLongueur des manches : 67cm<br \/>\nlongueur totale : 93cm<\/p>","protected":false},"excerpt":{"rendered":"<table class=\"dv_characteristicsTable\">\n<tbody>\n<tr>\n<td class=\"left\">Taille<\/td>\n<td>3XL<\/td>\n<\/tr>\n<tr>\n<td class=\"left\">Gr\u00f6\u00dfentyp<\/td>\n<td>Normalgr\u00f6\u00dfen<\/td>\n<\/tr>\n<tr>\n<td class=\"left\">Composition du mat\u00e9riau<\/td>\n<td>Obermaterial: 100% Lammleder. Futter: 100% Baumwolle. \u00c4rmelfutter: 100% Polyester. Kapuze: 55% Polyester, 45% Baumwolle<\/td>\n<\/tr>\n<tr>\n<td class=\"left\">Materialhinweis<\/td>\n<td>enth\u00e4lt nichttextile Teile tierischen Ursprungs<\/td>\n<\/tr>\n<tr>\n<td class=\"left\">Conseils d'entretien<\/td>\n<td>Lederreinigung<\/td>\n<\/tr>\n<tr>\n<td class=\"left\">Stil<\/td>\n<td>modisch<\/td>\n<\/tr>\n<tr>\n<td class=\"left\">Couleur<\/td>\n<td>cognac<\/td>\n<\/tr>\n<tr>\n<td class=\"left\">Kragen<\/td>\n<td>Col \u00e0 revers<\/td>\n<\/tr>\n<tr>\n<td class=\"left\">\u00c4rmel<\/td>\n<td>Manches longues<\/td>\n<\/tr>\n<tr>\n<td class=\"left\">\u00c4rmeldetails<\/td>\n<td>\u00c4rmel mit \u00c4rmelschlitz<\/td>\n<\/tr>\n<tr>\n<td class=\"left\">\u00c4rmelabschlussdetails<\/td>\n<td>mit Rei\u00dfverschluss<\/td>\n<\/tr>\n<tr>\n<td class=\"left\">Coupe<\/td>\n<td>figurbetont<\/td>\n<\/tr>\n<tr>\n<td class=\"left\">Schnittdetails<\/td>\n<td>Coutures de s\u00e9paration<\/td>\n<\/tr>\n<tr>\n<td class=\"left\">Schnittform L\u00e4nge<\/td>\n<td>lang<\/td>\n<\/tr>\n<tr>\n<td class=\"left\">Capuche<\/td>\n<td>mit Kapuze<\/td>\n<\/tr>\n<tr>\n<td class=\"left\">Kapuzendetails<\/td>\n<td>abnehmbar<\/td>\n<\/tr>\n<tr>\n<td class=\"left\">Kapuzenf\u00fctterung<\/td>\n<td>gef\u00fcttert<\/td>\n<\/tr>\n<tr>\n<td class=\"left\">Sacs<\/td>\n<td>Poches \u00e0 fermeture \u00e9clair<\/td>\n<\/tr>\n<tr>\n<td class=\"left\">Verschluss<\/td>\n<td>Fermeture \u00e0 glissi\u00e8re<\/td>\n<\/tr>\n<tr>\n<td class=\"left\">Besondere Merkmale<\/td>\n<td>lange Lederjacke mit abzippbarem Kapuzen-Einsatz<\/td>\n<\/tr>\n<\/tbody>\n<\/table>","protected":false},"featured_media":82269,"comment_status":"open","ping_status":"closed","template":"","meta":{"_seopress_robots_primary_cat":"","_seopress_titles_title":"","_seopress_titles_desc":"","_seopress_robots_index":""},"product_brand":[],"product_cat":[1348,1354,1405],"product_tag":[],"class_list":{"0":"post-82149","1":"product","2":"type-product","3":"status-publish","4":"has-post-thumbnail","6":"product_cat-damen-mode","7":"product_cat-jacken-maentel","8":"product_cat-lederjacken-jacken-maentel","9":"product_shipping_class-standard-versand","11":"first","12":"instock","13":"taxable","14":"shipping-taxable","15":"purchasable","16":"product-type-simple"},"_links":{"self":[{"href":"https:\/\/www.soanam.de\/fr\/wp-json\/wp\/v2\/product\/82149","targetHints":{"allow":["GET"]}}],"collection":[{"href":"https:\/\/www.soanam.de\/fr\/wp-json\/wp\/v2\/product"}],"about":[{"href":"https:\/\/www.soanam.de\/fr\/wp-json\/wp\/v2\/types\/product"}],"replies":[{"embeddable":true,"href":"https:\/\/www.soanam.de\/fr\/wp-json\/wp\/v2\/comments?post=82149"}],"wp:featuredmedia":[{"embeddable":true,"href":"https:\/\/www.soanam.de\/fr\/wp-json\/wp\/v2\/media\/82269"}],"wp:attachment":[{"href":"https:\/\/www.soanam.de\/fr\/wp-json\/wp\/v2\/media?parent=82149"}],"wp:term":[{"taxonomy":"product_brand","embeddable":true,"href":"https:\/\/www.soanam.de\/fr\/wp-json\/wp\/v2\/product_brand?post=82149"},{"taxonomy":"product_cat","embeddable":true,"href":"https:\/\/www.soanam.de\/fr\/wp-json\/wp\/v2\/product_cat?post=82149"},{"taxonomy":"product_tag","embeddable":true,"href":"https:\/\/www.soanam.de\/fr\/wp-json\/wp\/v2\/product_tag?post=82149"}],"curies":[{"name":"wp","href":"https:\/\/api.w.org\/{rel}","templated":true}]}}