{"id":82127,"date":"2023-12-14T02:12:45","date_gmt":"2023-12-14T01:12:45","guid":{"rendered":"https:\/\/www.soanam.de\/?post_type=product&#038;p=82127"},"modified":"2023-12-14T02:15:19","modified_gmt":"2023-12-14T01:15:19","slug":"polarino-veste-polaire-chaude-en-noir-taille-36","status":"publish","type":"product","link":"https:\/\/www.soanam.de\/fr\/produkt\/polarino-warme-fleecejacke-in-schwarz-groesse-36\/","title":{"rendered":"Veste polaire chaude Polarino, noir, taille 36"},"content":{"rendered":"<p>Veste en polaire douce de Polarino<br \/>\nAvec une grande capacit\u00e9 de r\u00e9tention de la chaleur<br \/>\nCol haut avec protection du menton et capuche<br \/>\nfermeture \u00e9clair \u00e0 double sens<br \/>\nmanches extra-longues avec trous pour les pouces<br \/>\nRespirant et antistatique<\/p>\n<p>La polaire douce qui retient la chaleur et poss\u00e8de des propri\u00e9t\u00e9s respirantes et antistatiques assure le facteur Feelgood de la veste de Polarino qui, avec sa coupe cintr\u00e9e et sa grande capuche \u00e0 col montant, sert de base parfaite pour des combinaisons de tenues d\u00e9contract\u00e9es.<br \/>\nLes manches extra-longues sont dot\u00e9es de trous pour les pouces, ce qui est tr\u00e8s pratique. Les poches, la protection du menton et la fermeture \u00e9clair \u00e0 double sens compl\u00e8tent l'\u00e9quipement.<\/p>\n<p>Mat\u00e9riau : polyester 100%<br \/>\nConseils d'entretien : Lavage en machine<\/p>\n<p>couleur : noir<br \/>\n\u00c9chantillon : sans<br \/>\nTaille : 36<\/p>\n<p>Largeur des \u00e9paules : 40cm<br \/>\nTour de poitrine : 92cm<br \/>\nLongueur des manches : 69cm<br \/>\nlongueur totale : 76cm<\/p>","protected":false},"excerpt":{"rendered":"<table class=\"dv_characteristicsTable\">\n<tbody>\n<tr>\n<td class=\"left\">Taille<\/td>\n<td>36<\/td>\n<\/tr>\n<tr>\n<td class=\"left\">Gr\u00f6\u00dfentyp<\/td>\n<td>Normalgr\u00f6\u00dfen<\/td>\n<\/tr>\n<tr>\n<td class=\"left\">Composition du mat\u00e9riau<\/td>\n<td>Dessus : 100% polyester<\/td>\n<\/tr>\n<tr>\n<td class=\"left\">Materialart<\/td>\n<td>Polaire<\/td>\n<\/tr>\n<tr>\n<td class=\"left\">Materialeigenschaften<\/td>\n<td>atmungsaktiv, elastisch, pflegeleicht, schnell trocknend, w\u00e4rmend<\/td>\n<\/tr>\n<tr>\n<td class=\"left\">Conseils d'entretien<\/td>\n<td>Lavage en machine<\/td>\n<\/tr>\n<tr>\n<td class=\"left\">Optik<\/td>\n<td>unifarben<\/td>\n<\/tr>\n<tr>\n<td class=\"left\">Stil<\/td>\n<td>sportlich<\/td>\n<\/tr>\n<tr>\n<td class=\"left\">Couleur<\/td>\n<td>schwarz<\/td>\n<\/tr>\n<tr>\n<td class=\"left\">Kragen<\/td>\n<td>hochschlie\u00dfender Kragen<\/td>\n<\/tr>\n<tr>\n<td class=\"left\">\u00c4rmel<\/td>\n<td>Manches longues<\/td>\n<\/tr>\n<tr>\n<td class=\"left\">\u00c4rmelabschluss<\/td>\n<td>angesetztes B\u00fcndchen<\/td>\n<\/tr>\n<tr>\n<td class=\"left\">\u00c4rmelabschlussdetails<\/td>\n<td>mit Daumenl\u00f6chern<\/td>\n<\/tr>\n<tr>\n<td class=\"left\">Capuche<\/td>\n<td>mit Kapuze<\/td>\n<\/tr>\n<tr>\n<td class=\"left\">Kapuzendetails<\/td>\n<td>mit Kordelzug, Weite regulierbar<\/td>\n<\/tr>\n<tr>\n<td class=\"left\">Kapuzenf\u00fctterung<\/td>\n<td>Polaire<\/td>\n<\/tr>\n<tr>\n<td class=\"left\">Applikationen<\/td>\n<td>Badge<\/td>\n<\/tr>\n<tr>\n<td class=\"left\">Sacs<\/td>\n<td>Poches \u00e0 fermeture \u00e9clair<\/td>\n<\/tr>\n<tr>\n<td class=\"left\">Verschluss<\/td>\n<td>2-Wege-Rei\u00dfverschluss<\/td>\n<\/tr>\n<tr>\n<td class=\"left\">Verschlussdetails<\/td>\n<td>mit Kinnschutz<\/td>\n<\/tr>\n<tr>\n<td class=\"left\">Besondere Merkmale<\/td>\n<td>l\u00e4nger geschnitten und kuschelig warm<\/td>\n<\/tr>\n<\/tbody>\n<\/table>","protected":false},"featured_media":82246,"comment_status":"open","ping_status":"closed","template":"","meta":{"_seopress_robots_primary_cat":"","_seopress_titles_title":"","_seopress_titles_desc":"","_seopress_robots_index":""},"product_brand":[],"product_cat":[1348,1354,1647],"product_tag":[],"class_list":{"0":"post-82127","1":"product","2":"type-product","3":"status-publish","4":"has-post-thumbnail","6":"product_cat-damen-mode","7":"product_cat-jacken-maentel","8":"product_cat-fleecejacken-jacken-maentel","9":"product_shipping_class-standard-versand","11":"first","12":"instock","13":"taxable","14":"shipping-taxable","15":"purchasable","16":"product-type-simple"},"_links":{"self":[{"href":"https:\/\/www.soanam.de\/fr\/wp-json\/wp\/v2\/product\/82127","targetHints":{"allow":["GET"]}}],"collection":[{"href":"https:\/\/www.soanam.de\/fr\/wp-json\/wp\/v2\/product"}],"about":[{"href":"https:\/\/www.soanam.de\/fr\/wp-json\/wp\/v2\/types\/product"}],"replies":[{"embeddable":true,"href":"https:\/\/www.soanam.de\/fr\/wp-json\/wp\/v2\/comments?post=82127"}],"wp:featuredmedia":[{"embeddable":true,"href":"https:\/\/www.soanam.de\/fr\/wp-json\/wp\/v2\/media\/82246"}],"wp:attachment":[{"href":"https:\/\/www.soanam.de\/fr\/wp-json\/wp\/v2\/media?parent=82127"}],"wp:term":[{"taxonomy":"product_brand","embeddable":true,"href":"https:\/\/www.soanam.de\/fr\/wp-json\/wp\/v2\/product_brand?post=82127"},{"taxonomy":"product_cat","embeddable":true,"href":"https:\/\/www.soanam.de\/fr\/wp-json\/wp\/v2\/product_cat?post=82127"},{"taxonomy":"product_tag","embeddable":true,"href":"https:\/\/www.soanam.de\/fr\/wp-json\/wp\/v2\/product_tag?post=82127"}],"curies":[{"name":"wp","href":"https:\/\/api.w.org\/{rel}","templated":true}]}}