{"id":82104,"date":"2023-12-14T02:12:18","date_gmt":"2023-12-14T01:12:18","guid":{"rendered":"https:\/\/www.soanam.de\/?post_type=product&#038;p=82104"},"modified":"2023-12-14T02:15:03","modified_gmt":"2023-12-14T01:15:03","slug":"polarino-funktionsparka-mit-warmen-innenfutter-in-marine-groesse-40","status":"publish","type":"product","link":"https:\/\/www.soanam.de\/fr\/produkt\/polarino-funktionsparka-mit-warmen-innenfutter-in-marine-groesse-40\/","title":{"rendered":"Polarino Funktionsparka mit warmen Innenfutter, in Marine, Gr\u00f6\u00dfe 40"},"content":{"rendered":"<p>Veste d'hiver avec capuche de Polarino<br \/>\nAvec fourrure synth\u00e9tique amovible<br \/>\nTissu ext\u00e9rieur doux et chin\u00e9 avec une colonne d'eau de 8000 mm<br \/>\nRespirant, coupe-vent et imperm\u00e9able. Coutures soud\u00e9es<br \/>\nPoignets en Windstopper<br \/>\nDoublure int\u00e9rieure douce et moelleuse<\/p>\n<p>La parka outdoor de Polarino est la veste fonctionnelle optimale pour tous les fans d'outdoor - respirante, coupe-vent et imperm\u00e9able.<br \/>\nGr\u00e2ce au haut col montant avec capuche, y compris la fourrure synth\u00e9tique amovible, ton cou est parfaitement r\u00e9chauff\u00e9.<br \/>\nLe reste de l'\u00e9quipement comprend \u00e9galement une ing\u00e9nieuse patte \u00e0 boutons-pression avec fermeture \u00e0 glissi\u00e8re \u00e0 l'int\u00e9rieur ainsi que des manchettes coupe-vent pratiques aux manches.<br \/>\nLe cordon de serrage \u00e0 la taille permet d'affiner efficacement la silhouette de ce mod\u00e8le outdoor \u00e0 la doublure douce, tandis que les poches \u00e0 rabat boutonn\u00e9es offrent beaucoup de place.<br \/>\nCette veste fonctionnelle offre une protection compl\u00e8te contre l'eau gr\u00e2ce \u00e0 une colonne d'eau de 8000 mm et des coutures soud\u00e9es.<\/p>\n<p>Mat\u00e9riau : polyester 100%<br \/>\nConseils d'entretien : Lavage en machine<\/p>\n<p>couleur : marine<br \/>\n\u00c9chantillon : sans<br \/>\nTaille : 40<\/p>\n<p>Largeur des \u00e9paules : 44cm<br \/>\nTour de poitrine : 111cm<br \/>\nLongueur des manches : 64cm<br \/>\nlongueur totale : 85cm<\/p>\n<p>&nbsp;<\/p>\n<p>Il s'agit pour ce nouvel article d'un retour client sans \u00e9tiquette.<\/p>","protected":false},"excerpt":{"rendered":"<table class=\"dv_characteristicsTable\">\n<tbody>\n<tr>\n<td class=\"left\">Taille<\/td>\n<td>40<\/td>\n<\/tr>\n<tr>\n<td class=\"left\">Gr\u00f6\u00dfentyp<\/td>\n<td>Normalgr\u00f6\u00dfen<\/td>\n<\/tr>\n<tr>\n<td class=\"left\">Composition du mat\u00e9riau<\/td>\n<td>Obermaterial: 100% Polyester. Futter: 100% Polyester. Wattierung: 100% Polyester<\/td>\n<\/tr>\n<tr>\n<td class=\"left\">Materialeigenschaften<\/td>\n<td>atmungsaktiv, winddicht, wasserdicht<\/td>\n<\/tr>\n<tr>\n<td class=\"left\">Wassers\u00e4ule<\/td>\n<td>8000 mm<\/td>\n<\/tr>\n<tr>\n<td class=\"left\">Conseils d'entretien<\/td>\n<td>Lavage en machine<\/td>\n<\/tr>\n<tr>\n<td class=\"left\">Optik<\/td>\n<td>meliert<\/td>\n<\/tr>\n<tr>\n<td class=\"left\">Stil<\/td>\n<td>casual<\/td>\n<\/tr>\n<tr>\n<td class=\"left\">Couleur<\/td>\n<td>marine<\/td>\n<\/tr>\n<tr>\n<td class=\"left\">\u00c4rmeldetails<\/td>\n<td>mit Riegel<\/td>\n<\/tr>\n<tr>\n<td class=\"left\">\u00c4rmelabschluss<\/td>\n<td>Windstopperb\u00fcndchen<\/td>\n<\/tr>\n<tr>\n<td class=\"left\">Capuche<\/td>\n<td>mit Kapuze<\/td>\n<\/tr>\n<tr>\n<td class=\"left\">Kapuzendetails<\/td>\n<td>abnehmbares Fellimitat, mit regulierbarem Elastikband, Weite regulierbar<\/td>\n<\/tr>\n<tr>\n<td class=\"left\">Kapuzenf\u00fctterung<\/td>\n<td>gef\u00fcttert<\/td>\n<\/tr>\n<tr>\n<td class=\"left\">Applikationen<\/td>\n<td>Badge<\/td>\n<\/tr>\n<tr>\n<td class=\"left\">Sacs<\/td>\n<td>Rei\u00dfverschlusstaschen, Innentaschen<\/td>\n<\/tr>\n<tr>\n<td class=\"left\">Verschluss<\/td>\n<td>2-Wege-Rei\u00dfverschluss<\/td>\n<\/tr>\n<tr>\n<td class=\"left\">Verschlussdetails<\/td>\n<td>mit Windschutzblende<\/td>\n<\/tr>\n<tr>\n<td class=\"left\">Besondere Merkmale<\/td>\n<td>mit kuscheligem Innenfutter<\/td>\n<\/tr>\n<\/tbody>\n<\/table>","protected":false},"featured_media":82234,"comment_status":"open","ping_status":"closed","template":"","meta":{"_seopress_robots_primary_cat":"","_seopress_titles_title":"","_seopress_titles_desc":"","_seopress_robots_index":""},"product_brand":[],"product_cat":[1348,1354,1375,1440],"product_tag":[],"class_list":{"0":"post-82104","1":"product","2":"type-product","3":"status-publish","4":"has-post-thumbnail","6":"product_cat-damen-mode","7":"product_cat-jacken-maentel","8":"product_cat-winterjacken","9":"product_cat-parkas-winterjacken","10":"product_shipping_class-standard-versand","12":"first","13":"instock","14":"sale","15":"taxable","16":"shipping-taxable","17":"purchasable","18":"product-type-simple"},"_links":{"self":[{"href":"https:\/\/www.soanam.de\/fr\/wp-json\/wp\/v2\/product\/82104","targetHints":{"allow":["GET"]}}],"collection":[{"href":"https:\/\/www.soanam.de\/fr\/wp-json\/wp\/v2\/product"}],"about":[{"href":"https:\/\/www.soanam.de\/fr\/wp-json\/wp\/v2\/types\/product"}],"replies":[{"embeddable":true,"href":"https:\/\/www.soanam.de\/fr\/wp-json\/wp\/v2\/comments?post=82104"}],"wp:featuredmedia":[{"embeddable":true,"href":"https:\/\/www.soanam.de\/fr\/wp-json\/wp\/v2\/media\/82234"}],"wp:attachment":[{"href":"https:\/\/www.soanam.de\/fr\/wp-json\/wp\/v2\/media?parent=82104"}],"wp:term":[{"taxonomy":"product_brand","embeddable":true,"href":"https:\/\/www.soanam.de\/fr\/wp-json\/wp\/v2\/product_brand?post=82104"},{"taxonomy":"product_cat","embeddable":true,"href":"https:\/\/www.soanam.de\/fr\/wp-json\/wp\/v2\/product_cat?post=82104"},{"taxonomy":"product_tag","embeddable":true,"href":"https:\/\/www.soanam.de\/fr\/wp-json\/wp\/v2\/product_tag?post=82104"}],"curies":[{"name":"wp","href":"https:\/\/api.w.org\/{rel}","templated":true}]}}