{"id":82085,"date":"2023-12-14T02:11:54","date_gmt":"2023-12-14T01:11:54","guid":{"rendered":"https:\/\/www.soanam.de\/?post_type=product&#038;p=82085"},"modified":"2023-12-14T02:14:39","modified_gmt":"2023-12-14T01:14:39","slug":"parka-boysens-en-toile-de-coton-robuste-bleu-marine-taille-36","status":"publish","type":"product","link":"https:\/\/www.soanam.de\/fr\/produkt\/boysens-parka-aus-robuster-canvas-baumwolle-in-marineblau-groesse-36\/","title":{"rendered":"Parka Boysen's en coton canvas robuste, bleu marine, taille 36"},"content":{"rendered":"<p>Canvas Parka de Boysen's<br \/>\nSomptueusement \u00e9quip\u00e9 avec des d\u00e9tails pratiques et de nombreuses poches.<br \/>\nCapuche amovible avec col en imitation fourrure et cordon de serrage.<br \/>\nFermeture \u00e0 glissi\u00e8re dissimul\u00e9e plus bouton-pression.<br \/>\nCordon de serrage \u00e0 la taille \u00e0 l'int\u00e9rieur.<br \/>\nForme enveloppante<\/p>\n<p>Parka bien chaude et douillette avec fermeture \u00e0 glissi\u00e8re dissimul\u00e9e et patte de boutonnage suppl\u00e9mentaire.<br \/>\nEn outre, elle dispose d'un col \u00e0 fermeture haute, d'une capuche d\u00e9tachable et r\u00e9glable et d'une imitation de fourrure.<br \/>\nDeux poches lat\u00e9rales \u00e0 rabat, deux poches \u00e0 hauteur de la taille et une poche zipp\u00e9e sur la poitrine, ainsi qu'une poche zipp\u00e9e sur le haut de la manche gauche et une poche int\u00e9rieure compl\u00e8tent cette veste outdoor styl\u00e9e.<\/p>\n<p>Composition : toile : 100% coton, doublure : 100% polyester, col en fourrure tiss\u00e9e : 80% polyacrylique + 20% polyester<br \/>\nConseils d'entretien : Lavage en machine<\/p>\n<p>couleur : bleu marine<br \/>\n\u00c9chantillon : sans<br \/>\nTaille : 36<\/p>\n<p>largeur des \u00e9paules : 43 cm<br \/>\nTour de poitrine : 104cm<br \/>\nLongueur des manches : 62cm<br \/>\nlongueur totale : 84cm<\/p>","protected":false},"excerpt":{"rendered":"<table class=\"dv_characteristicsTable\">\n<tbody>\n<tr>\n<td class=\"left\">Taille<\/td>\n<td>36<\/td>\n<\/tr>\n<tr>\n<td class=\"left\">Gr\u00f6\u00dfentyp<\/td>\n<td>Normalgr\u00f6\u00dfen<\/td>\n<\/tr>\n<tr>\n<td class=\"left\">Composition du mat\u00e9riau<\/td>\n<td>Canvas: 100% Baumwolle, Futter: 100% Polyester, Webpelzkragen: 80% Polyacryl + 20% Polyester<\/td>\n<\/tr>\n<tr>\n<td class=\"left\">Materialeigenschaften<\/td>\n<td>w\u00e4rmend, robust<\/td>\n<\/tr>\n<tr>\n<td class=\"left\">Conseils d'entretien<\/td>\n<td>Lavage en machine<\/td>\n<\/tr>\n<tr>\n<td class=\"left\">Stil<\/td>\n<td>sportlich<\/td>\n<\/tr>\n<tr>\n<td class=\"left\">Couleur<\/td>\n<td>marineblau<\/td>\n<\/tr>\n<tr>\n<td class=\"left\">Kragen<\/td>\n<td>hochschlie\u00dfender Kragen<\/td>\n<\/tr>\n<tr>\n<td class=\"left\">\u00c4rmel<\/td>\n<td>Manches longues<\/td>\n<\/tr>\n<tr>\n<td class=\"left\">Coupe<\/td>\n<td>figurumspielend<\/td>\n<\/tr>\n<tr>\n<td class=\"left\">Schnittform L\u00e4nge<\/td>\n<td>kniefrei<\/td>\n<\/tr>\n<tr>\n<td class=\"left\">Capuche<\/td>\n<td>mit Kapuze<\/td>\n<\/tr>\n<tr>\n<td class=\"left\">Kapuzendetails<\/td>\n<td>abnehmbar, abnehmbares Fellimitat, Weite regulierbar<\/td>\n<\/tr>\n<tr>\n<td class=\"left\">Applikationen<\/td>\n<td>nein<\/td>\n<\/tr>\n<tr>\n<td class=\"left\">Sacs<\/td>\n<td>Poches \u00e0 fermeture \u00e9clair<\/td>\n<\/tr>\n<tr>\n<td class=\"left\">Verschluss<\/td>\n<td>Fermeture \u00e0 glissi\u00e8re<\/td>\n<\/tr>\n<tr>\n<td class=\"left\">Verschlussdetails<\/td>\n<td>mit Windschutzblende, verdeckt<\/td>\n<\/tr>\n<\/tbody>\n<\/table>","protected":false},"featured_media":82215,"comment_status":"open","ping_status":"closed","template":"","meta":{"_seopress_robots_primary_cat":"","_seopress_titles_title":"","_seopress_titles_desc":"","_seopress_robots_index":""},"product_brand":[],"product_cat":[1348,1354,1375,1440],"product_tag":[],"class_list":{"0":"post-82085","1":"product","2":"type-product","3":"status-publish","4":"has-post-thumbnail","6":"product_cat-damen-mode","7":"product_cat-jacken-maentel","8":"product_cat-winterjacken","9":"product_cat-parkas-winterjacken","10":"product_shipping_class-standard-versand","12":"first","13":"instock","14":"sale","15":"taxable","16":"shipping-taxable","17":"purchasable","18":"product-type-simple"},"_links":{"self":[{"href":"https:\/\/www.soanam.de\/fr\/wp-json\/wp\/v2\/product\/82085","targetHints":{"allow":["GET"]}}],"collection":[{"href":"https:\/\/www.soanam.de\/fr\/wp-json\/wp\/v2\/product"}],"about":[{"href":"https:\/\/www.soanam.de\/fr\/wp-json\/wp\/v2\/types\/product"}],"replies":[{"embeddable":true,"href":"https:\/\/www.soanam.de\/fr\/wp-json\/wp\/v2\/comments?post=82085"}],"wp:featuredmedia":[{"embeddable":true,"href":"https:\/\/www.soanam.de\/fr\/wp-json\/wp\/v2\/media\/82215"}],"wp:attachment":[{"href":"https:\/\/www.soanam.de\/fr\/wp-json\/wp\/v2\/media?parent=82085"}],"wp:term":[{"taxonomy":"product_brand","embeddable":true,"href":"https:\/\/www.soanam.de\/fr\/wp-json\/wp\/v2\/product_brand?post=82085"},{"taxonomy":"product_cat","embeddable":true,"href":"https:\/\/www.soanam.de\/fr\/wp-json\/wp\/v2\/product_cat?post=82085"},{"taxonomy":"product_tag","embeddable":true,"href":"https:\/\/www.soanam.de\/fr\/wp-json\/wp\/v2\/product_tag?post=82085"}],"curies":[{"name":"wp","href":"https:\/\/api.w.org\/{rel}","templated":true}]}}