{"id":81605,"date":"2023-12-14T02:02:18","date_gmt":"2023-12-14T01:02:18","guid":{"rendered":"https:\/\/www.soanam.de\/?post_type=product&#038;p=81605"},"modified":"2023-12-14T02:04:28","modified_gmt":"2023-12-14T01:04:28","slug":"vivance-dreams-2-paires-de-pyjamas-a-imprime-animalier-noir-blanc-rose-gr-48-50","status":"publish","type":"product","link":"https:\/\/www.soanam.de\/fr\/produkt\/vivance-dreams-2-paar-pyjama-mit-tierprint-in-schwarz-weiss-pink-gr-48-50\/","title":{"rendered":"Vivance Dreams 2 paires de pyjamas avec imprim\u00e9 animalier, en noir, blanc, rose, taille 48\/50"},"content":{"rendered":"<p>Pyjama double de Vivance Dreams<br \/>\nUn t-shirt \u00e0 manches courtes avec un revers de couleur contrast\u00e9e et un imprim\u00e9 sur le devant<br \/>\nUn t-shirt \u00e0 manches 3\/4 avec une poche imprim\u00e9e sur la poitrine<br \/>\nCeinture de pantalon contrast\u00e9e<br \/>\nQualit\u00e9 douce pour un port agr\u00e9able<\/p>\n<p>Les pyjamas de Vivance Dreams sont vendus en pack double : 1x t-shirt \u00e0 manches courtes avec revers contrast\u00e9 et imprim\u00e9 frontal avec pantalon uni et 1x t-shirt \u00e0 manches 3\/4 et poche poitrine imprim\u00e9e, avec un pantalon imprim\u00e9 et une ceinture contrast\u00e9e.<br \/>\nCe lot de 2 pyjamas te g\u00e2te avec sa douce qualit\u00e9 de coton qui est agr\u00e9able au contact de la peau.<\/p>\n<p>Mati\u00e8re : 100% coton<br \/>\nConseils d'entretien : Lavage en machine<\/p>\n<p>Couleur : noir-blanc, noir-rose<br \/>\nmotif : imprim\u00e9 animal<br \/>\nTaille : 48\/50<\/p>\n<p>Haut 1 Haut 2 Pantalon<br \/>\nTour de poitrine : 122cm Tour de poitrine : 123cm Entrejambe : 77cm<br \/>\nlongueur totale : 74cm longueur totale : 70cm longueur totale : 102cm<br \/>\nLongueur des manches : 44cm Longueur des manches : 11cm<\/p>\n<p>&nbsp;<\/p>","protected":false},"excerpt":{"rendered":"<div class=\"spec-holder\">\n<div class=\"row\">\n<div class=\"col-xs-5 spec-name\">\n<table class=\"dv_characteristicsTable\">\n<tbody>\n<tr>\n<td class=\"left\">Taille<\/td>\n<td>48\/50<\/td>\n<\/tr>\n<tr>\n<td class=\"left\">Gr\u00f6\u00dfentyp<\/td>\n<td>Normalgr\u00f6\u00dfen<\/td>\n<\/tr>\n<tr>\n<td class=\"left\">Couleur<\/td>\n<td>schwarz, wei\u00df<\/td>\n<\/tr>\n<tr>\n<td class=\"left\">Farbe Packst\u00fcck 2<\/td>\n<td>schwarz, pink<\/td>\n<\/tr>\n<tr>\n<td class=\"left\">Applikationen<\/td>\n<td>Schriftzug, Allover-Druck<\/td>\n<\/tr>\n<tr>\n<td class=\"left\">Composition du mat\u00e9riau<\/td>\n<td>Obermaterial: 100% Baumwolle<\/td>\n<\/tr>\n<tr>\n<td class=\"left\">Conseils d'entretien<\/td>\n<td>Lavage en machine<\/td>\n<\/tr>\n<tr>\n<td class=\"left\">Optik<\/td>\n<td>bedruckt, gemustert, kontrastfarbene Details<\/td>\n<\/tr>\n<tr>\n<td class=\"left\">Stil<\/td>\n<td>Basic<\/td>\n<\/tr>\n<tr>\n<td class=\"left\">Ausschnitt<\/td>\n<td>Rundhals<\/td>\n<\/tr>\n<tr>\n<td class=\"left\">Ausschnittdetails<\/td>\n<td>Blende<\/td>\n<\/tr>\n<tr>\n<td class=\"left\">\u00c4rmel<\/td>\n<td>Kurzarm + Langarm<\/td>\n<\/tr>\n<tr>\n<td class=\"left\">\u00c4rmelabschluss<\/td>\n<td>abgerundeter Saum<\/td>\n<\/tr>\n<tr>\n<td class=\"left\">Coupe<\/td>\n<td>bequem<\/td>\n<\/tr>\n<tr>\n<td class=\"left\">Rumpfabschluss<\/td>\n<td>B\u00fcndchen<\/td>\n<\/tr>\n<tr>\n<td class=\"left\">Schnittform L\u00e4nge<\/td>\n<td>lang<\/td>\n<\/tr>\n<tr>\n<td class=\"left\">Beinform<\/td>\n<td>gerade<\/td>\n<\/tr>\n<tr>\n<td class=\"left\">Beinabschluss<\/td>\n<td>abgerundeter Saum<\/td>\n<\/tr>\n<tr>\n<td class=\"left\">Leibh\u00f6he<\/td>\n<td>normal<\/td>\n<\/tr>\n<tr>\n<td class=\"left\">Bundabschluss<\/td>\n<td>abgerundeter Saum<\/td>\n<\/tr>\n<\/tbody>\n<\/table>\n<\/div>\n<\/div>\n<\/div>","protected":false},"featured_media":81711,"comment_status":"open","ping_status":"closed","template":"","meta":{"_seopress_robots_primary_cat":"","_seopress_titles_title":"","_seopress_titles_desc":"","_seopress_robots_index":""},"product_brand":[],"product_cat":[1348,1520,1639],"product_tag":[],"class_list":{"0":"post-81605","1":"product","2":"type-product","3":"status-publish","4":"has-post-thumbnail","6":"product_cat-damen-mode","7":"product_cat-nachtwaesche","8":"product_cat-pyjama-lang","9":"product_shipping_class-standard-versand","11":"first","12":"instock","13":"taxable","14":"shipping-taxable","15":"purchasable","16":"product-type-simple"},"_links":{"self":[{"href":"https:\/\/www.soanam.de\/fr\/wp-json\/wp\/v2\/product\/81605","targetHints":{"allow":["GET"]}}],"collection":[{"href":"https:\/\/www.soanam.de\/fr\/wp-json\/wp\/v2\/product"}],"about":[{"href":"https:\/\/www.soanam.de\/fr\/wp-json\/wp\/v2\/types\/product"}],"replies":[{"embeddable":true,"href":"https:\/\/www.soanam.de\/fr\/wp-json\/wp\/v2\/comments?post=81605"}],"wp:featuredmedia":[{"embeddable":true,"href":"https:\/\/www.soanam.de\/fr\/wp-json\/wp\/v2\/media\/81711"}],"wp:attachment":[{"href":"https:\/\/www.soanam.de\/fr\/wp-json\/wp\/v2\/media?parent=81605"}],"wp:term":[{"taxonomy":"product_brand","embeddable":true,"href":"https:\/\/www.soanam.de\/fr\/wp-json\/wp\/v2\/product_brand?post=81605"},{"taxonomy":"product_cat","embeddable":true,"href":"https:\/\/www.soanam.de\/fr\/wp-json\/wp\/v2\/product_cat?post=81605"},{"taxonomy":"product_tag","embeddable":true,"href":"https:\/\/www.soanam.de\/fr\/wp-json\/wp\/v2\/product_tag?post=81605"}],"curies":[{"name":"wp","href":"https:\/\/api.w.org\/{rel}","templated":true}]}}