{"id":80873,"date":"2023-12-14T01:40:07","date_gmt":"2023-12-14T00:40:07","guid":{"rendered":"https:\/\/www.soanam.de\/?post_type=product&#038;p=80873"},"modified":"2023-12-14T01:42:29","modified_gmt":"2023-12-14T00:42:29","slug":"tamaris-cardigan-sans-fermeture-en-noir-taille-36-38","status":"publish","type":"product","link":"https:\/\/www.soanam.de\/fr\/produkt\/tamaris-cardigan-ohne-verschluss-in-schwarz-groesse-36-38\/","title":{"rendered":"Tamaris Cardigan sans fermeture, noir, taille 36\/38"},"content":{"rendered":"<p>Cardigan ouvert de TAMARIS<br \/>\nForme longue et enveloppante<br \/>\nForme longue d\u00e9contract\u00e9e<br \/>\nAvec poches<br \/>\nM\u00e9lange de viscose moelleux<\/p>\n<p>Le cardigan de TAMARIS a une coupe longue qui \u00e9pouse la silhouette.<br \/>\nSans fermeture, elle s'enfile rapidement et se porte ouverte de mani\u00e8re tr\u00e8s d\u00e9contract\u00e9e.<br \/>\nGr\u00e2ce au tricot fin en m\u00e9lange de viscose douillet, le cardigan est chaud, doux et offre un confort extra \u00e9lev\u00e9.<\/p>\n<p>Mati\u00e8re : 50% viscose, 28% polyester, 22% polyamide<br \/>\nConseils d'entretien : Lavage en machine<\/p>\n<p>couleur : noir<br \/>\n\u00c9chantillon : sans<br \/>\nTaille : 36\/38<\/p>\n<p>Largeur des \u00e9paules : 38cm<br \/>\nTour de poitrine : 98cm<br \/>\nLongueur des manches : 64cm<br \/>\nlongueur totale : 80cm<\/p>","protected":false},"excerpt":{"rendered":"<table class=\"dv_characteristicsTable\">\n<tbody>\n<tr>\n<td class=\"left\">Taille<\/td>\n<td>36\/38<\/td>\n<\/tr>\n<tr>\n<td class=\"left\">Gr\u00f6\u00dfentyp<\/td>\n<td>Normalgr\u00f6\u00dfen<\/td>\n<\/tr>\n<tr>\n<td class=\"left\">Composition du mat\u00e9riau<\/td>\n<td>Obermaterial: 50% Viskose, 28% Polyester, 22% Polyamid<\/td>\n<\/tr>\n<tr>\n<td class=\"left\">Materialart<\/td>\n<td>Strick<\/td>\n<\/tr>\n<tr>\n<td class=\"left\">Conseils d'entretien<\/td>\n<td>Lavage en machine<\/td>\n<\/tr>\n<tr>\n<td class=\"left\">Stil<\/td>\n<td>casual<\/td>\n<\/tr>\n<tr>\n<td class=\"left\">Couleur<\/td>\n<td>schwarz<\/td>\n<\/tr>\n<tr>\n<td class=\"left\">Ausschnitt<\/td>\n<td>Encolure en V<\/td>\n<\/tr>\n<tr>\n<td class=\"left\">\u00c4rmel<\/td>\n<td>Manches longues<\/td>\n<\/tr>\n<tr>\n<td class=\"left\">Coupe<\/td>\n<td>gerade<\/td>\n<\/tr>\n<tr>\n<td class=\"left\">Schnittform L\u00e4nge<\/td>\n<td>ca. Mitte Oberschenkel<\/td>\n<\/tr>\n<tr>\n<td class=\"left\">Applikationen<\/td>\n<td>Markenlabel<\/td>\n<\/tr>\n<tr>\n<td class=\"left\">Sacs<\/td>\n<td>Eingrifftaschen<\/td>\n<\/tr>\n<tr>\n<td class=\"left\">Verschluss<\/td>\n<td>ohne Verschluss<\/td>\n<\/tr>\n<tr>\n<td class=\"left\">Besondere Merkmale<\/td>\n<td>mit Taschen<\/td>\n<\/tr>\n<\/tbody>\n<\/table>","protected":false},"featured_media":80982,"comment_status":"open","ping_status":"closed","template":"","meta":{"_seopress_robots_primary_cat":"","_seopress_titles_title":"","_seopress_titles_desc":"","_seopress_robots_index":""},"product_brand":[],"product_cat":[1348,1354,1603],"product_tag":[],"class_list":{"0":"post-80873","1":"product","2":"type-product","3":"status-publish","4":"has-post-thumbnail","6":"product_cat-damen-mode","7":"product_cat-jacken-maentel","8":"product_cat-cardigan","9":"product_shipping_class-standard-versand","11":"first","12":"instock","13":"taxable","14":"shipping-taxable","15":"purchasable","16":"product-type-simple"},"_links":{"self":[{"href":"https:\/\/www.soanam.de\/fr\/wp-json\/wp\/v2\/product\/80873","targetHints":{"allow":["GET"]}}],"collection":[{"href":"https:\/\/www.soanam.de\/fr\/wp-json\/wp\/v2\/product"}],"about":[{"href":"https:\/\/www.soanam.de\/fr\/wp-json\/wp\/v2\/types\/product"}],"replies":[{"embeddable":true,"href":"https:\/\/www.soanam.de\/fr\/wp-json\/wp\/v2\/comments?post=80873"}],"wp:featuredmedia":[{"embeddable":true,"href":"https:\/\/www.soanam.de\/fr\/wp-json\/wp\/v2\/media\/80982"}],"wp:attachment":[{"href":"https:\/\/www.soanam.de\/fr\/wp-json\/wp\/v2\/media?parent=80873"}],"wp:term":[{"taxonomy":"product_brand","embeddable":true,"href":"https:\/\/www.soanam.de\/fr\/wp-json\/wp\/v2\/product_brand?post=80873"},{"taxonomy":"product_cat","embeddable":true,"href":"https:\/\/www.soanam.de\/fr\/wp-json\/wp\/v2\/product_cat?post=80873"},{"taxonomy":"product_tag","embeddable":true,"href":"https:\/\/www.soanam.de\/fr\/wp-json\/wp\/v2\/product_tag?post=80873"}],"curies":[{"name":"wp","href":"https:\/\/api.w.org\/{rel}","templated":true}]}}