{"id":78039,"date":"2023-12-13T21:05:30","date_gmt":"2023-12-13T20:05:30","guid":{"rendered":"https:\/\/www.soanam.de\/?post_type=product&#038;p=78039"},"modified":"2023-12-13T21:12:39","modified_gmt":"2023-12-13T20:12:39","slug":"diesel-sleenker-homme-jeans-slim-fit-069gc-blue-dark-wash-gr-33","status":"publish","type":"product","link":"https:\/\/www.soanam.de\/fr\/produkt\/diesel-sleenker-herren-jeans-slim-fit-069gc-blue-dark-wash-gr-33\/","title":{"rendered":"Diesel SLEENKER - Jeans pour hommes Slim Fit 069gc, blue dark wash, taille 33"},"content":{"rendered":"<h3>Description<\/h3>\n<p>SLEENKER - Jeans Slim Fit<\/p>\n<p>Mat\u00e9riaux &amp; conseils d'entretien<\/p>\n<p>Mat\u00e9riau du tissu ext\u00e9rieur : 98% coton, 2% \u00e9lasthanne<br \/>\nConstruction de la mati\u00e8re : denim<br \/>\nPartie non textile d'origine animale : oui<br \/>\nConseils d'entretien : Ne convient pas au s\u00e8che-linge, lavage en machine \u00e0 30\u00b0C, cycle d\u00e9licat<\/p>\n<p>En savoir plus sur ce produit<\/p>\n<p>Style cinq poches, look us\u00e9, effets destroyed, patch en cuir v\u00e9ritable \u00e0 l'arri\u00e8re de la taille<br \/>\nHauteur de taille : Normale<br \/>\nfermeture : Bouton-Fly<br \/>\nPoches de pantalon : Poches arri\u00e8re, poches lat\u00e9rales<\/p>\n<p>Modelgr\u00f6\u00dfe: Unser Model ist 183 cm gro\u00df und tr\u00e4gt Gr\u00f6\u00dfe 32x32<br \/>\nCoupe : Slim Fit<br \/>\nLongueur : Longue<br \/>\nBeininnenl\u00e4nge: 85 cm bei Gr\u00f6\u00dfe 32x32<br \/>\nBeinau\u00dfenl\u00e4nge: 108 cm bei Gr\u00f6\u00dfe 32x32<\/p>","protected":false},"excerpt":{"rendered":"<h3>Caract\u00e9ristiques de l'article<\/h3>\n<p>\u00c9tat de l'article : Nouveau avec \u00e9tiquette : article neuf, non utilis\u00e9 et non port\u00e9 dans son emballage d'origine<\/p>\n<table border=\"0\" frame=\"VOID\" rules=\"NONE\" cellspacing=\"0\">\n<colgroup>\n<col width=\"133\" \/>\n<col width=\"267\" \/><\/colgroup>\n<tbody>\n<tr>\n<td align=\"LEFT\" width=\"133\" height=\"18\">Abteilung:<\/td>\n<td align=\"LEFT\" width=\"267\">Herren<\/td>\n<\/tr>\n<tr>\n<td align=\"LEFT\" height=\"18\">Particularit\u00e9s :<\/td>\n<td align=\"LEFT\">Sacs<\/td>\n<\/tr>\n<tr>\n<td align=\"LEFT\" height=\"18\">Bundh\u00f6he:<\/td>\n<td align=\"LEFT\">Moyens<\/td>\n<\/tr>\n<tr>\n<td align=\"LEFT\" height=\"18\">couleur :<\/td>\n<td align=\"LEFT\">Bleu<\/td>\n<\/tr>\n<tr>\n<td align=\"LEFT\" height=\"18\">Gewebeart:<\/td>\n<td align=\"LEFT\">Denim<\/td>\n<\/tr>\n<tr>\n<td align=\"LEFT\" height=\"18\">taille :<\/td>\n<td align=\"LEFT\">W33 x L 32<\/td>\n<\/tr>\n<tr>\n<td align=\"LEFT\" height=\"18\">Gr\u00f6\u00dfenkategorie:<\/td>\n<td align=\"LEFT\">Normalgr\u00f6\u00dfe<\/td>\n<\/tr>\n<tr>\n<td align=\"LEFT\" height=\"18\">Herstellungsland und -region:<\/td>\n<td align=\"LEFT\">Unbekannt<\/td>\n<\/tr>\n<tr>\n<td align=\"LEFT\" height=\"18\">Jahreszeit:<\/td>\n<td align=\"LEFT\">Fr\u00fchling, Herbst, Sommer, Winter<\/td>\n<\/tr>\n<tr>\n<td align=\"LEFT\" height=\"18\">L\u00e4nge:<\/td>\n<td align=\"LEFT\">Regular<\/td>\n<\/tr>\n<tr>\n<td align=\"LEFT\" height=\"18\">Marke:<\/td>\n<td align=\"LEFT\">Diesel<\/td>\n<\/tr>\n<tr>\n<td align=\"LEFT\" height=\"18\">mat\u00e9riel :<\/td>\n<td align=\"LEFT\">Denim<\/td>\n<\/tr>\n<tr>\n<td align=\"LEFT\" height=\"18\">Modell:<\/td>\n<td align=\"LEFT\">Diesel Sleenker<\/td>\n<\/tr>\n<tr>\n<td align=\"LEFT\" height=\"18\">Modifizierter Artikel:<\/td>\n<td align=\"LEFT\">Nein<\/td>\n<\/tr>\n<tr>\n<td align=\"LEFT\" height=\"18\">Ajustement :<\/td>\n<td align=\"LEFT\">Slim<\/td>\n<\/tr>\n<tr>\n<td align=\"LEFT\" height=\"18\">Produktart:<\/td>\n<td align=\"LEFT\">Jeans<\/td>\n<\/tr>\n<tr>\n<td align=\"LEFT\" height=\"18\">Produktlinie:<\/td>\n<td align=\"LEFT\">ohne Angabe<\/td>\n<\/tr>\n<tr>\n<td align=\"LEFT\" height=\"18\">Schrittl\u00e4nge:<\/td>\n<td align=\"LEFT\">L 32<\/td>\n<\/tr>\n<tr>\n<td align=\"LEFT\" height=\"18\">Stil:<\/td>\n<td align=\"LEFT\">Slim<\/td>\n<\/tr>\n<tr>\n<td align=\"LEFT\" height=\"18\">Taillenumfang:<\/td>\n<td align=\"LEFT\">W 33<\/td>\n<\/tr>\n<tr>\n<td align=\"LEFT\" height=\"18\">Textilpflege:<\/td>\n<td align=\"LEFT\">Lavage en machine<\/td>\n<\/tr>\n<tr>\n<td align=\"LEFT\" height=\"18\">Thema:<\/td>\n<td align=\"LEFT\">Klassisch<\/td>\n<\/tr>\n<tr>\n<td align=\"LEFT\" height=\"18\">Verschluss:<\/td>\n<td align=\"LEFT\">Boutonn\u00e9<\/td>\n<\/tr>\n<tr>\n<td align=\"LEFT\" height=\"18\">Vintage:<\/td>\n<td align=\"LEFT\">Nein<\/td>\n<\/tr>\n<tr>\n<td align=\"LEFT\" height=\"18\">Waschung:<\/td>\n<td align=\"LEFT\">Dunkel<\/td>\n<\/tr>\n<\/tbody>\n<\/table>","protected":false},"featured_media":78156,"comment_status":"open","ping_status":"closed","template":"","meta":{"_seopress_robots_primary_cat":"","_seopress_titles_title":"","_seopress_titles_desc":"","_seopress_robots_index":""},"product_brand":[],"product_cat":[1345,1346,1347],"product_tag":[],"class_list":{"0":"post-78039","1":"product","2":"type-product","3":"status-publish","4":"has-post-thumbnail","6":"product_cat-herrenmode","7":"product_cat-hosen","8":"product_cat-jeans","9":"product_shipping_class-standard-versand","11":"first","12":"instock","13":"sale","14":"taxable","15":"shipping-taxable","16":"purchasable","17":"product-type-simple"},"_links":{"self":[{"href":"https:\/\/www.soanam.de\/fr\/wp-json\/wp\/v2\/product\/78039","targetHints":{"allow":["GET"]}}],"collection":[{"href":"https:\/\/www.soanam.de\/fr\/wp-json\/wp\/v2\/product"}],"about":[{"href":"https:\/\/www.soanam.de\/fr\/wp-json\/wp\/v2\/types\/product"}],"replies":[{"embeddable":true,"href":"https:\/\/www.soanam.de\/fr\/wp-json\/wp\/v2\/comments?post=78039"}],"wp:featuredmedia":[{"embeddable":true,"href":"https:\/\/www.soanam.de\/fr\/wp-json\/wp\/v2\/media\/78156"}],"wp:attachment":[{"href":"https:\/\/www.soanam.de\/fr\/wp-json\/wp\/v2\/media?parent=78039"}],"wp:term":[{"taxonomy":"product_brand","embeddable":true,"href":"https:\/\/www.soanam.de\/fr\/wp-json\/wp\/v2\/product_brand?post=78039"},{"taxonomy":"product_cat","embeddable":true,"href":"https:\/\/www.soanam.de\/fr\/wp-json\/wp\/v2\/product_cat?post=78039"},{"taxonomy":"product_tag","embeddable":true,"href":"https:\/\/www.soanam.de\/fr\/wp-json\/wp\/v2\/product_tag?post=78039"}],"curies":[{"name":"wp","href":"https:\/\/api.w.org\/{rel}","templated":true}]}}