{"id":78016,"date":"2023-12-13T21:05:05","date_gmt":"2023-12-13T20:05:05","guid":{"rendered":"https:\/\/www.soanam.de\/?post_type=product&#038;p=78016"},"modified":"2023-12-13T21:12:19","modified_gmt":"2023-12-13T20:12:19","slug":"veste-polaire-haerkila-norfell-willow-green-gr-s-pour-les-loisirs-chasse-et-plein-air","status":"publish","type":"product","link":"https:\/\/www.soanam.de\/fr\/produkt\/haerkila-norfell-fleecejacke-willow-green-gr-s-fuer-freizeit-jagd-u-outdoor\/","title":{"rendered":"H\u00c4RKILA VESTE NORFELL FLEECE Willow Green, taille S - pour les loisirs, la chasse et le plein air"},"content":{"rendered":"<h3>Description<\/h3>\n<p>Die Marke f\u00fcr J\u00e4ger und Waldm\u00e4nner aus Skandinavien ... ideal f\u00fcr Freizeit, Jagd u. Outdoor<\/p>\n<p>La veste Norfell de H\u00e4rkila est une veste polaire en ArcStretch\u2122 avec un stretch \u00e0 360\u00b0. Elle s'adapte ainsi parfaitement \u00e0 chacun de vos mouvements.<br \/>\nEn outre, la veste polaire dispose d'une poche pour appareil radio \u00e0 gauche avec sortie d'antenne caoutchout\u00e9e et de deux poches lat\u00e9rales avec fermeture \u00e9clair. La fermeture \u00e9clair peut \u00eatre tir\u00e9e dans les deux sens pour faciliter le r\u00e9glage de la veste dans les positions assises exigeantes. Les fermetures \u00e0 glissi\u00e8re des poches sont \u00e9quip\u00e9es d'un ruban \u00e9lastique sur tout le pourtour. Les trous pour les pouces et les poignets sont \u00e9lastiques.<\/p>\n<p>La veste polaire taille normalement \u00e0 petit.<\/p>\n<p>Mat\u00e9riau : Ext\u00e9rieur : 95% polyester, 5% spandex ; Doublure : 100% polyester<br \/>\nTaille : S<br \/>\nCouleur : Vert<br \/>\ncat\u00e9gorie : Veste polaire<br \/>\nDomaine d'application : chasse , activit\u00e9s de plein air<br \/>\nCaract\u00e9ristiques : respirant , stretch<br \/>\n\u00c9quipement : 1 poche radio , 2 poches pour les mains , fermeture \u00e9clair \u00e0 double sens , trou pour le pouce<br \/>\nSaison : \u00e9t\u00e9 , hiver , mi-saison<\/p>","protected":false},"excerpt":{"rendered":"<h3>Caract\u00e9ristiques de l'article<\/h3>\n<p>\u00c9tat de l'article : Nouveau avec \u00e9tiquette : article neuf, non utilis\u00e9 et non port\u00e9 dans son emballage d'origine<\/p>\n<table border=\"0\" frame=\"VOID\" rules=\"NONE\" cellspacing=\"0\">\n<colgroup>\n<col width=\"133\" \/>\n<col width=\"267\" \/><\/colgroup>\n<tbody>\n<tr>\n<td align=\"LEFT\" width=\"133\" height=\"18\">Abteilung:<\/td>\n<td align=\"LEFT\" width=\"267\">Herren<\/td>\n<\/tr>\n<tr>\n<td align=\"LEFT\" height=\"17\">EAN:<\/td>\n<td align=\"LEFT\">5707335383154<\/td>\n<\/tr>\n<tr>\n<td align=\"LEFT\" height=\"18\">couleur :<\/td>\n<td align=\"LEFT\">willow green<\/td>\n<\/tr>\n<tr>\n<td align=\"LEFT\" height=\"18\">taille :<\/td>\n<td align=\"LEFT\">S<\/td>\n<\/tr>\n<tr>\n<td align=\"LEFT\" height=\"18\">Herstellernummer:<\/td>\n<td align=\"LEFT\">13011182903<\/td>\n<\/tr>\n<tr>\n<td align=\"LEFT\" height=\"18\">Marke:<\/td>\n<td align=\"LEFT\">H\u00e4rkila<\/td>\n<\/tr>\n<tr>\n<td align=\"LEFT\" height=\"18\">mat\u00e9riel :<\/td>\n<td align=\"LEFT\">95% polyester, 5% spandex<\/td>\n<\/tr>\n<tr>\n<td align=\"LEFT\" height=\"18\">Produktart:<\/td>\n<td align=\"LEFT\">Jacke &amp; Weste<\/td>\n<\/tr>\n<tr>\n<td align=\"LEFT\" height=\"18\">Technologie:<\/td>\n<td align=\"LEFT\">ArcStretch\u2122<\/td>\n<\/tr>\n<\/tbody>\n<\/table>","protected":false},"featured_media":78144,"comment_status":"open","ping_status":"closed","template":"","meta":{"_seopress_robots_primary_cat":"","_seopress_titles_title":"","_seopress_titles_desc":"","_seopress_robots_index":""},"product_brand":[],"product_cat":[1345,1363,1413],"product_tag":[],"class_list":{"0":"post-78016","1":"product","2":"type-product","3":"status-publish","4":"has-post-thumbnail","6":"product_cat-herrenmode","7":"product_cat-jacken-maentel-herrenmode","8":"product_cat-fleecejacken","9":"product_shipping_class-standard-versand","11":"first","12":"instock","13":"sale","14":"taxable","15":"shipping-taxable","16":"purchasable","17":"product-type-simple"},"_links":{"self":[{"href":"https:\/\/www.soanam.de\/fr\/wp-json\/wp\/v2\/product\/78016","targetHints":{"allow":["GET"]}}],"collection":[{"href":"https:\/\/www.soanam.de\/fr\/wp-json\/wp\/v2\/product"}],"about":[{"href":"https:\/\/www.soanam.de\/fr\/wp-json\/wp\/v2\/types\/product"}],"replies":[{"embeddable":true,"href":"https:\/\/www.soanam.de\/fr\/wp-json\/wp\/v2\/comments?post=78016"}],"wp:featuredmedia":[{"embeddable":true,"href":"https:\/\/www.soanam.de\/fr\/wp-json\/wp\/v2\/media\/78144"}],"wp:attachment":[{"href":"https:\/\/www.soanam.de\/fr\/wp-json\/wp\/v2\/media?parent=78016"}],"wp:term":[{"taxonomy":"product_brand","embeddable":true,"href":"https:\/\/www.soanam.de\/fr\/wp-json\/wp\/v2\/product_brand?post=78016"},{"taxonomy":"product_cat","embeddable":true,"href":"https:\/\/www.soanam.de\/fr\/wp-json\/wp\/v2\/product_cat?post=78016"},{"taxonomy":"product_tag","embeddable":true,"href":"https:\/\/www.soanam.de\/fr\/wp-json\/wp\/v2\/product_tag?post=78016"}],"curies":[{"name":"wp","href":"https:\/\/api.w.org\/{rel}","templated":true}]}}