{"id":77970,"date":"2023-12-13T21:04:13","date_gmt":"2023-12-13T20:04:13","guid":{"rendered":"https:\/\/www.soanam.de\/?post_type=product&#038;p=77970"},"modified":"2023-12-13T21:07:06","modified_gmt":"2023-12-13T20:07:06","slug":"khujo-manteau-matelasse-toots-cordon-de-serrage-a-la-capuche-col-tricote-interieur-xl","status":"publish","type":"product","link":"https:\/\/www.soanam.de\/fr\/produkt\/khujo-steppmantel-toots-kordelzug-an-der-kapuze-innenliegender-strickkragen-xl\/","title":{"rendered":"Khujo Manteau matelass\u00e9 \"TOOTS\" Cordon de serrage \u00e0 la capuche, col tricot\u00e9 \u00e0 l'int\u00e9rieur, XL"},"content":{"rendered":"<h3>D\u00e9tails du produit<\/h3>\n<p>cordon de serrage sur la capuche<br \/>\nAvec col en tricot \u00e0 l'int\u00e9rieur<br \/>\nempi\u00e8cements en tricot sur les manches<br \/>\nfermeture \u00e9clair \u00e0 double sens<br \/>\nAvec de grandes poches \u00e0 fermeture \u00e9clair et une poche int\u00e9rieure<\/p>\n<p>Le manteau matelass\u00e9 khujo TOOTS avec cordon de serrage \u00e0 la capuche est le compagnon id\u00e9al de l'automne. Le manteau court l\u00e9ger avec fermeture \u00e9clair \u00e0 double sens a un col en tricot \u00e0 l'int\u00e9rieur et des empi\u00e8cements en tricot sur les manches. Les grandes poches zipp\u00e9es et la poche int\u00e9rieure refermable offrent suffisamment d'espace de rangement pour les d\u00e9placements.<\/p>\n<p>Taille : XL (44)<br \/>\nType de taille : Taille normale<br \/>\nComposition du mat\u00e9riau<br \/>\nMat\u00e9riau ext\u00e9rieur : 100% polyester. Tissu int\u00e9rieur : 100% polyester. Insert : 97% polyester, 3% \u00e9lasthanne. Rembourrage : 100% polyester<br \/>\nRemarque sur les mat\u00e9riaux : contient des parties non textiles d'origine animale.<br \/>\nPropri\u00e9t\u00e9s mat\u00e9rielles : r\u00e9chauffant<br \/>\nConseils d'entretien : Lavage en machine<br \/>\nAspect : \u00e0 motifs<br \/>\nstyle : d\u00e9contract\u00e9<br \/>\nNom de la couleur du fabricant : bleu-gris<br \/>\ncouleur : bleu<br \/>\ncol : col en tricot<br \/>\nManches : Manches longues<br \/>\nd\u00e9tails des manches : ins\u00e9r\u00e9s<br \/>\nBas des manches : bord surpiqu\u00e9<br \/>\nFinition du torse : bord piqu\u00e9<br \/>\ncoupe : \u00e9pousant la silhouette<br \/>\nForme du fabricant : normale<br \/>\nD\u00e9tails de la capuche : avec cordon de serrage<br \/>\nDoublure de la capuche : doubl\u00e9e<br \/>\nLes applications : Badges<br \/>\nles poches : Poches \u00e0 fermeture \u00e9clair<br \/>\nfermeture : fermeture \u00e9clair<br \/>\nCaract\u00e9ristiques : avec cordon de serrage \u00e0 la capuche<br \/>\nLongueur des manches : dans la taille S (36) env. 64 cm<br \/>\nLongueur du dos : dans la taille S (36) env. 86 cm<\/p>","protected":false},"excerpt":{"rendered":"<h3>Caract\u00e9ristiques de l'article<\/h3>\n<p>\u00c9tat de l'article : Nouveau avec \u00e9tiquette : article neuf, non utilis\u00e9 et non port\u00e9 dans son emballage d'origine<\/p>\n<table border=\"0\" frame=\"VOID\" rules=\"NONE\" cellspacing=\"0\">\n<colgroup>\n<col width=\"137\" \/>\n<col width=\"267\" \/><\/colgroup>\n<tbody>\n<tr>\n<td align=\"LEFT\" width=\"137\" height=\"18\">Abteilung:<\/td>\n<td align=\"LEFT\" width=\"267\">Damen<\/td>\n<\/tr>\n<tr>\n<td align=\"LEFT\" height=\"18\">Akzente:<\/td>\n<td align=\"LEFT\">Kordelzug<\/td>\n<\/tr>\n<tr>\n<td align=\"LEFT\" height=\"18\">Anlass:<\/td>\n<td align=\"LEFT\">Freizeit<\/td>\n<\/tr>\n<tr>\n<td align=\"LEFT\" height=\"18\">Au\u00dfenmaterial:<\/td>\n<td align=\"LEFT\">97% polyester, 3% \u00e9lasthanne<\/td>\n<\/tr>\n<tr>\n<td align=\"LEFT\" height=\"18\">Particularit\u00e9s :<\/td>\n<td align=\"LEFT\">Strickkragen<\/td>\n<\/tr>\n<tr>\n<td align=\"LEFT\" height=\"18\">Charakter:<\/td>\n<td align=\"LEFT\">ohne<\/td>\n<\/tr>\n<tr>\n<td align=\"LEFT\" height=\"17\">EAN:<\/td>\n<td align=\"LEFT\">4062493140775<\/td>\n<\/tr>\n<tr>\n<td align=\"LEFT\" height=\"18\">couleur :<\/td>\n<td align=\"LEFT\">Blau Grau<\/td>\n<\/tr>\n<tr>\n<td align=\"LEFT\" height=\"18\">Futtermaterial:<\/td>\n<td align=\"LEFT\">Polyester<\/td>\n<\/tr>\n<tr>\n<td align=\"LEFT\" height=\"18\">Gewebeart:<\/td>\n<td align=\"LEFT\">ohne Angabe<\/td>\n<\/tr>\n<tr>\n<td align=\"LEFT\" height=\"18\">taille :<\/td>\n<td align=\"LEFT\">44<\/td>\n<\/tr>\n<tr>\n<td align=\"LEFT\" height=\"18\">Gr\u00f6\u00dfenkategorie:<\/td>\n<td align=\"LEFT\">Normalgr\u00f6\u00dfe<\/td>\n<\/tr>\n<tr>\n<td align=\"LEFT\" height=\"18\">Isoliermaterial:<\/td>\n<td align=\"LEFT\">Polyester<\/td>\n<\/tr>\n<tr>\n<td align=\"LEFT\" height=\"18\">Jacken-\/Mantell\u00e4nge:<\/td>\n<td align=\"LEFT\">Halblang<\/td>\n<\/tr>\n<tr>\n<td align=\"LEFT\" height=\"18\">Jahreszeit:<\/td>\n<td align=\"LEFT\">Herbst, Winter<\/td>\n<\/tr>\n<tr>\n<td align=\"LEFT\" height=\"18\">Marke:<\/td>\n<td align=\"LEFT\">Khujo<\/td>\n<\/tr>\n<tr>\n<td align=\"LEFT\" height=\"18\">Modell:<\/td>\n<td align=\"LEFT\">Toots<\/td>\n<\/tr>\n<tr>\n<td align=\"LEFT\" height=\"18\">\u00e9chantillon :<\/td>\n<td align=\"LEFT\">Ohne Muster<\/td>\n<\/tr>\n<tr>\n<td align=\"LEFT\" height=\"18\">Produktart:<\/td>\n<td align=\"LEFT\">Jacke<\/td>\n<\/tr>\n<tr>\n<td align=\"LEFT\" height=\"18\">Stil:<\/td>\n<td align=\"LEFT\">Steppjacke<\/td>\n<\/tr>\n<tr>\n<td align=\"LEFT\" height=\"18\">Thema:<\/td>\n<td align=\"LEFT\">Outdoor<\/td>\n<\/tr>\n<tr>\n<td align=\"LEFT\" height=\"18\">Verschluss:<\/td>\n<td align=\"LEFT\">Fermeture \u00e0 glissi\u00e8re<\/td>\n<\/tr>\n<tr>\n<td align=\"LEFT\" height=\"18\">Vintage:<\/td>\n<td align=\"LEFT\">Nein<\/td>\n<\/tr>\n<\/tbody>\n<\/table>","protected":false},"featured_media":78085,"comment_status":"open","ping_status":"closed","template":"","meta":{"_seopress_robots_primary_cat":"","_seopress_titles_title":"","_seopress_titles_desc":"","_seopress_robots_index":""},"product_brand":[],"product_cat":[1348,1354,1376],"product_tag":[],"class_list":{"0":"post-77970","1":"product","2":"type-product","3":"status-publish","4":"has-post-thumbnail","6":"product_cat-damen-mode","7":"product_cat-jacken-maentel","8":"product_cat-daunenjacken-steppjacken","9":"product_shipping_class-standard-versand","11":"first","12":"instock","13":"sale","14":"taxable","15":"shipping-taxable","16":"purchasable","17":"product-type-simple"},"_links":{"self":[{"href":"https:\/\/www.soanam.de\/fr\/wp-json\/wp\/v2\/product\/77970","targetHints":{"allow":["GET"]}}],"collection":[{"href":"https:\/\/www.soanam.de\/fr\/wp-json\/wp\/v2\/product"}],"about":[{"href":"https:\/\/www.soanam.de\/fr\/wp-json\/wp\/v2\/types\/product"}],"replies":[{"embeddable":true,"href":"https:\/\/www.soanam.de\/fr\/wp-json\/wp\/v2\/comments?post=77970"}],"wp:featuredmedia":[{"embeddable":true,"href":"https:\/\/www.soanam.de\/fr\/wp-json\/wp\/v2\/media\/78085"}],"wp:attachment":[{"href":"https:\/\/www.soanam.de\/fr\/wp-json\/wp\/v2\/media?parent=77970"}],"wp:term":[{"taxonomy":"product_brand","embeddable":true,"href":"https:\/\/www.soanam.de\/fr\/wp-json\/wp\/v2\/product_brand?post=77970"},{"taxonomy":"product_cat","embeddable":true,"href":"https:\/\/www.soanam.de\/fr\/wp-json\/wp\/v2\/product_cat?post=77970"},{"taxonomy":"product_tag","embeddable":true,"href":"https:\/\/www.soanam.de\/fr\/wp-json\/wp\/v2\/product_tag?post=77970"}],"curies":[{"name":"wp","href":"https:\/\/api.w.org\/{rel}","templated":true}]}}