{"id":77786,"date":"2023-12-13T21:00:25","date_gmt":"2023-12-13T20:00:25","guid":{"rendered":"https:\/\/www.soanam.de\/?post_type=product&#038;p=77786"},"modified":"2023-12-13T21:02:47","modified_gmt":"2023-12-13T20:02:47","slug":"susanne-goehlich-bettzeit-ists-gebundene-ausgabe-2013-deutsch","status":"publish","type":"product","link":"https:\/\/www.soanam.de\/fr\/produkt\/susanne-goehlich-bettzeit-ists-gebundene-ausgabe-2013-deutsch\/","title":{"rendered":"Susanne G\u00f6hlich - Bettzeit ist's, \u00e9dition reli\u00e9e 2013, allemand"},"content":{"rendered":"<h3><strong>Description du produit<\/strong><\/h3>\n<p><strong>Pappbilderbuch<\/strong><\/p>\n<p>\u00bbDem Eisb\u00e4r ist\u2019s mal wieder warm, aus dem K\u00fchlschrank h\u00e4ngt sein Arm.\u00ab<\/p>\n<p>Lena w\u00fcrde ja gerne ins Bett gehen, aber ihre Kuscheltiere sind nicht da. Das Schwein spielt noch mit der Eisenbahn, Entchen Anne schnattert in der Badewanne und das Pferd trinkt Nudelwasser auf dem Herd. So muss sie erst einmal ein Kuscheltier nach dem anderen suchen und bettfertig machen, bis es endlich hei\u00dfen kann: Jetzt sind alle Tiere da und kuscheln \u2013 wunderbar.<br \/>\nEin charmantes und fr\u00f6hliches Pappbilderbuch zu einer Situation, die alle Kinder samt den vielf\u00e4ltigen Verz\u00f6gerungstaktiken kennen.<\/p>\n<p><strong>D\u00e9tails du produit<\/strong><\/p>\n<p>Reliure : \u00e9dition reli\u00e9e<br \/>\nSeitenzahl: 22<br \/>\nAltersempfehlung: 2 - 4 Jahr(e)<br \/>\nErscheinungsdatum: 04.03.2013<br \/>\nLangue : Allemand<br \/>\nISBN: 978-3-89565-258-5<br \/>\nVerlag: Moritz<br \/>\nMa\u00dfe (L\/B\/H): 17,2\/17\/1,7 cm<br \/>\nGewicht: 231 g<br \/>\nAbbildungen: mit zahlreichen bunten Bildern<br \/>\n\u00c9dition : 6e \u00e9dition<br \/>\nIllustrator: Susanne G\u00f6hlich<\/p>","protected":false},"excerpt":{"rendered":"<h3><strong>Caract\u00e9ristiques de l'article<\/strong><\/h3>\n<p>Artikelzustand: Neu - Neues, ungelesenes, ungebrauchtes Buch in makellosem Zustand<\/p>\n<table style=\"border-collapse: collapse;width: 432pt\" width=\"576\">\n<tbody>\n<tr style=\"height: 15.0pt\">\n<td class=\"xl65\" style=\"width: 193pt;height: 15.0pt\" width=\"257\" height=\"20\">Altersempfehlung:<\/td>\n<td class=\"xl65\" style=\"width: 239pt\" width=\"319\">2-4 Jahre<\/td>\n<\/tr>\n<tr style=\"height: 15.0pt\">\n<td style=\"height: 15.0pt\" height=\"20\">Anzahl der Seiten:<\/td>\n<td>22 Seiten<\/td>\n<\/tr>\n<tr style=\"height: 15.0pt\">\n<td class=\"xl65\" style=\"height: 15.0pt\" height=\"20\">Autor:<\/td>\n<td class=\"xl65\">Susanne G\u00f6hlich<\/td>\n<\/tr>\n<tr style=\"height: 15.0pt\">\n<td class=\"xl65\" style=\"height: 15.0pt\" height=\"20\">Buchtitel:<\/td>\n<td class=\"xl65\">Bettzeit Ist's<\/td>\n<\/tr>\n<tr style=\"height: 15.0pt\">\n<td class=\"xl65\" style=\"height: 15.0pt\" height=\"20\">Caract\u00e9ristiques :<\/td>\n<td class=\"xl65\">Illustriert<\/td>\n<\/tr>\n<tr style=\"height: 15.0pt\">\n<td class=\"xl65\" style=\"height: 15.0pt\" height=\"20\">Epoche:<\/td>\n<td class=\"xl65\">2010er<\/td>\n<\/tr>\n<tr style=\"height: 15.0pt\">\n<td class=\"xl65\" style=\"height: 15.0pt\" height=\"20\">Erscheinungsjahr:<\/td>\n<td class=\"xl65\">2013<\/td>\n<\/tr>\n<tr style=\"height: 15.0pt\">\n<td class=\"xl65\" style=\"height: 15.0pt\" height=\"20\">Format:<\/td>\n<td class=\"xl65\">Kartonbuch<\/td>\n<\/tr>\n<tr style=\"height: 15.0pt\">\n<td class=\"xl65\" style=\"height: 15.0pt\" height=\"20\">Herstellungsland und -region:<\/td>\n<td class=\"xl65\">Allemagne<\/td>\n<\/tr>\n<tr style=\"height: 15.0pt\">\n<td class=\"xl65\" style=\"height: 15.0pt\" height=\"20\">Illustrator:<\/td>\n<td class=\"xl65\">Susanne G\u00f6hlich<\/td>\n<\/tr>\n<tr style=\"height: 15.0pt\">\n<td class=\"xl65\" style=\"height: 15.0pt\" height=\"20\">ISBN:<\/td>\n<td class=\"xl65\">9783895652585<\/td>\n<\/tr>\n<tr style=\"height: 15.0pt\">\n<td class=\"xl65\" style=\"height: 15.0pt\" height=\"20\">Produktart:<\/td>\n<td class=\"xl65\">Bilder-\/Wimmelbuch<\/td>\n<\/tr>\n<tr style=\"height: 15.0pt\">\n<td class=\"xl65\" style=\"height: 15.0pt\" height=\"20\">Sprache:<\/td>\n<td class=\"xl65\">Allemand<\/td>\n<\/tr>\n<tr style=\"height: 15.0pt\">\n<td class=\"xl65\" style=\"height: 15.0pt\" height=\"20\">Thema:<\/td>\n<td class=\"xl65\">Enfants<\/td>\n<\/tr>\n<tr style=\"height: 15.0pt\">\n<td class=\"xl65\" style=\"height: 15.0pt\" height=\"20\">Themenbereich:<\/td>\n<td class=\"xl65\">Eltern, Ehe &amp; Familie<\/td>\n<\/tr>\n<tr style=\"height: 15.0pt\">\n<td class=\"xl65\" style=\"height: 15.0pt\" height=\"20\">Verlag:<\/td>\n<td class=\"xl65\">Moritz, Moritz Verlag-Gmbh<\/td>\n<\/tr>\n<\/tbody>\n<\/table>","protected":false},"featured_media":77895,"comment_status":"open","ping_status":"closed","template":"","meta":{"_seopress_robots_primary_cat":"","_seopress_titles_title":"","_seopress_titles_desc":"","_seopress_robots_index":""},"product_brand":[],"product_cat":[1428,1431,1432],"product_tag":[],"class_list":{"0":"post-77786","1":"product","2":"type-product","3":"status-publish","4":"has-post-thumbnail","6":"product_cat-buecher","7":"product_cat-kinder","8":"product_cat-bilderbuecher","9":"product_shipping_class-standard-versand","11":"first","12":"instock","13":"taxable","14":"shipping-taxable","15":"purchasable","16":"product-type-simple"},"_links":{"self":[{"href":"https:\/\/www.soanam.de\/fr\/wp-json\/wp\/v2\/product\/77786","targetHints":{"allow":["GET"]}}],"collection":[{"href":"https:\/\/www.soanam.de\/fr\/wp-json\/wp\/v2\/product"}],"about":[{"href":"https:\/\/www.soanam.de\/fr\/wp-json\/wp\/v2\/types\/product"}],"replies":[{"embeddable":true,"href":"https:\/\/www.soanam.de\/fr\/wp-json\/wp\/v2\/comments?post=77786"}],"wp:featuredmedia":[{"embeddable":true,"href":"https:\/\/www.soanam.de\/fr\/wp-json\/wp\/v2\/media\/77895"}],"wp:attachment":[{"href":"https:\/\/www.soanam.de\/fr\/wp-json\/wp\/v2\/media?parent=77786"}],"wp:term":[{"taxonomy":"product_brand","embeddable":true,"href":"https:\/\/www.soanam.de\/fr\/wp-json\/wp\/v2\/product_brand?post=77786"},{"taxonomy":"product_cat","embeddable":true,"href":"https:\/\/www.soanam.de\/fr\/wp-json\/wp\/v2\/product_cat?post=77786"},{"taxonomy":"product_tag","embeddable":true,"href":"https:\/\/www.soanam.de\/fr\/wp-json\/wp\/v2\/product_tag?post=77786"}],"curies":[{"name":"wp","href":"https:\/\/api.w.org\/{rel}","templated":true}]}}