{"id":77760,"date":"2023-12-13T20:59:58","date_gmt":"2023-12-13T19:59:58","guid":{"rendered":"https:\/\/www.soanam.de\/?post_type=product&#038;p=77760"},"modified":"2023-12-13T21:02:33","modified_gmt":"2023-12-13T20:02:33","slug":"veste-legere-en-laine-polaire-pour-hommes-pure-laine-merinos-bio-bordeaux-gr-48","status":"publish","type":"product","link":"https:\/\/www.soanam.de\/fr\/produkt\/leichte-herren-wollefleece-jacke-aus-reiner-bio-merinowolle-bordeauxrot-gr-48\/","title":{"rendered":"Veste l\u00e9g\u00e8re en laine polaire pour hommes, pure laine m\u00e9rinos bio, rouge bordeaux, taille 48"},"content":{"rendered":"<div><span style=\"font-family: Arial;\"><b>D\u00e9tails<\/b><\/span><\/div>\n<div><span style=\"font-family: Arial;\">laine m\u00e9rinos issue de l'\u00e9levage biologique contr\u00f4l\u00e9<\/span><\/div>\n<div><span style=\"font-family: Arial;\">Doux, l\u00e9ger et respirant<\/span><\/div>\n<div><span style=\"font-family: Arial;\">Coutures flatlock sportives<\/span><\/div>\n<div><span style=\"font-family: Arial;\">Zip avec coupe-vent<\/span><\/div>\n<div><span style=\"font-family: Arial;\">Double col montant<\/span><\/div>\n<div><span style=\"font-family: Arial;\">Poches lat\u00e9rales zipp\u00e9es<\/span><\/div>\n<div><span style=\"font-family: Arial;\"><b>\u00a0<\/b><\/span><\/div>\n<div><span style=\"font-family: Arial;\"><b>Mat\u00e9riau<\/b><\/span><\/div>\n<div><span style=\"font-family: Arial;\">100% Laine vierge<\/span><\/div>\n<div><span style=\"font-family: Arial;\">issus de l'\u00e9levage biologique<\/span><\/div>\n<div><span style=\"font-family: Arial;\"><b>\u00a0<\/b><\/span><\/div>\n<div><span style=\"font-family: Arial;\"><b>Soins<\/b><\/span><\/div>\n<div><span style=\"font-family: Arial;\">Lavage de la laine recommand\u00e9<\/span><\/div>","protected":false},"excerpt":{"rendered":"<h3>Caract\u00e9ristiques de l'article<\/h3>\n<p>\u00c9tat de l'article : Nouveau avec \u00e9tiquette : article neuf, non utilis\u00e9 et non port\u00e9 dans son emballage d'origine<\/p>\n<table border=\"0\" frame=\"VOID\" rules=\"NONE\" cellspacing=\"0\">\n<colgroup>\n<col width=\"118\" \/>\n<col width=\"259\" \/><\/colgroup>\n<tbody>\n<tr>\n<td align=\"LEFT\" width=\"118\" height=\"17\">Abteilung:<\/td>\n<td align=\"LEFT\" width=\"259\">Herren<\/td>\n<\/tr>\n<tr>\n<td align=\"LEFT\" height=\"17\">Aktivit\u00e4t:<\/td>\n<td align=\"LEFT\">Spazieren<\/td>\n<\/tr>\n<tr>\n<td align=\"LEFT\" height=\"17\">Anlass:<\/td>\n<td align=\"LEFT\">Freizeit<\/td>\n<\/tr>\n<tr>\n<td align=\"LEFT\" height=\"17\">Au\u00dfenmaterial:<\/td>\n<td align=\"LEFT\">Schurwolle<\/td>\n<\/tr>\n<tr>\n<td align=\"LEFT\" height=\"17\">Particularit\u00e9s :<\/td>\n<td align=\"LEFT\">aus kontrollierter biologischer Tierhaltung<\/td>\n<\/tr>\n<tr>\n<td align=\"LEFT\" height=\"17\">Charakter:<\/td>\n<td align=\"LEFT\">ohne<\/td>\n<\/tr>\n<tr>\n<td align=\"LEFT\" height=\"17\">EAN:<\/td>\n<td align=\"LEFT\">nichtzutreffend<\/td>\n<\/tr>\n<tr>\n<td align=\"LEFT\" height=\"17\">couleur :<\/td>\n<td align=\"LEFT\">Rouge bordeaux<\/td>\n<\/tr>\n<tr>\n<td align=\"LEFT\" height=\"17\">Futtermaterial:<\/td>\n<td align=\"LEFT\">nicht zutreffend<\/td>\n<\/tr>\n<tr>\n<td align=\"LEFT\" height=\"17\">Gewebeart:<\/td>\n<td align=\"LEFT\">Polaire<\/td>\n<\/tr>\n<tr>\n<td align=\"LEFT\" height=\"17\">taille :<\/td>\n<td style=\"text-align: left;\" align=\"RIGHT\">48<\/td>\n<\/tr>\n<tr>\n<td align=\"LEFT\" height=\"17\">Gr\u00f6\u00dfenkategorie:<\/td>\n<td align=\"LEFT\">Normalgr\u00f6\u00dfe<\/td>\n<\/tr>\n<tr>\n<td align=\"LEFT\" height=\"17\">Isoliermaterial:<\/td>\n<td align=\"LEFT\">nicht zutreffend<\/td>\n<\/tr>\n<tr>\n<td align=\"LEFT\" height=\"17\">Jahreszeit:<\/td>\n<td align=\"LEFT\">Fr\u00fchling, Herbst<\/td>\n<\/tr>\n<tr>\n<td align=\"LEFT\" height=\"17\">Marke:<\/td>\n<td align=\"LEFT\">Hessnatur<\/td>\n<\/tr>\n<tr>\n<td align=\"LEFT\" height=\"17\">Modell:<\/td>\n<td align=\"LEFT\">ohne Angabe<\/td>\n<\/tr>\n<tr>\n<td align=\"LEFT\" height=\"17\">\u00e9chantillon :<\/td>\n<td align=\"LEFT\">Ohne Muster<\/td>\n<\/tr>\n<tr>\n<td align=\"LEFT\" height=\"17\">Produktart:<\/td>\n<td align=\"LEFT\">Jacke<\/td>\n<\/tr>\n<tr>\n<td align=\"LEFT\" height=\"17\">Stil:<\/td>\n<td align=\"LEFT\">Fleecejacke<\/td>\n<\/tr>\n<tr>\n<td align=\"LEFT\" height=\"17\">Thema:<\/td>\n<td align=\"LEFT\">nat\u00fcrliche Qualit\u00e4t<\/td>\n<\/tr>\n<tr>\n<td align=\"LEFT\" height=\"17\">Verschluss:<\/td>\n<td align=\"LEFT\">Fermeture \u00e0 glissi\u00e8re<\/td>\n<\/tr>\n<tr>\n<td align=\"LEFT\" height=\"17\">Vintage:<\/td>\n<td align=\"LEFT\">Nein<\/td>\n<\/tr>\n<\/tbody>\n<\/table>","protected":false},"featured_media":77883,"comment_status":"open","ping_status":"closed","template":"","meta":{"_seopress_robots_primary_cat":"","_seopress_titles_title":"","_seopress_titles_desc":"","_seopress_robots_index":""},"product_brand":[],"product_cat":[1345,1363,1413],"product_tag":[],"class_list":{"0":"post-77760","1":"product","2":"type-product","3":"status-publish","4":"has-post-thumbnail","6":"product_cat-herrenmode","7":"product_cat-jacken-maentel-herrenmode","8":"product_cat-fleecejacken","9":"product_shipping_class-standard-versand","11":"first","12":"instock","13":"sale","14":"taxable","15":"shipping-taxable","16":"purchasable","17":"product-type-simple"},"_links":{"self":[{"href":"https:\/\/www.soanam.de\/fr\/wp-json\/wp\/v2\/product\/77760","targetHints":{"allow":["GET"]}}],"collection":[{"href":"https:\/\/www.soanam.de\/fr\/wp-json\/wp\/v2\/product"}],"about":[{"href":"https:\/\/www.soanam.de\/fr\/wp-json\/wp\/v2\/types\/product"}],"replies":[{"embeddable":true,"href":"https:\/\/www.soanam.de\/fr\/wp-json\/wp\/v2\/comments?post=77760"}],"wp:featuredmedia":[{"embeddable":true,"href":"https:\/\/www.soanam.de\/fr\/wp-json\/wp\/v2\/media\/77883"}],"wp:attachment":[{"href":"https:\/\/www.soanam.de\/fr\/wp-json\/wp\/v2\/media?parent=77760"}],"wp:term":[{"taxonomy":"product_brand","embeddable":true,"href":"https:\/\/www.soanam.de\/fr\/wp-json\/wp\/v2\/product_brand?post=77760"},{"taxonomy":"product_cat","embeddable":true,"href":"https:\/\/www.soanam.de\/fr\/wp-json\/wp\/v2\/product_cat?post=77760"},{"taxonomy":"product_tag","embeddable":true,"href":"https:\/\/www.soanam.de\/fr\/wp-json\/wp\/v2\/product_tag?post=77760"}],"curies":[{"name":"wp","href":"https:\/\/api.w.org\/{rel}","templated":true}]}}