{"id":77583,"date":"2023-12-13T20:56:07","date_gmt":"2023-12-13T19:56:07","guid":{"rendered":"https:\/\/www.soanam.de\/?post_type=product&#038;p=77583"},"modified":"2023-12-13T20:59:15","modified_gmt":"2023-12-13T19:59:15","slug":"a-plus-neubearbeitung-1-und-2-fremdsprache-band-1-vokabeltaschenbuch","status":"publish","type":"product","link":"https:\/\/www.soanam.de\/fr\/produkt\/a-plus-neubearbeitung-1-und-2-fremdsprache-band-1-vokabeltaschenbuch\/","title":{"rendered":"\u00c0 plus ! Neue Bearbeitung - 1. und 2. Fremdsprache - Band 1 Vokabeltaschenbuch"},"content":{"rendered":"<h3><strong>Description du produit<\/strong><\/h3>\n<p>Der Lernwortschatz zum eigenst\u00e4ndigen Lernen und \u00dcben im Hosentaschenformat!<br \/>\nDer gesamte Wortschatz aus dem Sch\u00fclerband<br \/>\nMit Wortschatz f\u00fcr das Dialogtraining: Les mots pour le dire<br \/>\nMit Themenwortschatz, Merkk\u00e4sten und Eselsbr\u00fccken<br \/>\nIdeal zum Wiederholen und Lernen unterwegs<\/p>\n<p><strong>D\u00e9tails<\/strong><br \/>\nCouverture : Livre de poche<br \/>\nSeitenzahl: 112<br \/>\nErscheinungsdatum: 28.07.2020<br \/>\nLangue : allemand, fran\u00e7ais<br \/>\nISBN: 978-3-06-122306-9<br \/>\nS\u00e9rie : \u00c0 plus ! Nouvelle \u00e9dition. 1\u00e8re et 2\u00e8me langue \u00e9trang\u00e8re<br \/>\nMaison d'\u00e9dition : Cornelsen Verlag<br \/>\nMa\u00dfe (L\/B\/H): 17\/11,5\/0,7 cm<br \/>\nGewicht: 99 g<br \/>\nIllustrations : nombreuses illustrations<br \/>\nFormes d'enseignement : Gesamtschule, \u00e9cole primaire, lyc\u00e9e, coll\u00e8ge, \u00e9cole secondaire<br \/>\nNiveaux de classe : 5e ann\u00e9e, 6e ann\u00e9e<br \/>\nMati\u00e8res enseign\u00e9es : Fran\u00e7ais<br \/>\nL\u00e4nder : Bade-Wurtemberg, Berlin, Brandebourg, Br\u00eame, Hambourg, Hesse, Mecklembourg-Pom\u00e9ranie occidentale, Basse-Saxe, Rh\u00e9nanie du Nord-Westphalie, Rh\u00e9nanie-Palatinat, Sarre, Saxe, Saxe-Anhalt, Schleswig-Holstein, Thuringe<\/p>","protected":false},"excerpt":{"rendered":"<h3><strong>Caract\u00e9ristiques de l'article<\/strong><\/h3>\n<p><span style=\"font-weight: 400\">Artikelzustand: Neu - Neues, ungelesenes, ungebrauchtes Buch in makellosem Zustand<br \/>\n<\/span><\/p>\n<table style=\"border-collapse: collapse;width: 924pt\" width=\"1232\">\n<tbody>\n<tr style=\"height: 15.0pt\">\n<td style=\"width: 485pt;height: 15.0pt\" width=\"647\" height=\"20\">Anzahl der Seiten:<\/td>\n<td style=\"width: 439pt\" width=\"585\">112 Seiten<\/td>\n<\/tr>\n<tr style=\"height: 15.0pt\">\n<td style=\"height: 15.0pt\" height=\"20\">Ausgangssprache:<\/td>\n<td>Franz\u00f6sisch<\/td>\n<\/tr>\n<tr style=\"height: 15.0pt\">\n<td style=\"height: 15.0pt\" height=\"20\">Autor:<\/td>\n<td>inconnu<\/td>\n<\/tr>\n<tr style=\"height: 15.0pt\">\n<td style=\"height: 15.0pt\" height=\"20\">Erscheinungsjahr:<\/td>\n<td class=\"xl72\">2020<\/td>\n<\/tr>\n<tr style=\"height: 15.0pt\">\n<td style=\"height: 15.0pt\" height=\"20\">Fach:<\/td>\n<td>Franz\u00f6sisch<\/td>\n<\/tr>\n<tr style=\"height: 15.0pt\">\n<td style=\"height: 15.0pt\" height=\"20\">Fachbereich:<\/td>\n<td>Sprachenlernen<\/td>\n<\/tr>\n<tr style=\"height: 15.0pt\">\n<td style=\"height: 15.0pt\" height=\"20\">Format:<\/td>\n<td>Taschenbuch<\/td>\n<\/tr>\n<tr style=\"height: 15.0pt\">\n<td style=\"height: 15.0pt\" height=\"20\">ISBN:<\/td>\n<td class=\"xl72\">9783061223069<\/td>\n<\/tr>\n<tr style=\"height: 15.0pt\">\n<td style=\"height: 15.0pt\" height=\"20\">Niveau:<\/td>\n<td>Anf\u00e4nger<\/td>\n<\/tr>\n<tr style=\"height: 15.0pt\">\n<td style=\"height: 15.0pt\" height=\"20\">Produktart:<\/td>\n<td>Vokabelbuch<\/td>\n<\/tr>\n<tr style=\"height: 15.0pt\">\n<td style=\"height: 15.0pt\" height=\"20\">Publikationsname:<\/td>\n<td>\u00c0 Plus ! 1. und 2. Fremdsprache. Band 1- Vokabeltaschenbuch, Band 1-Vokabeltaschenbuch<\/td>\n<\/tr>\n<tr style=\"height: 15.0pt\">\n<td style=\"height: 15.0pt\" height=\"20\">Reihe:<\/td>\n<td>\u00c0 plus !<\/td>\n<\/tr>\n<tr style=\"height: 15.0pt\">\n<td style=\"height: 15.0pt\" height=\"20\">Sprache:<\/td>\n<td>Deutsch, Franz\u00f6sisch<\/td>\n<\/tr>\n<tr style=\"height: 15.0pt\">\n<td style=\"height: 15.0pt\" height=\"20\">Verlag:<\/td>\n<td>Cornelsen Verlag Gmbh, Cornelsen Verlag<\/td>\n<\/tr>\n<\/tbody>\n<\/table>\n<p>&nbsp;<\/p>","protected":false},"featured_media":77720,"comment_status":"open","ping_status":"closed","template":"","meta":{"_seopress_robots_primary_cat":"","_seopress_titles_title":"","_seopress_titles_desc":"","_seopress_robots_index":""},"product_brand":[],"product_cat":[1428,1429,1430],"product_tag":[],"class_list":{"0":"post-77583","1":"product","2":"type-product","3":"status-publish","4":"has-post-thumbnail","6":"product_cat-buecher","7":"product_cat-jugend","8":"product_cat-lehrbuecher","9":"product_shipping_class-standard-versand","11":"first","12":"instock","13":"taxable","14":"shipping-taxable","15":"purchasable","16":"product-type-simple"},"_links":{"self":[{"href":"https:\/\/www.soanam.de\/fr\/wp-json\/wp\/v2\/product\/77583","targetHints":{"allow":["GET"]}}],"collection":[{"href":"https:\/\/www.soanam.de\/fr\/wp-json\/wp\/v2\/product"}],"about":[{"href":"https:\/\/www.soanam.de\/fr\/wp-json\/wp\/v2\/types\/product"}],"replies":[{"embeddable":true,"href":"https:\/\/www.soanam.de\/fr\/wp-json\/wp\/v2\/comments?post=77583"}],"wp:featuredmedia":[{"embeddable":true,"href":"https:\/\/www.soanam.de\/fr\/wp-json\/wp\/v2\/media\/77720"}],"wp:attachment":[{"href":"https:\/\/www.soanam.de\/fr\/wp-json\/wp\/v2\/media?parent=77583"}],"wp:term":[{"taxonomy":"product_brand","embeddable":true,"href":"https:\/\/www.soanam.de\/fr\/wp-json\/wp\/v2\/product_brand?post=77583"},{"taxonomy":"product_cat","embeddable":true,"href":"https:\/\/www.soanam.de\/fr\/wp-json\/wp\/v2\/product_cat?post=77583"},{"taxonomy":"product_tag","embeddable":true,"href":"https:\/\/www.soanam.de\/fr\/wp-json\/wp\/v2\/product_tag?post=77583"}],"curies":[{"name":"wp","href":"https:\/\/api.w.org\/{rel}","templated":true}]}}