{"id":77353,"date":"2023-12-13T20:49:26","date_gmt":"2023-12-13T19:49:26","guid":{"rendered":"https:\/\/www.soanam.de\/?post_type=product&#038;p=77353"},"modified":"2023-12-13T20:53:52","modified_gmt":"2023-12-13T19:53:52","slug":"veste-polaire-haerkila-vindeln-dark-olive-gr-s-pour-les-loisirs-chasse-et-outdoor","status":"publish","type":"product","link":"https:\/\/www.soanam.de\/fr\/produkt\/haerkila-vindeln-fleecejacke-dark-olive-gr-s-fuer-freizeit-jagd-u-outdoor\/","title":{"rendered":"H\u00c4RKILA Vindeln Fleecejacke Dark olive Gr. S - pour les loisirs, la chasse et l'outdoor"},"content":{"rendered":"<h3>Description<\/h3>\n<p>Die Marke f\u00fcr J\u00e4ger und Waldm\u00e4nner aus Skandinavien ... ideal f\u00fcr Freizeit, Jagd u. Outdoor<\/p>\n<p>Veste r\u00e9sistante, respirante et d\u00e9perlante en polaire Polartec\u00ae Wind Pro\u00ae coupe-vent. Avec fermeture \u00e9clair \u00e0 double sens, poches de rangement avec fermeture \u00e9clair et cordon de serrage \u00e0 la taille.<\/p>\n<p><strong>mat\u00e9riel :<\/strong> La veste polaire est fabriqu\u00e9e en polyester 100%. Ce tissu a naturellement des propri\u00e9t\u00e9s de s\u00e9chage rapide et d'\u00e9vacuation de l'humidit\u00e9.<br \/>\nPolartec - Fleece: Das weiche Material des Marktf\u00fchrers f\u00fcr technisches Fleece zeichnet sich durch enorme Atmungsaktivit\u00e4t und ideale W\u00e4rmespeicherung aus.<br \/>\n<strong>Style de col :<\/strong> Col \u00e0 rubans<br \/>\n<strong>Protection contre le vent :<\/strong> Gr\u00e2ce au col montant et au rabat temp\u00eate sur la fermeture \u00e9clair centrale, le vent froid est repouss\u00e9 et le corps reste toujours au chaud.<br \/>\n<strong>Application :<\/strong> Gr\u00e2ce \u00e0 ses propri\u00e9t\u00e9s isolantes et respirantes, cette veste de chasse est id\u00e9ale comme veste de transition lorsque les temp\u00e9ratures sont plus froides pour la chasse, mais aussi pour la chasse physiquement exigeante en automne.<br \/>\n<strong>Caract\u00e9ristiques :<\/strong> La veste polaire a deux poches poitrine et deux poches lat\u00e9rales, chacune avec une fermeture \u00e9clair.<\/p>","protected":false},"excerpt":{"rendered":"<h3>Caract\u00e9ristiques de l'article<\/h3>\n<p>\u00c9tat de l'article : Nouveau avec \u00e9tiquette : article neuf, non utilis\u00e9 et non port\u00e9 dans son emballage d'origine<\/p>\n<p>Abteilung: Herren<br \/>\nEAN: 5707335127932<br \/>\nFarbe: dark olive<br \/>\nTaille : S<br \/>\nHerstellernummer: 13010587103<br \/>\nMarke: H\u00e4rkila<br \/>\nMat\u00e9riau : polyester 100%<br \/>\nProduktart: Jacke &amp; Weste<br \/>\nTechnologie: Polartec\u00ae<\/p>","protected":false},"featured_media":77502,"comment_status":"open","ping_status":"closed","template":"","meta":{"_seopress_robots_primary_cat":"","_seopress_titles_title":"","_seopress_titles_desc":"","_seopress_robots_index":""},"product_brand":[],"product_cat":[1345,1363,1413],"product_tag":[],"class_list":{"0":"post-77353","1":"product","2":"type-product","3":"status-publish","4":"has-post-thumbnail","6":"product_cat-herrenmode","7":"product_cat-jacken-maentel-herrenmode","8":"product_cat-fleecejacken","9":"product_shipping_class-standard-versand","11":"first","12":"instock","13":"sale","14":"taxable","15":"shipping-taxable","16":"purchasable","17":"product-type-simple"},"_links":{"self":[{"href":"https:\/\/www.soanam.de\/fr\/wp-json\/wp\/v2\/product\/77353","targetHints":{"allow":["GET"]}}],"collection":[{"href":"https:\/\/www.soanam.de\/fr\/wp-json\/wp\/v2\/product"}],"about":[{"href":"https:\/\/www.soanam.de\/fr\/wp-json\/wp\/v2\/types\/product"}],"replies":[{"embeddable":true,"href":"https:\/\/www.soanam.de\/fr\/wp-json\/wp\/v2\/comments?post=77353"}],"wp:featuredmedia":[{"embeddable":true,"href":"https:\/\/www.soanam.de\/fr\/wp-json\/wp\/v2\/media\/77502"}],"wp:attachment":[{"href":"https:\/\/www.soanam.de\/fr\/wp-json\/wp\/v2\/media?parent=77353"}],"wp:term":[{"taxonomy":"product_brand","embeddable":true,"href":"https:\/\/www.soanam.de\/fr\/wp-json\/wp\/v2\/product_brand?post=77353"},{"taxonomy":"product_cat","embeddable":true,"href":"https:\/\/www.soanam.de\/fr\/wp-json\/wp\/v2\/product_cat?post=77353"},{"taxonomy":"product_tag","embeddable":true,"href":"https:\/\/www.soanam.de\/fr\/wp-json\/wp\/v2\/product_tag?post=77353"}],"curies":[{"name":"wp","href":"https:\/\/api.w.org\/{rel}","templated":true}]}}