{"id":77293,"date":"2023-12-13T20:47:21","date_gmt":"2023-12-13T19:47:21","guid":{"rendered":"https:\/\/www.soanam.de\/?post_type=product&#038;p=77293"},"modified":"2023-12-13T20:52:08","modified_gmt":"2023-12-13T19:52:08","slug":"massimo-dutti-veste-en-cuir-veritable-pour-les-femmes-de-style-biker-noir-taille-m","status":"publish","type":"product","link":"https:\/\/www.soanam.de\/fr\/produkt\/massimo-dutti-echtlederjacke-fuer-frauen-im-bikerstil-schwarz-groesse-m\/","title":{"rendered":"Massimo Dutti - Veste en cuir v\u00e9ritable style motard pour femme, noir, taille M"},"content":{"rendered":"<h3>Description<\/h3>\n<p>Poches : Poches \u00e0 rabat<br \/>\nmotif : couleurs unies<br \/>\nAccents : Fermetures \u00e0 glissi\u00e8re<\/p>\n<h3>Mat\u00e9riaux &amp; conseils d'entretien<\/h3>\n<p>Mat\u00e9riau ext\u00e9rieur : 100% cuir<br \/>\nDoublure : 100% polyester<br \/>\nPartie non textile d'origine animale : oui<br \/>\nConseils d'entretien : Ne convient pas au s\u00e8che-linge, ne pas laver, ne pas repasser<\/p>\n<h3>Coupe<\/h3>\n<p>longueur totale : 54,8 cm en taille M<\/p>","protected":false},"excerpt":{"rendered":"<h3>Caract\u00e9ristiques de l'article<\/h3>\n<p>\u00c9tat de l'article : Nouveau avec \u00e9tiquette : article neuf, non utilis\u00e9 et non port\u00e9 dans son emballage d'origine<\/p>\n<p>Abteilung: Damen<br \/>\nAkzente: Rei\u00dfverschluss<br \/>\nAnlass: Business, Freizeit, Reise<br \/>\nAu\u00dfenmaterial: Leder<br \/>\nBesonderheiten: Durchgehender Rei\u00dfverschluss<br \/>\nCharakter: ohne<br \/>\nCouleur : Noir<br \/>\nFuttermaterial: Polyester<br \/>\nGewebeart: Leder<br \/>\nTaille : S<br \/>\nGr\u00f6\u00dfenkategorie: Normalgr\u00f6\u00dfe<br \/>\nIsoliermaterial: ohne<br \/>\nJacken-\/Mantell\u00e4nge: Kurz<br \/>\nJahreszeit: Fr\u00fchling, Herbst<br \/>\nMarke: Massimo Dutti<br \/>\nModell: Biker<br \/>\nMuster: Ohne Muster<br \/>\nProduktart: Jacke<br \/>\nStil: Biker<br \/>\nThema: Biker<br \/>\nfermeture : fermeture \u00e9clair<br \/>\nVintage: Nein<\/p>","protected":false},"featured_media":77432,"comment_status":"open","ping_status":"closed","template":"","meta":{"_seopress_robots_primary_cat":"","_seopress_titles_title":"","_seopress_titles_desc":"","_seopress_robots_index":""},"product_brand":[],"product_cat":[1348,1354,1405],"product_tag":[],"class_list":{"0":"post-77293","1":"product","2":"type-product","3":"status-publish","4":"has-post-thumbnail","6":"product_cat-damen-mode","7":"product_cat-jacken-maentel","8":"product_cat-lederjacken-jacken-maentel","9":"product_shipping_class-standard-versand","11":"first","12":"instock","13":"sale","14":"taxable","15":"shipping-taxable","16":"purchasable","17":"product-type-simple"},"_links":{"self":[{"href":"https:\/\/www.soanam.de\/fr\/wp-json\/wp\/v2\/product\/77293","targetHints":{"allow":["GET"]}}],"collection":[{"href":"https:\/\/www.soanam.de\/fr\/wp-json\/wp\/v2\/product"}],"about":[{"href":"https:\/\/www.soanam.de\/fr\/wp-json\/wp\/v2\/types\/product"}],"replies":[{"embeddable":true,"href":"https:\/\/www.soanam.de\/fr\/wp-json\/wp\/v2\/comments?post=77293"}],"wp:featuredmedia":[{"embeddable":true,"href":"https:\/\/www.soanam.de\/fr\/wp-json\/wp\/v2\/media\/77432"}],"wp:attachment":[{"href":"https:\/\/www.soanam.de\/fr\/wp-json\/wp\/v2\/media?parent=77293"}],"wp:term":[{"taxonomy":"product_brand","embeddable":true,"href":"https:\/\/www.soanam.de\/fr\/wp-json\/wp\/v2\/product_brand?post=77293"},{"taxonomy":"product_cat","embeddable":true,"href":"https:\/\/www.soanam.de\/fr\/wp-json\/wp\/v2\/product_cat?post=77293"},{"taxonomy":"product_tag","embeddable":true,"href":"https:\/\/www.soanam.de\/fr\/wp-json\/wp\/v2\/product_tag?post=77293"}],"curies":[{"name":"wp","href":"https:\/\/api.w.org\/{rel}","templated":true}]}}