{"id":77218,"date":"2023-12-13T20:43:26","date_gmt":"2023-12-13T19:43:26","guid":{"rendered":"https:\/\/www.soanam.de\/?post_type=product&#038;p=77218"},"modified":"2023-12-13T20:49:45","modified_gmt":"2023-12-13T19:49:45","slug":"vaude-mens-idris-3in1-parka-ii-winterparka-doppeljacke","status":"publish","type":"product","link":"https:\/\/www.soanam.de\/fr\/produkt\/vaude-mens-idris-3in1-parka-ii-winterparka-doppeljacke\/","title":{"rendered":"VAUDE - Men's Idris 3in1 Parka II, parka d'hiver, double veste"},"content":{"rendered":"<h3>D\u00e9tails<\/h3>\n<p>Vielseitige Doppeljacke zum Wandern<br \/>\nwasserdicht, winddicht und atmungsaktiv<br \/>\nl\u00e4nger geschnitten<br \/>\numweltfreundlich hergestellt<\/p>\n<p>Vielseitig durch die kalte Jahreszeit: warmer 3in1 Winterparka, dank atmungsaktiver Ceplex-Membran absolut wasser- und winddicht. Die Au\u00dfenjacke mit Eingrifftaschen und abnehmbarer Kapuze bietet umfassenden Wetterschutz, w\u00e4hrend die Innenjacke aus schickem, gemustertem Fleece f\u00fcr angenehme W\u00e4rme sorgt. Da der Parka auch ohne Innenjacke getragen werden kann, deckt dieser einen gro\u00dfen Temperatur-Bereich ab. Dieses Produkt ist mit Eco Finish umweltfreundlich wasserabweisend ohne Fluorcarbone (PFC)hergestellt. Das VAUDE Green Shape-Label steht f\u00fcr ein umweltfreundliches, funktionelles Produkt aus nachhaltigen Materialien.<\/p>\n<p>Entwickelt f\u00fcr: Wandern<br \/>\nWeitere Einsatzbereiche: Reisen<br \/>\nL\u00e4nge (in mittlerer Gr\u00f6\u00dfe): 84 cm<br \/>\nPassform: Standardpassform f\u00fcr ein bequemes Tragegef\u00fchl<br \/>\nGewicht: 1345 g<\/p>\n<h3>Material\u00fcbersicht<\/h3>\n<p>Au\u00dfenjacke: Hauptstoff - Au\u00dfenseite: 100% Polyester; Membran: 100% Polyurethan; Futter: 100% Polyamid; Netzfutter: 100% Polyester;<br \/>\nInnenjacke: Hauptstoff: 100% Polyester; \u00c4rmelfutter: 100% Polyester.<\/p>","protected":false},"excerpt":{"rendered":"<h3>Caract\u00e9ristiques de l'article<\/h3>\n<p>\u00c9tat de l'article : Nouveau avec \u00e9tiquette : article neuf, non utilis\u00e9 et non port\u00e9 dans son emballage d'origine<\/p>\n<p>Abteilung: Herren<br \/>\nAktivit\u00e4t: Wandern<br \/>\nAnlass: Business, Freizeit, Reise<br \/>\nAu\u00dfenmaterial: Polyurethan<br \/>\nBesonderheiten: 3in1<br \/>\nCharakter: ohne<br \/>\nEAN: 4062218050426<br \/>\nCouleur : Noir<br \/>\nFuttermaterial: Polyester<br \/>\nGewebeart: Polyester<br \/>\nTaille : 48<br \/>\nGr\u00f6\u00dfenkategorie: Normalgr\u00f6\u00dfe<br \/>\nIsoliermaterial: Polyester<br \/>\nJahreszeit: Fr\u00fchling, Herbst, Winter<br \/>\nMarke: VAUDE<br \/>\nModell: Idris<br \/>\nMuster: Ohne Muster<br \/>\nProduktart: Jacke<br \/>\nStil: Parka<br \/>\nThema: Outdoor<br \/>\nfermeture : fermeture \u00e9clair<br \/>\nVintage: Nein<\/p>","protected":false},"featured_media":77362,"comment_status":"open","ping_status":"closed","template":"","meta":{"_seopress_robots_primary_cat":"","_seopress_titles_title":"","_seopress_titles_desc":"","_seopress_robots_index":""},"product_brand":[],"product_cat":[1345,1363,1389],"product_tag":[],"class_list":{"0":"post-77218","1":"product","2":"type-product","3":"status-publish","4":"has-post-thumbnail","6":"product_cat-herrenmode","7":"product_cat-jacken-maentel-herrenmode","8":"product_cat-parkas","9":"product_shipping_class-standard-versand","11":"first","12":"instock","13":"sale","14":"taxable","15":"shipping-taxable","16":"purchasable","17":"product-type-simple"},"_links":{"self":[{"href":"https:\/\/www.soanam.de\/fr\/wp-json\/wp\/v2\/product\/77218","targetHints":{"allow":["GET"]}}],"collection":[{"href":"https:\/\/www.soanam.de\/fr\/wp-json\/wp\/v2\/product"}],"about":[{"href":"https:\/\/www.soanam.de\/fr\/wp-json\/wp\/v2\/types\/product"}],"replies":[{"embeddable":true,"href":"https:\/\/www.soanam.de\/fr\/wp-json\/wp\/v2\/comments?post=77218"}],"wp:featuredmedia":[{"embeddable":true,"href":"https:\/\/www.soanam.de\/fr\/wp-json\/wp\/v2\/media\/77362"}],"wp:attachment":[{"href":"https:\/\/www.soanam.de\/fr\/wp-json\/wp\/v2\/media?parent=77218"}],"wp:term":[{"taxonomy":"product_brand","embeddable":true,"href":"https:\/\/www.soanam.de\/fr\/wp-json\/wp\/v2\/product_brand?post=77218"},{"taxonomy":"product_cat","embeddable":true,"href":"https:\/\/www.soanam.de\/fr\/wp-json\/wp\/v2\/product_cat?post=77218"},{"taxonomy":"product_tag","embeddable":true,"href":"https:\/\/www.soanam.de\/fr\/wp-json\/wp\/v2\/product_tag?post=77218"}],"curies":[{"name":"wp","href":"https:\/\/api.w.org\/{rel}","templated":true}]}}