{"id":77094,"date":"2023-12-13T20:35:27","date_gmt":"2023-12-13T19:35:27","guid":{"rendered":"https:\/\/www.soanam.de\/?post_type=product&#038;p=77094"},"modified":"2023-12-13T20:46:44","modified_gmt":"2023-12-13T19:46:44","slug":"vaude-hommes-annecy-3in1-parka-double-veste","status":"publish","type":"product","link":"https:\/\/www.soanam.de\/fr\/produkt\/vaude-herren-mens-annecy-3in1-parka-doppeljacke\/","title":{"rendered":"VAUDE Men's Annecy 3in1 Parka double veste"},"content":{"rendered":"<p>Parka d'hiver polyvalente de haute qualit\u00e9 pour le quotidien : imperm\u00e9able, coupe-vent et respirante<br \/>\nPour les temp\u00e9ratures froides : qu'il g\u00e8le, que le vent soit glacial ou qu'il pleuve sans arr\u00eat, cette parka d'hiver d\u00e9fie tous les temps avec style.<\/p>\n<p>100% polyamide ; 100% polyur\u00e9thane ; 100% polyester<br \/>\nMen's Annecy 3in1 Parka<\/p>\n<p>Particuli\u00e8rement chaud : le manteau \u00e9tanche \u00e0 la pluie en polyamide \u00e9cologique partiellement recycl\u00e9 est ferme au toucher et la veste int\u00e9rieure amovible et douce est particuli\u00e8rement chaude gr\u00e2ce au remplissage en duvet recycl\u00e9 de haute qualit\u00e9.<br \/>\n3 en 1 : les deux vestes peuvent aussi \u00eatre port\u00e9es s\u00e9par\u00e9ment, selon le temps et la saison.<br \/>\nLabel Green Shape : Le label VAUDE Green Shape est synonyme de produit \u00e9cologique et fonctionnel fabriqu\u00e9 \u00e0 partir de mat\u00e9riaux durables.<\/p>\n<h3>Descriptions des produits<\/h3>\n<p>Mode et fonctionnalit\u00e9 dans le respect de l'environnement - car dans ce domaine, la parka Annecy 3in1 est un v\u00e9ritable paquet miracle. Qu'il s'agisse d'un froid glacial, d'un vent glacial ou d'une pluie incessante, cette parka d'hiver d\u00e9fie tous les temps avec style. Le manteau \u00e9tanche \u00e0 la pluie en polyamide \u00e9cologique, en partie recycl\u00e9, est ferme au toucher et la veste int\u00e9rieure amovible et douce est particuli\u00e8rement chaude gr\u00e2ce \u00e0 son garnissage en duvet recycl\u00e9 de haute qualit\u00e9. Les deux vestes peuvent \u00e9galement \u00eatre port\u00e9es s\u00e9par\u00e9ment en fonction du temps et de la saison. Les fermetures r\u00e9glables de la capuche et des manches prot\u00e8gent du vent et de la pluie en cas de mauvais temps et, de plus, on est bien visible au cr\u00e9puscule gr\u00e2ce \u00e0 l'impression r\u00e9fl\u00e9chissante sur la manche gauche - il suffit de l'ouvrir. Le t\u00e9l\u00e9phone portable, les mouchoirs et les cl\u00e9s sont rang\u00e9s en toute s\u00e9curit\u00e9 dans les poches de poitrine zipp\u00e9es et les mains restent au chaud et au sec gr\u00e2ce aux poches zipp\u00e9es \u00e0 l'avant. La fermeture \u00e9clair bidirectionnelle sur toute la longueur permet d'acc\u00e9der aux poches (de pantalon) situ\u00e9es en dessous et la membrane imperm\u00e9able et respirante assure un confort optimal. Cette parka innovante et chic pour les hommes soucieux de la mode et de l'environnement est l'\u00e9quipement complet contemporain de l'automne au printemps !<\/p>","protected":false},"excerpt":{"rendered":"<h3>Caract\u00e9ristiques de l'article<\/h3>\n<p>\u00c9tat de l'article : Nouveau avec \u00e9tiquette : article neuf, non utilis\u00e9 et non port\u00e9 dans son emballage d'origine<\/p>\n<p>Abteilung: Herren<br \/>\nAktivit\u00e4t: Spazieren<br \/>\nAnlass: Business, Freizeit<br \/>\nAu\u00dfenmaterial: Polyamid<br \/>\nBesonderheiten: 3in1 Parka<br \/>\nCharakter: ohne<br \/>\nEAN: 4052285919986<br \/>\nCouleur : Noir<br \/>\nFuttermaterial: Polyester<br \/>\nGewebeart: Polyester<br \/>\nTaille : 48<br \/>\nGr\u00f6\u00dfenkategorie: Normalgr\u00f6\u00dfe<br \/>\nIsoliermaterial: Daunen<br \/>\nJahreszeit: Herbst, Winter<br \/>\nMarke: VAUDE<br \/>\nModell: Annecy<br \/>\nMuster: Ohne Muster<br \/>\nProduktart: Jacke<br \/>\nStil: Parka<br \/>\nThema: Outdoor<br \/>\nfermeture : fermeture \u00e9clair<br \/>\nVintage: Nein<\/p>","protected":false},"featured_media":77274,"comment_status":"open","ping_status":"closed","template":"","meta":{"_seopress_robots_primary_cat":"","_seopress_titles_title":"","_seopress_titles_desc":"","_seopress_robots_index":""},"product_brand":[],"product_cat":[1345,1363,1377,1389],"product_tag":[],"class_list":{"0":"post-77094","1":"product","2":"type-product","3":"status-publish","4":"has-post-thumbnail","6":"product_cat-herrenmode","7":"product_cat-jacken-maentel-herrenmode","8":"product_cat-winterjacken-jacken-maentel-herrenmode","9":"product_cat-parkas","10":"product_shipping_class-standard-versand","12":"first","13":"instock","14":"sale","15":"taxable","16":"shipping-taxable","17":"purchasable","18":"product-type-simple"},"_links":{"self":[{"href":"https:\/\/www.soanam.de\/fr\/wp-json\/wp\/v2\/product\/77094","targetHints":{"allow":["GET"]}}],"collection":[{"href":"https:\/\/www.soanam.de\/fr\/wp-json\/wp\/v2\/product"}],"about":[{"href":"https:\/\/www.soanam.de\/fr\/wp-json\/wp\/v2\/types\/product"}],"replies":[{"embeddable":true,"href":"https:\/\/www.soanam.de\/fr\/wp-json\/wp\/v2\/comments?post=77094"}],"wp:featuredmedia":[{"embeddable":true,"href":"https:\/\/www.soanam.de\/fr\/wp-json\/wp\/v2\/media\/77274"}],"wp:attachment":[{"href":"https:\/\/www.soanam.de\/fr\/wp-json\/wp\/v2\/media?parent=77094"}],"wp:term":[{"taxonomy":"product_brand","embeddable":true,"href":"https:\/\/www.soanam.de\/fr\/wp-json\/wp\/v2\/product_brand?post=77094"},{"taxonomy":"product_cat","embeddable":true,"href":"https:\/\/www.soanam.de\/fr\/wp-json\/wp\/v2\/product_cat?post=77094"},{"taxonomy":"product_tag","embeddable":true,"href":"https:\/\/www.soanam.de\/fr\/wp-json\/wp\/v2\/product_tag?post=77094"}],"curies":[{"name":"wp","href":"https:\/\/api.w.org\/{rel}","templated":true}]}}