{"id":82503,"date":"2023-12-14T02:25:53","date_gmt":"2023-12-14T01:25:53","guid":{"rendered":"https:\/\/www.soanam.de\/?post_type=product&#038;p=82503"},"modified":"2023-12-14T02:27:51","modified_gmt":"2023-12-14T01:27:51","slug":"my-home-raffrollo-belem-1stk-mit-schlaufen-in-weiss-gruen-groesse-45cmx140cm","status":"publish","type":"product","link":"https:\/\/www.soanam.de\/es\/produkt\/my-home-raffrollo-belem-1stk-mit-schlaufen-in-weiss-gruen-groesse-45cmx140cm\/","title":{"rendered":"my home Raffrollo Belem, 1Stk. mit Schlaufen, in Wei\u00df-Gr\u00fcn, Gr\u00f6\u00dfe 45cmx140cm"},"content":{"rendered":"<p>Tejido transparente<br \/>\nImpreso por una cara<br \/>\nVoile aut\u00e9ntico<br \/>\nCalidad ligera<br \/>\nLavable a 30 grados en ciclo delicado<\/p>\n<p>Der transparente Stoff des Raffrollo Belem ist bei diesem echten Voile einseitig mit einem wiederkehrenden Kreismotiv bedruckt.<br \/>\nDas unifarbene Design nutzt die einfallenden Lichtstrahlen, um damit h\u00fcbsche Reflexionen und Effekte zu erzielen. Bestehend aus 100 Prozent Polyester ist es pflegeleicht und wird bei Bedarf in der Waschmaschine gereinigt.<\/p>\n<p>Material: Parte superior: poli\u00e9ster 100%<br \/>\nInstrucciones de cuidado: Lavado suave<\/p>\n<p>Farbe: wei\u00df-gr\u00fcn<br \/>\nMuster: Kreise<br \/>\nGr\u00f6\u00dfe: 45cm x 140cm<\/p>\n<p>Nota: Las dimensiones indicadas son las del tejido.<\/p>\n<p>Suspendido mediante bucles en la barra de la cortina.<\/p>\n<p>Raffung erfolgt mittels seitlicher Zugschn\u00fcre und kann auf jeder beliebigen H\u00f6he festgestellt werden. Hierzu wird ein Schnurfeststeller mit Schraube und D\u00fcbel in der Wand montiert.<\/p>","protected":false},"excerpt":{"rendered":"<table class=\"dv_characteristicsTable\">\n<tbody>\n<tr>\n<td class=\"left\">Aufh\u00e4ngung<\/td>\n<td>Schlaufen<\/td>\n<\/tr>\n<tr>\n<td class=\"left\">Raffm\u00f6glichkeiten<\/td>\n<td>Zugschnur wahlweise<\/td>\n<\/tr>\n<tr>\n<td class=\"left\">Abschluss<\/td>\n<td>gerader Abschluss<\/td>\n<\/tr>\n<\/tbody>\n<\/table>\n<table class=\"dv_characteristicsTable\">\n<tbody>\n<tr>\n<td class=\"left\">Color<\/td>\n<td>gr\u00fcn<\/td>\n<\/tr>\n<tr>\n<td class=\"left\">Transparenz<\/td>\n<td>transparent<\/td>\n<\/tr>\n<tr>\n<td class=\"left\">Oberfl\u00e4chenstruktur<\/td>\n<td>glatt<\/td>\n<\/tr>\n<tr>\n<td class=\"left\">Design<\/td>\n<td>bedruckt<br \/>\nunifarben<br \/>\nMotiv<br \/>\ngemustert<\/td>\n<\/tr>\n<tr>\n<td class=\"left\">Motiv<\/td>\n<td>Kreise<\/td>\n<\/tr>\n<tr>\n<td class=\"left\">Designerstellungsart<\/td>\n<td>bedruckt<\/td>\n<\/tr>\n<\/tbody>\n<\/table>\n<table class=\"dv_characteristicsTable\">\n<tbody>\n<tr>\n<td class=\"left\">Composici\u00f3n del material<\/td>\n<td>\u00a0100% Poli\u00e9ster<\/td>\n<\/tr>\n<\/tbody>\n<\/table>\n<table class=\"dv_characteristicsTable\">\n<tbody>\n<tr>\n<td class=\"left\">Breite<\/td>\n<td>45 cm<\/td>\n<\/tr>\n<tr>\n<td class=\"left\">H\u00f6he<\/td>\n<td>140 cm<\/td>\n<\/tr>\n<\/tbody>\n<\/table>\n<table class=\"dv_characteristicsTable\">\n<tbody>\n<tr>\n<td class=\"left\">Materialart<\/td>\n<td>Voile<\/td>\n<\/tr>\n<\/tbody>\n<\/table>\n<table class=\"dv_characteristicsTable\">\n<tbody>\n<tr>\n<td class=\"left\">Gewicht<\/td>\n<td>50 g\/m\u00b2<\/td>\n<\/tr>\n<\/tbody>\n<\/table>\n<table class=\"dv_characteristicsTable\">\n<tbody>\n<tr>\n<td class=\"left\">Anzahl Teile<\/td>\n<td>1 St.<\/td>\n<\/tr>\n<tr>\n<td class=\"left\">Lieferumfang<\/td>\n<td>Montageanleitung<br \/>\nBefestigungszubeh\u00f6r<br \/>\nBeschwerungsstange<\/td>\n<\/tr>\n<\/tbody>\n<\/table>\n<p>&nbsp;<\/p>\n<p>&nbsp;<\/p>","protected":false},"featured_media":82595,"comment_status":"open","ping_status":"closed","template":"","meta":{"_seopress_robots_primary_cat":"","_seopress_titles_title":"","_seopress_titles_desc":"","_seopress_robots_index":""},"product_brand":[],"product_cat":[1400,1420],"product_tag":[],"class_list":{"0":"post-82503","1":"product","2":"type-product","3":"status-publish","4":"has-post-thumbnail","6":"product_cat-wohnzubehoer","7":"product_cat-wohndekoration","8":"product_shipping_class-standard-versand","10":"first","11":"instock","12":"sale","13":"taxable","14":"shipping-taxable","15":"purchasable","16":"product-type-simple"},"_links":{"self":[{"href":"https:\/\/www.soanam.de\/es\/wp-json\/wp\/v2\/product\/82503","targetHints":{"allow":["GET"]}}],"collection":[{"href":"https:\/\/www.soanam.de\/es\/wp-json\/wp\/v2\/product"}],"about":[{"href":"https:\/\/www.soanam.de\/es\/wp-json\/wp\/v2\/types\/product"}],"replies":[{"embeddable":true,"href":"https:\/\/www.soanam.de\/es\/wp-json\/wp\/v2\/comments?post=82503"}],"wp:featuredmedia":[{"embeddable":true,"href":"https:\/\/www.soanam.de\/es\/wp-json\/wp\/v2\/media\/82595"}],"wp:attachment":[{"href":"https:\/\/www.soanam.de\/es\/wp-json\/wp\/v2\/media?parent=82503"}],"wp:term":[{"taxonomy":"product_brand","embeddable":true,"href":"https:\/\/www.soanam.de\/es\/wp-json\/wp\/v2\/product_brand?post=82503"},{"taxonomy":"product_cat","embeddable":true,"href":"https:\/\/www.soanam.de\/es\/wp-json\/wp\/v2\/product_cat?post=82503"},{"taxonomy":"product_tag","embeddable":true,"href":"https:\/\/www.soanam.de\/es\/wp-json\/wp\/v2\/product_tag?post=82503"}],"curies":[{"name":"wp","href":"https:\/\/api.w.org\/{rel}","templated":true}]}}