{"id":82496,"date":"2023-12-14T02:25:50","date_gmt":"2023-12-14T01:25:50","guid":{"rendered":"https:\/\/www.soanam.de\/?post_type=product&#038;p=82496"},"modified":"2023-12-14T02:27:18","modified_gmt":"2023-12-14T01:27:18","slug":"khujo-wintermantel-viona-in-dunkelblau-groesse-xl","status":"publish","type":"product","link":"https:\/\/www.soanam.de\/es\/produkt\/khujo-wintermantel-viona-in-dunkelblau-groesse-xl\/","title":{"rendered":"Abrigo de invierno VIONA, en azul oscuro, talla XL"},"content":{"rendered":"<p>Parka mit Kapuze von Khujo<\/p>\n<p>Zwei-Wege-Rei\u00dfverschluss und Magnetknopfleiste<br \/>\nElastisches B\u00fcndchen am \u00c4rmelfutter<br \/>\nHoch schlie\u00dfende Kapuze mit Kordelzug<br \/>\nGro\u00dfe Taschen<br \/>\nLogotipo de la marca<\/p>\n<p>Mit dem cleanen Design und der hoch schlie\u00dfenden Kapuze begeistert der khujo Mantel Viona im Regular Fit.<br \/>\nDer warm wattierte Parka hat jedoch weit mehr als seine Optik zu bieten und \u00fcberzeugt mit zahlreichen Features, wie , einer Kombination aus Zwei-Wege-Rei\u00dfverschluss und Magnetknopfleiste, elastischen B\u00fcndchen am \u00c4rmelfutter und riesigen Taschen mit Zwei-Wege-Rei\u00dfverschluss.<\/p>\n<p>Material: Parte superior: poli\u00e9ster 100%<br \/>\nInstrucciones de cuidado: Lavar a m\u00e1quina<\/p>\n<p>Color: azul oscuro<br \/>\nPatr\u00f3n: sin<br \/>\nTalla: XL<\/p>\n<p>Anchura de los hombros: 46 cm<br \/>\nAnchura del pecho: 112 cm<\/p>\n<p>Longitud de la manga: 65 cm<br \/>\nLongitud total: 88 cm<\/p>\n<p>Este nuevo art\u00edculo es una devoluci\u00f3n de un cliente sin etiqueta.<\/p>","protected":false},"excerpt":{"rendered":"<table class=\"dv_characteristicsTable\">\n<tbody>\n<tr>\n<td class=\"left\">Talla<\/td>\n<td>XL<\/td>\n<\/tr>\n<tr>\n<td class=\"left\">Gr\u00f6\u00dfentyp<\/td>\n<td>Normalgr\u00f6\u00dfen<\/td>\n<\/tr>\n<tr>\n<td class=\"left\">Composici\u00f3n del material<\/td>\n<td>Material superior: poli\u00e9ster 100%<\/td>\n<\/tr>\n<tr>\n<td class=\"left\">Materialart<\/td>\n<td>Web<\/td>\n<\/tr>\n<tr>\n<td class=\"left\">Instrucciones de cuidado<\/td>\n<td>Lavado a m\u00e1quina<\/td>\n<\/tr>\n<tr>\n<td class=\"left\">Optik<\/td>\n<td>unifarben<\/td>\n<\/tr>\n<tr>\n<td class=\"left\">Stil<\/td>\n<td>casual<\/td>\n<\/tr>\n<tr>\n<td class=\"left\">Color<\/td>\n<td>marina<\/td>\n<\/tr>\n<tr>\n<td class=\"left\">Kragen<\/td>\n<td>Cap\u00f3<\/td>\n<\/tr>\n<tr>\n<td class=\"left\">\u00c4rmel<\/td>\n<td>Manga larga<\/td>\n<\/tr>\n<tr>\n<td class=\"left\">Ajuste<\/td>\n<td>figurbetont<\/td>\n<\/tr>\n<tr>\n<td class=\"left\">Schnittdetails<\/td>\n<td>Wiener N\u00e4hte<\/td>\n<\/tr>\n<tr>\n<td class=\"left\">Schnittform L\u00e4nge<\/td>\n<td>Po-bedeckend<\/td>\n<\/tr>\n<tr>\n<td class=\"left\">Cap\u00f3<\/td>\n<td>mit Kapuze<\/td>\n<\/tr>\n<tr>\n<td class=\"left\">Applikationen<\/td>\n<td>Markenlabel, Badge<\/td>\n<\/tr>\n<tr>\n<td class=\"left\">Bolsas<\/td>\n<td>Rei\u00dfverschlusstaschen<\/td>\n<\/tr>\n<tr>\n<td class=\"left\">Verschluss<\/td>\n<td>2-Wege-Rei\u00dfverschluss<\/td>\n<\/tr>\n<\/tbody>\n<\/table>","protected":false},"featured_media":82570,"comment_status":"open","ping_status":"closed","template":"","meta":{"_seopress_robots_primary_cat":"","_seopress_titles_title":"","_seopress_titles_desc":"","_seopress_robots_index":""},"product_brand":[],"product_cat":[1348,1354,1375,1440],"product_tag":[],"class_list":{"0":"post-82496","1":"product","2":"type-product","3":"status-publish","4":"has-post-thumbnail","6":"product_cat-damen-mode","7":"product_cat-jacken-maentel","8":"product_cat-winterjacken","9":"product_cat-parkas-winterjacken","10":"product_shipping_class-standard-versand","12":"first","13":"instock","14":"sale","15":"taxable","16":"shipping-taxable","17":"purchasable","18":"product-type-simple"},"_links":{"self":[{"href":"https:\/\/www.soanam.de\/es\/wp-json\/wp\/v2\/product\/82496","targetHints":{"allow":["GET"]}}],"collection":[{"href":"https:\/\/www.soanam.de\/es\/wp-json\/wp\/v2\/product"}],"about":[{"href":"https:\/\/www.soanam.de\/es\/wp-json\/wp\/v2\/types\/product"}],"replies":[{"embeddable":true,"href":"https:\/\/www.soanam.de\/es\/wp-json\/wp\/v2\/comments?post=82496"}],"wp:featuredmedia":[{"embeddable":true,"href":"https:\/\/www.soanam.de\/es\/wp-json\/wp\/v2\/media\/82570"}],"wp:attachment":[{"href":"https:\/\/www.soanam.de\/es\/wp-json\/wp\/v2\/media?parent=82496"}],"wp:term":[{"taxonomy":"product_brand","embeddable":true,"href":"https:\/\/www.soanam.de\/es\/wp-json\/wp\/v2\/product_brand?post=82496"},{"taxonomy":"product_cat","embeddable":true,"href":"https:\/\/www.soanam.de\/es\/wp-json\/wp\/v2\/product_cat?post=82496"},{"taxonomy":"product_tag","embeddable":true,"href":"https:\/\/www.soanam.de\/es\/wp-json\/wp\/v2\/product_tag?post=82496"}],"curies":[{"name":"wp","href":"https:\/\/api.w.org\/{rel}","templated":true}]}}