{"id":82192,"date":"2023-12-14T02:14:04","date_gmt":"2023-12-14T01:14:04","guid":{"rendered":"https:\/\/www.soanam.de\/?post_type=product&#038;p=82192"},"modified":"2023-12-14T02:21:49","modified_gmt":"2023-12-14T01:21:49","slug":"steppjacke-von-g-i-g-a-dx-by-killtec-in-schwarz-groesse-50","status":"publish","type":"product","link":"https:\/\/www.soanam.de\/es\/produkt\/steppjacke-von-g-i-g-a-dx-by-killtec-in-schwarz-groesse-50\/","title":{"rendered":"Steppjacke von G.I.G.A. DX by killtec, in Schwarz, Gr\u00f6\u00dfe 50"},"content":{"rendered":"<p>Steppjacke von G.I.G.A. DX by killtec f\u00fcr Damen<br \/>\nWinddicht, wasserabweisend und atmungsaktiv<br \/>\nZwei seitliche Rei\u00dfverschlusstaschen<br \/>\nHochschlie\u00dfender Kragen mit regulierbarer Kapuze<\/p>\n<p>Mit dem 2-Wege-Rei\u00dfverschluss ist die Steppjacke von killtec sehr praktisch beim Fahrradfahren.<br \/>\nDie Kapuze kannst du mit einem Gummizug in der Weite verstellen. Der Kragen liegt nah am Hals und steht nach oben. Mit den Rei\u00dfverschlusstaschen k\u00f6nnen wichtige Dinge wie Geldbeutel und Handy nicht mehr herausfallen.<br \/>\nDurch das Material ist die Jacke formbest\u00e4ndig und knittert kaum. Die Jacke ist atmungsaktiv, wasserabweisend und winddicht. Somit h\u00e4lt sie dich auch bei k\u00e4lteren Temperaturen warm.<\/p>\n<p>Material: poli\u00e9ster 100%<br \/>\nInstrucciones de cuidado: Lavar a m\u00e1quina<\/p>\n<p>Color: negro<br \/>\nPatr\u00f3n: sin<br \/>\nTalla: 50<\/p>\n<p>Anchura de los hombros: 49 cm<br \/>\nBrustweite: 138cm<br \/>\nLongitud de la manga: 69 cm<br \/>\nLongitud total: 84 cm<\/p>\n<p>&nbsp;<\/p>\n<p>Este nuevo art\u00edculo es una devoluci\u00f3n de un cliente sin etiqueta.<\/p>","protected":false},"excerpt":{"rendered":"<table class=\"dv_characteristicsTable\">\n<tbody>\n<tr>\n<td class=\"left\">Talla<\/td>\n<td>50<\/td>\n<\/tr>\n<tr>\n<td class=\"left\">Gr\u00f6\u00dfentyp<\/td>\n<td>Normalgr\u00f6\u00dfen<\/td>\n<\/tr>\n<tr>\n<td class=\"left\">Composici\u00f3n del material<\/td>\n<td>Obermaterial: 100% Polyester. Futter: 100% Polyester. Wattierung: 100% Polyester<\/td>\n<\/tr>\n<tr>\n<td class=\"left\">Materialeigenschaften<\/td>\n<td>winddicht, wasserabweisend, atmungsaktiv, w\u00e4rmend<\/td>\n<\/tr>\n<tr>\n<td class=\"left\">Instrucciones de cuidado<\/td>\n<td>Lavado a m\u00e1quina<\/td>\n<\/tr>\n<tr>\n<td class=\"left\">Stil<\/td>\n<td>sportlich<\/td>\n<\/tr>\n<tr>\n<td class=\"left\">Color<\/td>\n<td>schwarz<\/td>\n<\/tr>\n<tr>\n<td class=\"left\">Kragen<\/td>\n<td>hochschlie\u00dfender Kragen<\/td>\n<\/tr>\n<tr>\n<td class=\"left\">Ausschnitt<\/td>\n<td>hoch geschlossener Ausschnitt<\/td>\n<\/tr>\n<tr>\n<td class=\"left\">\u00c4rmel<\/td>\n<td>Manga larga<\/td>\n<\/tr>\n<tr>\n<td class=\"left\">\u00c4rmelabschlussdetails<\/td>\n<td>mit verstellbarem Klettverschluss<\/td>\n<\/tr>\n<tr>\n<td class=\"left\">Cap\u00f3<\/td>\n<td>mit Kapuze<\/td>\n<\/tr>\n<tr>\n<td class=\"left\">Kapuzendetails<\/td>\n<td>Kante mit Gummizug verstellbar<\/td>\n<\/tr>\n<tr>\n<td class=\"left\">Bolsas<\/td>\n<td>Rei\u00dfverschlusstaschen<\/td>\n<\/tr>\n<tr>\n<td class=\"left\">Verschluss<\/td>\n<td>2-Wege-Rei\u00dfverschluss<\/td>\n<\/tr>\n<tr>\n<td class=\"left\">Verschlussdetails<\/td>\n<td>mit Kinnschutz<\/td>\n<\/tr>\n<\/tbody>\n<\/table>","protected":false},"featured_media":82321,"comment_status":"open","ping_status":"closed","template":"","meta":{"_seopress_robots_primary_cat":"","_seopress_titles_title":"","_seopress_titles_desc":"","_seopress_robots_index":""},"product_brand":[],"product_cat":[1348,1354,1375,1376],"product_tag":[],"class_list":{"0":"post-82192","1":"product","2":"type-product","3":"status-publish","4":"has-post-thumbnail","6":"product_cat-damen-mode","7":"product_cat-jacken-maentel","8":"product_cat-winterjacken","9":"product_cat-daunenjacken-steppjacken","10":"product_shipping_class-standard-versand","12":"first","13":"instock","14":"sale","15":"taxable","16":"shipping-taxable","17":"purchasable","18":"product-type-simple"},"_links":{"self":[{"href":"https:\/\/www.soanam.de\/es\/wp-json\/wp\/v2\/product\/82192","targetHints":{"allow":["GET"]}}],"collection":[{"href":"https:\/\/www.soanam.de\/es\/wp-json\/wp\/v2\/product"}],"about":[{"href":"https:\/\/www.soanam.de\/es\/wp-json\/wp\/v2\/types\/product"}],"replies":[{"embeddable":true,"href":"https:\/\/www.soanam.de\/es\/wp-json\/wp\/v2\/comments?post=82192"}],"wp:featuredmedia":[{"embeddable":true,"href":"https:\/\/www.soanam.de\/es\/wp-json\/wp\/v2\/media\/82321"}],"wp:attachment":[{"href":"https:\/\/www.soanam.de\/es\/wp-json\/wp\/v2\/media?parent=82192"}],"wp:term":[{"taxonomy":"product_brand","embeddable":true,"href":"https:\/\/www.soanam.de\/es\/wp-json\/wp\/v2\/product_brand?post=82192"},{"taxonomy":"product_cat","embeddable":true,"href":"https:\/\/www.soanam.de\/es\/wp-json\/wp\/v2\/product_cat?post=82192"},{"taxonomy":"product_tag","embeddable":true,"href":"https:\/\/www.soanam.de\/es\/wp-json\/wp\/v2\/product_tag?post=82192"}],"curies":[{"name":"wp","href":"https:\/\/api.w.org\/{rel}","templated":true}]}}