{"id":82085,"date":"2023-12-14T02:11:54","date_gmt":"2023-12-14T01:11:54","guid":{"rendered":"https:\/\/www.soanam.de\/?post_type=product&#038;p=82085"},"modified":"2023-12-14T02:14:39","modified_gmt":"2023-12-14T01:14:39","slug":"boysens-parka-aus-robuster-canvas-baumwolle-in-marineblau-groesse-36","status":"publish","type":"product","link":"https:\/\/www.soanam.de\/es\/produkt\/boysens-parka-aus-robuster-canvas-baumwolle-in-marineblau-groesse-36\/","title":{"rendered":"Parka Boysen de lona robusta de algod\u00f3n, en azul marino, talla 36"},"content":{"rendered":"<p>Canvas Parka von Boysen's<br \/>\nAufwendig ausgestattet mit praktischen Details und vielen Taschen.<br \/>\nAbnehmbare Kapuze mit Fellimitatkragen und Kordelzug.<br \/>\nVerdeckter Rei\u00dfverschluss plus Druckknopfleiste.<br \/>\nTaillen- Tunnelzug innen.<br \/>\nFigurumspielende Form<\/p>\n<p>Kuschelig warm wattierter Parka mit verdecktem Rei\u00dfverschluss und zus\u00e4tzlicher Druckknopfleiste.<br \/>\nWeiterhin bietet er einen hochverschlie\u00dfbaren Kragen, eine abkn\u00f6pfbare Kapuze, die verstellbar ist und mit Fellimitat versehen.<br \/>\nZwei seitliche Pattentaschen, zwei Eingrifftaschen auf Taillenh\u00f6he u. eine Rei\u00dfverschlusstasche auf der Brust sowie eine Rei\u00dfverschlu\u00dftasche oben auf dem linken \u00c4rmel sowie eine Innentasche vervollst\u00e4ndigen die stylische Outdoorjacke.<\/p>\n<p>Material: Canvas: 100% Baumwolle, Futter: 100% Polyester, Webpelzkragen: 80% Polyacryl + 20% Polyester<br \/>\nInstrucciones de cuidado: Lavar a m\u00e1quina<\/p>\n<p>Color: azul marino<br \/>\nPatr\u00f3n: sin<br \/>\nTalla: 36<\/p>\n<p>Schulterbreite: 43 cm<br \/>\nAnchura del pecho: 104 cm<br \/>\nLongitud de la manga: 62 cm<br \/>\nLongitud total: 84 cm<\/p>","protected":false},"excerpt":{"rendered":"<table class=\"dv_characteristicsTable\">\n<tbody>\n<tr>\n<td class=\"left\">Talla<\/td>\n<td>36<\/td>\n<\/tr>\n<tr>\n<td class=\"left\">Gr\u00f6\u00dfentyp<\/td>\n<td>Normalgr\u00f6\u00dfen<\/td>\n<\/tr>\n<tr>\n<td class=\"left\">Composici\u00f3n del material<\/td>\n<td>Canvas: 100% Baumwolle, Futter: 100% Polyester, Webpelzkragen: 80% Polyacryl + 20% Polyester<\/td>\n<\/tr>\n<tr>\n<td class=\"left\">Materialeigenschaften<\/td>\n<td>w\u00e4rmend, robust<\/td>\n<\/tr>\n<tr>\n<td class=\"left\">Instrucciones de cuidado<\/td>\n<td>Lavado a m\u00e1quina<\/td>\n<\/tr>\n<tr>\n<td class=\"left\">Stil<\/td>\n<td>sportlich<\/td>\n<\/tr>\n<tr>\n<td class=\"left\">Color<\/td>\n<td>marineblau<\/td>\n<\/tr>\n<tr>\n<td class=\"left\">Kragen<\/td>\n<td>hochschlie\u00dfender Kragen<\/td>\n<\/tr>\n<tr>\n<td class=\"left\">\u00c4rmel<\/td>\n<td>Manga larga<\/td>\n<\/tr>\n<tr>\n<td class=\"left\">Ajuste<\/td>\n<td>figurumspielend<\/td>\n<\/tr>\n<tr>\n<td class=\"left\">Schnittform L\u00e4nge<\/td>\n<td>kniefrei<\/td>\n<\/tr>\n<tr>\n<td class=\"left\">Cap\u00f3<\/td>\n<td>mit Kapuze<\/td>\n<\/tr>\n<tr>\n<td class=\"left\">Kapuzendetails<\/td>\n<td>abnehmbar, abnehmbares Fellimitat, Weite regulierbar<\/td>\n<\/tr>\n<tr>\n<td class=\"left\">Applikationen<\/td>\n<td>nein<\/td>\n<\/tr>\n<tr>\n<td class=\"left\">Bolsas<\/td>\n<td>Rei\u00dfverschlusstaschen<\/td>\n<\/tr>\n<tr>\n<td class=\"left\">Verschluss<\/td>\n<td>Cierre de cremallera<\/td>\n<\/tr>\n<tr>\n<td class=\"left\">Verschlussdetails<\/td>\n<td>mit Windschutzblende, verdeckt<\/td>\n<\/tr>\n<\/tbody>\n<\/table>","protected":false},"featured_media":82215,"comment_status":"open","ping_status":"closed","template":"","meta":{"_seopress_robots_primary_cat":"","_seopress_titles_title":"","_seopress_titles_desc":"","_seopress_robots_index":""},"product_brand":[],"product_cat":[1348,1354,1375,1440],"product_tag":[],"class_list":{"0":"post-82085","1":"product","2":"type-product","3":"status-publish","4":"has-post-thumbnail","6":"product_cat-damen-mode","7":"product_cat-jacken-maentel","8":"product_cat-winterjacken","9":"product_cat-parkas-winterjacken","10":"product_shipping_class-standard-versand","12":"first","13":"instock","14":"sale","15":"taxable","16":"shipping-taxable","17":"purchasable","18":"product-type-simple"},"_links":{"self":[{"href":"https:\/\/www.soanam.de\/es\/wp-json\/wp\/v2\/product\/82085","targetHints":{"allow":["GET"]}}],"collection":[{"href":"https:\/\/www.soanam.de\/es\/wp-json\/wp\/v2\/product"}],"about":[{"href":"https:\/\/www.soanam.de\/es\/wp-json\/wp\/v2\/types\/product"}],"replies":[{"embeddable":true,"href":"https:\/\/www.soanam.de\/es\/wp-json\/wp\/v2\/comments?post=82085"}],"wp:featuredmedia":[{"embeddable":true,"href":"https:\/\/www.soanam.de\/es\/wp-json\/wp\/v2\/media\/82215"}],"wp:attachment":[{"href":"https:\/\/www.soanam.de\/es\/wp-json\/wp\/v2\/media?parent=82085"}],"wp:term":[{"taxonomy":"product_brand","embeddable":true,"href":"https:\/\/www.soanam.de\/es\/wp-json\/wp\/v2\/product_brand?post=82085"},{"taxonomy":"product_cat","embeddable":true,"href":"https:\/\/www.soanam.de\/es\/wp-json\/wp\/v2\/product_cat?post=82085"},{"taxonomy":"product_tag","embeddable":true,"href":"https:\/\/www.soanam.de\/es\/wp-json\/wp\/v2\/product_tag?post=82085"}],"curies":[{"name":"wp","href":"https:\/\/api.w.org\/{rel}","templated":true}]}}