{"id":82059,"date":"2023-12-14T02:11:27","date_gmt":"2023-12-14T01:11:27","guid":{"rendered":"https:\/\/www.soanam.de\/?post_type=product&#038;p=82059"},"modified":"2023-12-14T02:13:50","modified_gmt":"2023-12-14T01:13:50","slug":"cmp-parka-woman-jacket-zip-hood-in-anthrazit-groesse-38","status":"publish","type":"product","link":"https:\/\/www.soanam.de\/es\/produkt\/cmp-parka-woman-jacket-zip-hood-in-anthrazit-groesse-38\/","title":{"rendered":"CMP Parka MUJER JACKET ZIP HOOD, en antracita, talla 38"},"content":{"rendered":"<p>Parka mit Teddyfell gef\u00fcttert von CMP<br \/>\nCLIMA PROTECT\u00ae gegen Wind, Wasser und Schnee<br \/>\nAtmungsaktiver Tragekomfort<br \/>\nSch\u00f6ne, abnehmbare Kunstfell-Kapuze<br \/>\nElastische B\u00fcndchen an den \u00c4rmeln<br \/>\n4 praktische Taschen<\/p>\n<p>Der Parka von CMP bietet idealen Wetterschutz in einem tollen Design: Dieser schicke Mantel kombiniert seine wundersch\u00f6n taillierte Passform mit dem umschlagbaren CLIMA PROTECT\u00ae-N\u00e4sseschutz. Eine Wassers\u00e4ule von 8.000 mm l\u00e4sst Regen und Schnee zuverl\u00e4ssig abperlen und sorgt so f\u00fcr dauerhaft trockenen Komfort unter der Jacke.<br \/>\nOptimalen Schutz vor Wind versprechen die sch\u00f6ne Kunstpelz-Kapuze sowie elastische B\u00fcndchen an den \u00c4rmeln.<br \/>\nDas innen befindliche Teddypelzfutter macht den Parka bei jeder Outdooraktivit\u00e4t einfach unentberlich.<\/p>\n<p>Material: 100 % Polyester<br \/>\nInstrucciones de cuidado: Lavar a m\u00e1quina<\/p>\n<p>Farbe: anthrazit<br \/>\nPatr\u00f3n: sin<br \/>\nGr\u00f6\u00dfe:38<\/p>\n<p>Anchura de los hombros: 42 cm<br \/>\nAnchura del pecho: 103 cm<br \/>\nLongitud de la manga: 66 cm<br \/>\nLongitud total: 80 cm<\/p>\n<p>&nbsp;<\/p>\n<p>Este nuevo art\u00edculo es una devoluci\u00f3n de un cliente sin etiqueta.<\/p>","protected":false},"excerpt":{"rendered":"<table class=\"dv_characteristicsTable\">\n<tbody>\n<tr>\n<td class=\"left\">Talla<\/td>\n<td>38<\/td>\n<\/tr>\n<tr>\n<td class=\"left\">Gr\u00f6\u00dfentyp<\/td>\n<td>Normalgr\u00f6\u00dfen<\/td>\n<\/tr>\n<tr>\n<td class=\"left\">Composici\u00f3n del material<\/td>\n<td>Material superior: poli\u00e9ster 100%<\/td>\n<\/tr>\n<tr>\n<td class=\"left\">Materialart<\/td>\n<td>Teddyfell<\/td>\n<\/tr>\n<tr>\n<td class=\"left\">Instrucciones de cuidado<\/td>\n<td>Lavado a m\u00e1quina<\/td>\n<\/tr>\n<tr>\n<td class=\"left\">Optik<\/td>\n<td>Outdoorjacke<\/td>\n<\/tr>\n<tr>\n<td class=\"left\">Stil<\/td>\n<td>sportlich<\/td>\n<\/tr>\n<tr>\n<td class=\"left\">Color<\/td>\n<td>anthrazit<\/td>\n<\/tr>\n<tr>\n<td class=\"left\">Kragen<\/td>\n<td>Cuello alto<\/td>\n<\/tr>\n<tr>\n<td class=\"left\">\u00c4rmel<\/td>\n<td>Manga larga<\/td>\n<\/tr>\n<tr>\n<td class=\"left\">Ajuste<\/td>\n<td>Basic schmal<\/td>\n<\/tr>\n<tr>\n<td class=\"left\">Schnittform L\u00e4nge<\/td>\n<td>h\u00fcftbedeckend<\/td>\n<\/tr>\n<tr>\n<td class=\"left\">Cap\u00f3<\/td>\n<td>mit Kapuze<\/td>\n<\/tr>\n<tr>\n<td class=\"left\">Kapuzendetails<\/td>\n<td>abnehmbare Kunstfell-Kapuze<\/td>\n<\/tr>\n<tr>\n<td class=\"left\">Kapuzenf\u00fctterung<\/td>\n<td>Teddyfell<\/td>\n<\/tr>\n<tr>\n<td class=\"left\">Applikationen<\/td>\n<td>Markenlabel<\/td>\n<\/tr>\n<tr>\n<td class=\"left\">Bolsas<\/td>\n<td>Rei\u00dfverschlusstaschen, Druckknopftaschen<\/td>\n<\/tr>\n<tr>\n<td class=\"left\">Verschluss<\/td>\n<td>Rei\u00dfverschluss und Druckkn\u00f6pfe<\/td>\n<\/tr>\n<tr>\n<td class=\"left\">Besondere Merkmale<\/td>\n<td>CLIMA PROTECT\u00ae gegen Wind, Wasser und Schnee<\/td>\n<\/tr>\n<\/tbody>\n<\/table>","protected":false},"featured_media":82177,"comment_status":"open","ping_status":"closed","template":"","meta":{"_seopress_robots_primary_cat":"","_seopress_titles_title":"","_seopress_titles_desc":"","_seopress_robots_index":""},"product_brand":[],"product_cat":[1348,1354,1375,1440],"product_tag":[],"class_list":{"0":"post-82059","1":"product","2":"type-product","3":"status-publish","4":"has-post-thumbnail","6":"product_cat-damen-mode","7":"product_cat-jacken-maentel","8":"product_cat-winterjacken","9":"product_cat-parkas-winterjacken","10":"product_shipping_class-standard-versand","12":"first","13":"instock","14":"sale","15":"taxable","16":"shipping-taxable","17":"purchasable","18":"product-type-simple"},"_links":{"self":[{"href":"https:\/\/www.soanam.de\/es\/wp-json\/wp\/v2\/product\/82059","targetHints":{"allow":["GET"]}}],"collection":[{"href":"https:\/\/www.soanam.de\/es\/wp-json\/wp\/v2\/product"}],"about":[{"href":"https:\/\/www.soanam.de\/es\/wp-json\/wp\/v2\/types\/product"}],"replies":[{"embeddable":true,"href":"https:\/\/www.soanam.de\/es\/wp-json\/wp\/v2\/comments?post=82059"}],"wp:featuredmedia":[{"embeddable":true,"href":"https:\/\/www.soanam.de\/es\/wp-json\/wp\/v2\/media\/82177"}],"wp:attachment":[{"href":"https:\/\/www.soanam.de\/es\/wp-json\/wp\/v2\/media?parent=82059"}],"wp:term":[{"taxonomy":"product_brand","embeddable":true,"href":"https:\/\/www.soanam.de\/es\/wp-json\/wp\/v2\/product_brand?post=82059"},{"taxonomy":"product_cat","embeddable":true,"href":"https:\/\/www.soanam.de\/es\/wp-json\/wp\/v2\/product_cat?post=82059"},{"taxonomy":"product_tag","embeddable":true,"href":"https:\/\/www.soanam.de\/es\/wp-json\/wp\/v2\/product_tag?post=82059"}],"curies":[{"name":"wp","href":"https:\/\/api.w.org\/{rel}","templated":true}]}}