{"id":82042,"date":"2023-12-14T02:11:02","date_gmt":"2023-12-14T01:11:02","guid":{"rendered":"https:\/\/www.soanam.de\/?post_type=product&#038;p=82042"},"modified":"2023-12-14T02:13:06","modified_gmt":"2023-12-14T01:13:06","slug":"benetton-chaqueta-acolchada-ligera-con-capucha-en-azul-oscuro-talla-46","status":"publish","type":"product","link":"https:\/\/www.soanam.de\/es\/produkt\/benetton-leichte-wattierte-jacke-mit-kapuze-in-dunkelblau-groesse-46\/","title":{"rendered":"Benetton, Chaqueta ligera acolchada con capucha, en azul oscuro, talla 46"},"content":{"rendered":"<p>Chaqueta larga acolchada con capucha de Benetton<br \/>\nRojo brillante en el interior<br \/>\nLongitud de las mangas: Mangas largas<br \/>\nEscote: cuello alto<br \/>\nBolsillos: laterales<br \/>\nCaracter\u00edsticas: chaqueta ligera de transici\u00f3n<\/p>\n<p>Chaqueta larga con ligero acolchado. Capucha envolvente con abertura a la altura de la barbilla con cremallera para proteger del viento. Pr\u00e1cticos bolsillos delanteros inclinados. Pu\u00f1os fruncidos con cord\u00f3n el\u00e1stico que crea un bonito efecto acampanado a la salida de las mangas. Deportiva y femenina al mismo tiempo. Perfecta para la temporada de transici\u00f3n.<\/p>\n<p>Material: 88 % poli\u00e9ster, 12% elastano<br \/>\nInstrucciones de cuidado: Lavar a m\u00e1quina<\/p>\n<p>Color: azul oscuro<br \/>\nPatr\u00f3n: sin<br \/>\nTalla:46<\/p>\n<p>Anchura de los hombros: 46 cm<br \/>\nAnchura del pecho: 120 cm<br \/>\nLongitud de la manga: 63 cm<br \/>\nLongitud total: 83 cm<\/p>","protected":false},"excerpt":{"rendered":"<table class=\"dv_characteristicsTable\">\n<tbody>\n<tr>\n<td class=\"left\">Talla<\/td>\n<td>46<\/td>\n<\/tr>\n<tr>\n<td class=\"left\">Gr\u00f6\u00dfentyp<\/td>\n<td>Normalgr\u00f6\u00dfen<\/td>\n<\/tr>\n<tr>\n<td class=\"left\">Composici\u00f3n del material<\/td>\n<td>88% Polyester, 12% Elasthan<\/td>\n<\/tr>\n<tr>\n<td class=\"left\">Materialeigenschaften<\/td>\n<td>wasserabweisend<\/td>\n<\/tr>\n<tr>\n<td class=\"left\">Instrucciones de cuidado<\/td>\n<td>Lavado a m\u00e1quina<\/td>\n<\/tr>\n<tr>\n<td class=\"left\">Stil<\/td>\n<td>sportlich<\/td>\n<\/tr>\n<tr>\n<td class=\"left\">Color<\/td>\n<td>Azul oscuro<\/td>\n<\/tr>\n<tr>\n<td class=\"left\">Ajuste<\/td>\n<td>schlank<\/td>\n<\/tr>\n<tr>\n<td class=\"left\">Herstellerpassform<\/td>\n<td>SLIM<\/td>\n<\/tr>\n<tr>\n<td class=\"left\">Schnittform L\u00e4nge<\/td>\n<td>lang<\/td>\n<\/tr>\n<tr>\n<td class=\"left\">Cap\u00f3<\/td>\n<td>mit Kapuze<\/td>\n<\/tr>\n<\/tbody>\n<\/table>","protected":false},"featured_media":82146,"comment_status":"open","ping_status":"closed","template":"","meta":{"_seopress_robots_primary_cat":"","_seopress_titles_title":"","_seopress_titles_desc":"","_seopress_robots_index":""},"product_brand":[],"product_cat":[1348,1354,1375,1376],"product_tag":[],"class_list":{"0":"post-82042","1":"product","2":"type-product","3":"status-publish","4":"has-post-thumbnail","6":"product_cat-damen-mode","7":"product_cat-jacken-maentel","8":"product_cat-winterjacken","9":"product_cat-daunenjacken-steppjacken","10":"product_shipping_class-standard-versand","12":"first","13":"instock","14":"sale","15":"taxable","16":"shipping-taxable","17":"purchasable","18":"product-type-simple"},"_links":{"self":[{"href":"https:\/\/www.soanam.de\/es\/wp-json\/wp\/v2\/product\/82042","targetHints":{"allow":["GET"]}}],"collection":[{"href":"https:\/\/www.soanam.de\/es\/wp-json\/wp\/v2\/product"}],"about":[{"href":"https:\/\/www.soanam.de\/es\/wp-json\/wp\/v2\/types\/product"}],"replies":[{"embeddable":true,"href":"https:\/\/www.soanam.de\/es\/wp-json\/wp\/v2\/comments?post=82042"}],"wp:featuredmedia":[{"embeddable":true,"href":"https:\/\/www.soanam.de\/es\/wp-json\/wp\/v2\/media\/82146"}],"wp:attachment":[{"href":"https:\/\/www.soanam.de\/es\/wp-json\/wp\/v2\/media?parent=82042"}],"wp:term":[{"taxonomy":"product_brand","embeddable":true,"href":"https:\/\/www.soanam.de\/es\/wp-json\/wp\/v2\/product_brand?post=82042"},{"taxonomy":"product_cat","embeddable":true,"href":"https:\/\/www.soanam.de\/es\/wp-json\/wp\/v2\/product_cat?post=82042"},{"taxonomy":"product_tag","embeddable":true,"href":"https:\/\/www.soanam.de\/es\/wp-json\/wp\/v2\/product_tag?post=82042"}],"curies":[{"name":"wp","href":"https:\/\/api.w.org\/{rel}","templated":true}]}}