{"id":81821,"date":"2023-12-14T02:06:45","date_gmt":"2023-12-14T01:06:45","guid":{"rendered":"https:\/\/www.soanam.de\/?post_type=product&#038;p=81821"},"modified":"2023-12-14T02:08:33","modified_gmt":"2023-12-14T01:08:33","slug":"my-home-spannbettlaken-paprika-2-stk-in-gruen-90cm-x-200cm","status":"publish","type":"product","link":"https:\/\/www.soanam.de\/es\/produkt\/my-home-spannbettlaken-paprika-2-stk-in-gruen-90cm-x-200cm\/","title":{"rendered":"my home Spannbettlaken Paprika, 2 Stk., in Gr\u00fcn, 90cm x 200cm"},"content":{"rendered":"<p>my home \u2013 2 Stk. Mikrofaser Spannbettlaken<br \/>\nF\u00fcr Matratzenh\u00f6he bis zu 18 cm<br \/>\nAus 100% Polyester hergestellt<br \/>\nB\u00fcgelfrei<br \/>\nBis 60\u00b0C waschbar<br \/>\n\u00d6ko-Tex 100 Standard gepr\u00fcft<br \/>\nHautfreundlich &amp; pflegeleicht<\/p>\n<p>Das Mikrofaser Spannbettlaken Paprika der Marke my home l\u00e4sst sich einfach und faltenfrei aufziehen, denn der rundum laufende Gummizug h\u00e4lt den Stoff sicher fest und verhindert das Herausrutschen.<br \/>\nDas Material ist pflegeleicht und nach \u00d6ko-Tex\u00ae Standard 100 zertifiziert.<br \/>\nEs kann bei 60\u00b0C Maschinenw\u00e4sche aufgefrischt werden und ist b\u00fcgelfrei.<\/p>\n<p>Material: poli\u00e9ster 100%<br \/>\nInstrucciones de cuidado: Lavar a m\u00e1quina<\/p>\n<p>Farbe: gr\u00fcn<br \/>\nPatr\u00f3n: sin<br \/>\nCantidad: 2 piezas<br \/>\nTama\u00f1o: 90 cm x 200 cm<\/p>","protected":false},"excerpt":{"rendered":"<table class=\"dv_characteristicsTable\">\n<tbody>\n<tr>\n<td class=\"left\">Anzahl Teile<\/td>\n<td>2 St.<\/td>\n<\/tr>\n<tr>\n<td class=\"left\">Gummizug<\/td>\n<td>rundum<\/td>\n<\/tr>\n<\/tbody>\n<\/table>\n<table class=\"dv_characteristicsTable\">\n<tbody>\n<tr>\n<td class=\"left\">Optik<\/td>\n<td>unifarben<\/td>\n<\/tr>\n<tr>\n<td class=\"left\">Color<\/td>\n<td>gr\u00fcn<\/td>\n<\/tr>\n<\/tbody>\n<\/table>\n<table class=\"dv_characteristicsTable\">\n<tbody>\n<tr>\n<td class=\"left\">Breite<\/td>\n<td>90 cm<\/td>\n<\/tr>\n<tr>\n<td class=\"left\">L\u00e4nge<\/td>\n<td>200 cm<\/td>\n<\/tr>\n<\/tbody>\n<\/table>\n<table class=\"dv_characteristicsTable\">\n<tbody>\n<tr>\n<td class=\"left\">Geeignet f\u00fcr Matratzenh\u00f6he<\/td>\n<td>18 cm<\/td>\n<\/tr>\n<tr>\n<td class=\"left\">Geeignet f\u00fcr Matratzengr\u00f6\u00dfe<\/td>\n<td>90x200 cm<\/td>\n<\/tr>\n<tr>\n<td class=\"left\">Geeignet f\u00fcr Matratzenart<\/td>\n<td>Standardmatratze<\/td>\n<\/tr>\n<\/tbody>\n<\/table>\n<table class=\"dv_characteristicsTable\">\n<tbody>\n<tr>\n<td class=\"left\">Materialart<\/td>\n<td>Microfaser<\/td>\n<\/tr>\n<tr>\n<td class=\"left\">Composici\u00f3n del material<\/td>\n<td>Material superior: poli\u00e9ster 100%<\/td>\n<\/tr>\n<tr>\n<td class=\"left\">Fl\u00e4chengewicht<\/td>\n<td>110 g\/m\u00b2<\/td>\n<\/tr>\n<\/tbody>\n<\/table>\n<table class=\"dv_characteristicsTable\">\n<tbody>\n<tr>\n<td class=\"left\">Instrucciones de cuidado<\/td>\n<td>60\u00b0C Maschinenw\u00e4sche<br \/>\ntrocknergeeignet<\/td>\n<\/tr>\n<\/tbody>\n<\/table>","protected":false},"featured_media":81912,"comment_status":"open","ping_status":"closed","template":"","meta":{"_seopress_robots_primary_cat":"","_seopress_titles_title":"","_seopress_titles_desc":"","_seopress_robots_index":""},"product_brand":[],"product_cat":[1400,1420],"product_tag":[],"class_list":{"0":"post-81821","1":"product","2":"type-product","3":"status-publish","4":"has-post-thumbnail","6":"product_cat-wohnzubehoer","7":"product_cat-wohndekoration","8":"product_shipping_class-standard-versand","10":"first","11":"instock","12":"sale","13":"taxable","14":"shipping-taxable","15":"purchasable","16":"product-type-simple"},"_links":{"self":[{"href":"https:\/\/www.soanam.de\/es\/wp-json\/wp\/v2\/product\/81821","targetHints":{"allow":["GET"]}}],"collection":[{"href":"https:\/\/www.soanam.de\/es\/wp-json\/wp\/v2\/product"}],"about":[{"href":"https:\/\/www.soanam.de\/es\/wp-json\/wp\/v2\/types\/product"}],"replies":[{"embeddable":true,"href":"https:\/\/www.soanam.de\/es\/wp-json\/wp\/v2\/comments?post=81821"}],"wp:featuredmedia":[{"embeddable":true,"href":"https:\/\/www.soanam.de\/es\/wp-json\/wp\/v2\/media\/81912"}],"wp:attachment":[{"href":"https:\/\/www.soanam.de\/es\/wp-json\/wp\/v2\/media?parent=81821"}],"wp:term":[{"taxonomy":"product_brand","embeddable":true,"href":"https:\/\/www.soanam.de\/es\/wp-json\/wp\/v2\/product_brand?post=81821"},{"taxonomy":"product_cat","embeddable":true,"href":"https:\/\/www.soanam.de\/es\/wp-json\/wp\/v2\/product_cat?post=81821"},{"taxonomy":"product_tag","embeddable":true,"href":"https:\/\/www.soanam.de\/es\/wp-json\/wp\/v2\/product_tag?post=81821"}],"curies":[{"name":"wp","href":"https:\/\/api.w.org\/{rel}","templated":true}]}}