{"id":81797,"date":"2023-12-14T02:06:16","date_gmt":"2023-12-14T01:06:16","guid":{"rendered":"https:\/\/www.soanam.de\/?post_type=product&#038;p=81797"},"modified":"2023-12-14T02:08:21","modified_gmt":"2023-12-14T01:08:21","slug":"otto-products-sabana-bajera-neele-2-piezas-en-menta-90cm-x-200cm","status":"publish","type":"product","link":"https:\/\/www.soanam.de\/es\/produkt\/otto-products-spannbettlaken-neele-2-stk-in-mint-90cm-x-200cm\/","title":{"rendered":"OTTO products s\u00e1bana bajera Neele, 2 piezas, en color menta, 90cm x 200cm"},"content":{"rendered":"<p>Productos OTTO - 2 s\u00e1banas bajeras<br \/>\nPara alturas de colch\u00f3n de hasta 20 cm<br \/>\nAgradable a la piel y f\u00e1cil de cuidar<br \/>\nCertificado GOTS<br \/>\nTejido de punto suave con cintura el\u00e1stica<\/p>\n<p>Las estupendas s\u00e1banas bajeras Neele de la marca Otto Products son sin\u00f3nimo de dise\u00f1o sencillo y cl\u00e1sico y sostenibilidad.<br \/>\nLa s\u00e1bana bajera est\u00e1 provista de una banda el\u00e1stica en todo el contorno, lo que facilita su colocaci\u00f3n y garantiza un buen ajuste.<br \/>\nEl tejido es de algod\u00f3n org\u00e1nico 100%, muy respetuoso con la piel y f\u00e1cil de cuidar; se puede lavar a m\u00e1quina hasta 60 \u00b0C y secar en secadora.<\/p>\n<p>Material: algod\u00f3n 100%<br \/>\nInstrucciones de cuidado: Lavar a m\u00e1quina<\/p>\n<p>Color: menta<br \/>\nPatr\u00f3n: sin<br \/>\nCantidad: 2 piezas<br \/>\nTama\u00f1o: 90 cm x 200 cm<\/p>","protected":false},"excerpt":{"rendered":"<table class=\"dv_characteristicsTable\">\n<tbody>\n<tr>\n<td class=\"left\">Anzahl Teile<\/td>\n<td>2 St.<\/td>\n<\/tr>\n<tr>\n<td class=\"left\">Gummizug<\/td>\n<td>rundum<\/td>\n<\/tr>\n<\/tbody>\n<\/table>\n<table class=\"dv_characteristicsTable\">\n<tbody>\n<tr>\n<td class=\"left\">Optik<\/td>\n<td>unifarben<\/td>\n<\/tr>\n<tr>\n<td class=\"left\">Color<\/td>\n<td>mint<\/td>\n<\/tr>\n<\/tbody>\n<\/table>\n<table class=\"dv_characteristicsTable\">\n<tbody>\n<tr>\n<td class=\"left\">Breite<\/td>\n<td>90 cm<\/td>\n<\/tr>\n<tr>\n<td class=\"left\">L\u00e4nge<\/td>\n<td>200 cm<\/td>\n<\/tr>\n<\/tbody>\n<\/table>\n<table class=\"dv_characteristicsTable\">\n<tbody>\n<tr>\n<td class=\"left\">Geeignet f\u00fcr Matratzenh\u00f6he<\/td>\n<td>20 cm<\/td>\n<\/tr>\n<tr>\n<td class=\"left\">Geeignet f\u00fcr Matratzengr\u00f6\u00dfe<\/td>\n<td>90x200 cm<\/td>\n<\/tr>\n<\/tbody>\n<\/table>\n<table class=\"dv_characteristicsTable\">\n<tbody>\n<tr>\n<td class=\"left\">Materialart<\/td>\n<td>Single-Jersey<\/td>\n<\/tr>\n<tr>\n<td class=\"left\">Composici\u00f3n del material<\/td>\n<td>Obermaterial: 100% Baumwolle<\/td>\n<\/tr>\n<tr>\n<td class=\"left\">Fl\u00e4chengewicht<\/td>\n<td>150 g\/m\u00b2<\/td>\n<\/tr>\n<\/tbody>\n<\/table>\n<table class=\"dv_characteristicsTable\">\n<tbody>\n<tr>\n<td class=\"left\">Instrucciones de cuidado<\/td>\n<td>60\u00b0C Maschinenw\u00e4sche<br \/>\nF\u00e1cil de limpiar<br \/>\ntrocknergeeignet<\/td>\n<\/tr>\n<\/tbody>\n<\/table>","protected":false},"featured_media":81901,"comment_status":"open","ping_status":"closed","template":"","meta":{"_seopress_robots_primary_cat":"","_seopress_titles_title":"","_seopress_titles_desc":"","_seopress_robots_index":""},"product_brand":[],"product_cat":[1400,1420],"product_tag":[],"class_list":{"0":"post-81797","1":"product","2":"type-product","3":"status-publish","4":"has-post-thumbnail","6":"product_cat-wohnzubehoer","7":"product_cat-wohndekoration","8":"product_shipping_class-standard-versand","10":"first","11":"instock","12":"sale","13":"taxable","14":"shipping-taxable","15":"purchasable","16":"product-type-simple"},"_links":{"self":[{"href":"https:\/\/www.soanam.de\/es\/wp-json\/wp\/v2\/product\/81797","targetHints":{"allow":["GET"]}}],"collection":[{"href":"https:\/\/www.soanam.de\/es\/wp-json\/wp\/v2\/product"}],"about":[{"href":"https:\/\/www.soanam.de\/es\/wp-json\/wp\/v2\/types\/product"}],"replies":[{"embeddable":true,"href":"https:\/\/www.soanam.de\/es\/wp-json\/wp\/v2\/comments?post=81797"}],"wp:featuredmedia":[{"embeddable":true,"href":"https:\/\/www.soanam.de\/es\/wp-json\/wp\/v2\/media\/81901"}],"wp:attachment":[{"href":"https:\/\/www.soanam.de\/es\/wp-json\/wp\/v2\/media?parent=81797"}],"wp:term":[{"taxonomy":"product_brand","embeddable":true,"href":"https:\/\/www.soanam.de\/es\/wp-json\/wp\/v2\/product_brand?post=81797"},{"taxonomy":"product_cat","embeddable":true,"href":"https:\/\/www.soanam.de\/es\/wp-json\/wp\/v2\/product_cat?post=81797"},{"taxonomy":"product_tag","embeddable":true,"href":"https:\/\/www.soanam.de\/es\/wp-json\/wp\/v2\/product_tag?post=81797"}],"curies":[{"name":"wp","href":"https:\/\/api.w.org\/{rel}","templated":true}]}}