{"id":80885,"date":"2023-12-14T01:40:32","date_gmt":"2023-12-14T00:40:32","guid":{"rendered":"https:\/\/www.soanam.de\/?post_type=product&#038;p=80885"},"modified":"2023-12-14T01:42:44","modified_gmt":"2023-12-14T00:42:44","slug":"only-cardigan-largo-onljade-en-gris-oscuro-melange-talla-m","status":"publish","type":"product","link":"https:\/\/www.soanam.de\/es\/produkt\/only-longstrickjacke-onljade-in-dark-grey-melange-groesse-m\/","title":{"rendered":"C\u00e1rdigan largo Only ONLJADE, en gris oscuro melange, talla M"},"content":{"rendered":"<p>Langer Cardigan von ONLY<br \/>\nMit gro\u00dfen aufgesetzten Taschen<br \/>\nBequeme, lange Form<br \/>\nKuschelig weiche Rippstrick-Qualit\u00e4t<\/p>\n<p>Der Cardigan in Langform von Only wirkt nicht nur dank seiner L\u00e4nge so sch\u00f6n leger, sondern auch durch die l\u00e4ssig offene Vorderseite.<br \/>\nGerippte B\u00fcndchen an den \u00c4rmelabschl\u00fcssen und am Saum sowie die gro\u00dfen offenen Taschen runden die Strickjacke optisch ab.<br \/>\nDie Rippstrickqualit\u00e4t tr\u00e4gt sich anschmiegsam und zeigt sich angenehm w\u00e4rmend.<\/p>\n<p>Material: 81% Polyacryl, 19% Polyester<br \/>\nInstrucciones de cuidado: Lavar a m\u00e1quina<\/p>\n<p>Farbe: col. dark grey melange<br \/>\nPatr\u00f3n: sin<br \/>\nTalla: M<\/p>\n<p>Anchura de los hombros: 33 cm<br \/>\nAnchura del pecho: 112 cm<br \/>\nLongitud de la manga: 60 cm<br \/>\nLongitud total: 92 cm<\/p>","protected":false},"excerpt":{"rendered":"<table class=\"dv_characteristicsTable\">\n<tbody>\n<tr>\n<td class=\"left\">Talla<\/td>\n<td>M<\/td>\n<\/tr>\n<tr>\n<td class=\"left\">Gr\u00f6\u00dfentyp<\/td>\n<td>Normalgr\u00f6\u00dfen<\/td>\n<\/tr>\n<tr>\n<td class=\"left\">Composici\u00f3n del material<\/td>\n<td>Obermaterial: 81% Polyacryl, 19% Polyester<\/td>\n<\/tr>\n<tr>\n<td class=\"left\">Materialart<\/td>\n<td>Grobstrick<\/td>\n<\/tr>\n<tr>\n<td class=\"left\">Instrucciones de cuidado<\/td>\n<td>Lavado a m\u00e1quina<\/td>\n<\/tr>\n<tr>\n<td class=\"left\">Stil<\/td>\n<td>casual<\/td>\n<\/tr>\n<tr>\n<td class=\"left\">Herstellerfarbbezeichnung<\/td>\n<td>col. dark grey melange<\/td>\n<\/tr>\n<tr>\n<td class=\"left\">Color<\/td>\n<td>dunkelgrau-meliert<\/td>\n<\/tr>\n<tr>\n<td class=\"left\">\u00c4rmel<\/td>\n<td>Manga larga<\/td>\n<\/tr>\n<tr>\n<td class=\"left\">Schnittform L\u00e4nge<\/td>\n<td>ca. Mitte Oberschenkel<\/td>\n<\/tr>\n<\/tbody>\n<\/table>","protected":false},"featured_media":80994,"comment_status":"open","ping_status":"closed","template":"","meta":{"_seopress_robots_primary_cat":"","_seopress_titles_title":"","_seopress_titles_desc":"","_seopress_robots_index":""},"product_brand":[],"product_cat":[1348,1354,1603],"product_tag":[],"class_list":{"0":"post-80885","1":"product","2":"type-product","3":"status-publish","4":"has-post-thumbnail","6":"product_cat-damen-mode","7":"product_cat-jacken-maentel","8":"product_cat-cardigan","9":"product_shipping_class-standard-versand","11":"first","12":"instock","13":"taxable","14":"shipping-taxable","15":"purchasable","16":"product-type-simple"},"_links":{"self":[{"href":"https:\/\/www.soanam.de\/es\/wp-json\/wp\/v2\/product\/80885","targetHints":{"allow":["GET"]}}],"collection":[{"href":"https:\/\/www.soanam.de\/es\/wp-json\/wp\/v2\/product"}],"about":[{"href":"https:\/\/www.soanam.de\/es\/wp-json\/wp\/v2\/types\/product"}],"replies":[{"embeddable":true,"href":"https:\/\/www.soanam.de\/es\/wp-json\/wp\/v2\/comments?post=80885"}],"wp:featuredmedia":[{"embeddable":true,"href":"https:\/\/www.soanam.de\/es\/wp-json\/wp\/v2\/media\/80994"}],"wp:attachment":[{"href":"https:\/\/www.soanam.de\/es\/wp-json\/wp\/v2\/media?parent=80885"}],"wp:term":[{"taxonomy":"product_brand","embeddable":true,"href":"https:\/\/www.soanam.de\/es\/wp-json\/wp\/v2\/product_brand?post=80885"},{"taxonomy":"product_cat","embeddable":true,"href":"https:\/\/www.soanam.de\/es\/wp-json\/wp\/v2\/product_cat?post=80885"},{"taxonomy":"product_tag","embeddable":true,"href":"https:\/\/www.soanam.de\/es\/wp-json\/wp\/v2\/product_tag?post=80885"}],"curies":[{"name":"wp","href":"https:\/\/api.w.org\/{rel}","templated":true}]}}