{"id":80760,"date":"2023-12-14T01:37:37","date_gmt":"2023-12-14T00:37:37","guid":{"rendered":"https:\/\/www.soanam.de\/?post_type=product&#038;p=80760"},"modified":"2023-12-14T01:39:59","modified_gmt":"2023-12-14T00:39:59","slug":"pia-deges-basteln-mit-natur-edicion-encuadernada-aleman-2016","status":"publish","type":"product","link":"https:\/\/www.soanam.de\/es\/produkt\/pia-deges-basteln-mit-natur-gebundene-ausgabe-deutsch-2016\/","title":{"rendered":"Pia Deges \" Basteln mit Natur \" edici\u00f3n tapa dura, alem\u00e1n, 2016"},"content":{"rendered":"<h3>Descripci\u00f3n del producto<\/h3>\n<p>Ideas creativas llenas de color para los ni\u00f1os<\/p>\n<p>La naturaleza es un enorme tesoro escondido, y as\u00ed lo demuestra este colorido libro de manualidades de la popular autora Pia Deges. Proyectos tan variados como tazas de caf\u00e9 hechas con bellotas, extraterrestres de calabaza o atrapasoles de flores muestran lo vers\u00e1til y divertido que puede ser trabajar con materiales naturales.<\/p>\n<p><strong>detalles<\/strong><br \/>\nEncuadernaci\u00f3n: r\u00fastica<br \/>\nN\u00famero de p\u00e1ginas: 128<br \/>\nEdad recomendada: 5 - 7 a\u00f1o(s)<br \/>\nFecha de publicaci\u00f3n: 15.06.2016<br \/>\nIdioma: alem\u00e1n<br \/>\nISBN: 978-3-7724-7653-2<br \/>\nEditor: Frech<br \/>\nDimensiones (L\/A\/A): 28,4\/21,5\/1,7 cm<br \/>\nPeso: 751 g<br \/>\nIlustraciones: con numerosas ilustraciones<\/p>","protected":false},"excerpt":{"rendered":"<h3>Artikelmerkmale<\/h3>\n<p>Artikelzustand: Neu - Neues, ungelesenes, ungebrauchtes Buch in makellosem Zustand<\/p>\n<table dir=\"ltr\" border=\"1\" cellspacing=\"0\" cellpadding=\"0\">\n<colgroup>\n<col width=\"194\" \/>\n<col width=\"256\" \/><\/colgroup>\n<tbody>\n<tr>\n<td data-sheets-value=\"{&quot;1&quot;:2,&quot;2&quot;:&quot;Ausgabejahr:&quot;}\">Ausgabejahr:<\/td>\n<td data-sheets-value=\"{&quot;1&quot;:3,&quot;3&quot;:2016}\">2016<\/td>\n<\/tr>\n<tr>\n<td data-sheets-value=\"{&quot;1&quot;:2,&quot;2&quot;:&quot;Besonderheiten:&quot;}\">Caracter\u00edsticas especiales:<\/td>\n<td data-sheets-value=\"{&quot;1&quot;:2,&quot;2&quot;:&quot;Illustriert&quot;}\">Illustriert<\/td>\n<\/tr>\n<tr>\n<td data-sheets-value=\"{&quot;1&quot;:2,&quot;2&quot;:&quot;EAN:&quot;}\">EAN:<\/td>\n<td data-sheets-value=\"{&quot;1&quot;:3,&quot;3&quot;:9783772476532}\">9783772476532<\/td>\n<\/tr>\n<tr>\n<td data-sheets-value=\"{&quot;1&quot;:2,&quot;2&quot;:&quot;Erscheinungsmonat:&quot;}\">Erscheinungsmonat:<\/td>\n<td data-sheets-value=\"{&quot;1&quot;:2,&quot;2&quot;:&quot;Juni&quot;}\">Juni<\/td>\n<\/tr>\n<tr>\n<td data-sheets-value=\"{&quot;1&quot;:2,&quot;2&quot;:&quot;Genre:&quot;}\">Genre:<\/td>\n<td data-sheets-value=\"{&quot;1&quot;:2,&quot;2&quot;:&quot;Basteln&quot;}\">Artesan\u00eda<\/td>\n<\/tr>\n<tr>\n<td data-sheets-value=\"{&quot;1&quot;:2,&quot;2&quot;:&quot;ISSN:&quot;}\">ISSN:<\/td>\n<td data-sheets-value=\"{&quot;1&quot;:2,&quot;2&quot;:&quot;978-3-7724-7653-2&quot;}\">978-3-7724-7653-2<\/td>\n<\/tr>\n<tr>\n<td data-sheets-value=\"{&quot;1&quot;:2,&quot;2&quot;:&quot;Mitwirkende:&quot;}\">Mitwirkende:<\/td>\n<td data-sheets-value=\"{&quot;1&quot;:2,&quot;2&quot;:&quot;nicht zutreffend&quot;}\">nicht zutreffend<\/td>\n<\/tr>\n<tr>\n<td data-sheets-value=\"{&quot;1&quot;:2,&quot;2&quot;:&quot;Sprache:&quot;}\">Sprache:<\/td>\n<td data-sheets-value=\"{&quot;1&quot;:2,&quot;2&quot;:&quot;Deutsch&quot;}\">Alem\u00e1n<\/td>\n<\/tr>\n<tr>\n<td data-sheets-value=\"{&quot;1&quot;:2,&quot;2&quot;:&quot;Thematik:&quot;}\">Thematik:<\/td>\n<td data-sheets-value=\"{&quot;1&quot;:2,&quot;2&quot;:&quot;Natur&quot;}\">Natur<\/td>\n<\/tr>\n<tr>\n<td data-sheets-value=\"{&quot;1&quot;:2,&quot;2&quot;:&quot;Verlag:&quot;}\">Verlag:<\/td>\n<td data-sheets-value=\"{&quot;1&quot;:2,&quot;2&quot;:&quot;Frech, Frech Verlag Gmbh&quot;}\">Frech, Frech Verlag Gmbh<\/td>\n<\/tr>\n<tr>\n<td data-sheets-value=\"{&quot;1&quot;:2,&quot;2&quot;:&quot;Zeitschriftentitel:&quot;}\">Zeitschriftentitel:<\/td>\n<td data-sheets-value=\"{&quot;1&quot;:2,&quot;2&quot;:&quot;Basteln mit Natur&quot;}\">Basteln mit Natur<\/td>\n<\/tr>\n<\/tbody>\n<\/table>","protected":false},"featured_media":80864,"comment_status":"open","ping_status":"closed","template":"","meta":{"_seopress_robots_primary_cat":"","_seopress_titles_title":"","_seopress_titles_desc":"","_seopress_robots_index":""},"product_brand":[],"product_cat":[1428,1431,1432,1435,1462],"product_tag":[],"class_list":{"0":"post-80760","1":"product","2":"type-product","3":"status-publish","4":"has-post-thumbnail","6":"product_cat-buecher","7":"product_cat-kinder","8":"product_cat-bilderbuecher","9":"product_cat-spielzeug","10":"product_cat-basteln","11":"product_shipping_class-standard-versand","13":"first","14":"instock","15":"sale","16":"taxable","17":"shipping-taxable","18":"purchasable","19":"product-type-simple"},"_links":{"self":[{"href":"https:\/\/www.soanam.de\/es\/wp-json\/wp\/v2\/product\/80760","targetHints":{"allow":["GET"]}}],"collection":[{"href":"https:\/\/www.soanam.de\/es\/wp-json\/wp\/v2\/product"}],"about":[{"href":"https:\/\/www.soanam.de\/es\/wp-json\/wp\/v2\/types\/product"}],"replies":[{"embeddable":true,"href":"https:\/\/www.soanam.de\/es\/wp-json\/wp\/v2\/comments?post=80760"}],"wp:featuredmedia":[{"embeddable":true,"href":"https:\/\/www.soanam.de\/es\/wp-json\/wp\/v2\/media\/80864"}],"wp:attachment":[{"href":"https:\/\/www.soanam.de\/es\/wp-json\/wp\/v2\/media?parent=80760"}],"wp:term":[{"taxonomy":"product_brand","embeddable":true,"href":"https:\/\/www.soanam.de\/es\/wp-json\/wp\/v2\/product_brand?post=80760"},{"taxonomy":"product_cat","embeddable":true,"href":"https:\/\/www.soanam.de\/es\/wp-json\/wp\/v2\/product_cat?post=80760"},{"taxonomy":"product_tag","embeddable":true,"href":"https:\/\/www.soanam.de\/es\/wp-json\/wp\/v2\/product_tag?post=80760"}],"curies":[{"name":"wp","href":"https:\/\/api.w.org\/{rel}","templated":true}]}}