{"id":79031,"date":"2023-12-13T21:58:16","date_gmt":"2023-12-13T20:58:16","guid":{"rendered":"https:\/\/www.soanam.de\/?post_type=product&#038;p=79031"},"modified":"2023-12-13T22:01:04","modified_gmt":"2023-12-13T21:01:04","slug":"ragwear-funcional-chaqueta-monadis-sarga-da-invierno-chaqueta-parka-abrigo-corto-gr-m","status":"publish","type":"product","link":"https:\/\/www.soanam.de\/es\/produkt\/ragwear-funktionsjacke-monadis-twill-da-winterjacke-parka-kurzmantel-gr-m\/","title":{"rendered":"Chaqueta funcional Ragwear Monadis Twill-Da. Chaqueta de invierno, parka, abrigo corto talla M"},"content":{"rendered":"<h3>Descripci\u00f3n de la<\/h3>\n<p>Art\u00edculo deportivohierarchy: Streetwear<br \/>\nSexo: Mujeres<br \/>\nTipo de producto: Chaqueta<br \/>\nProducci\u00f3n vegana<br \/>\nC\u00e1lido forro de peluche<\/p>\n<p><strong>Traje MONADIS TWILL.<\/strong><\/p>\n<p>Chaqueta vegana con c\u00e1lido forro de pelo de peluche; amplia capucha; cuello con protector de barbilla; cremallera frontal oculta con tapeta de botones autom\u00e1ticos; pu\u00f1os con polainas el\u00e1sticas integradas; cintura con cord\u00f3n; c\u00e1lidos bolsillos laterales forrados con botones autom\u00e1ticos; detalles de piel sint\u00e9tica;<br \/>\nMaterial I 100% poli\u00e9ster, material II 65% poli\u00e9ster, 35% algod\u00f3n.<\/p>\n<p><strong>Composici\u00f3n del material<\/strong><\/p>\n<p>Material exterior: poli\u00e9ster 65%, algod\u00f3n 35%<br \/>\nForro: Poli\u00e9ster 100%;<br \/>\nTranspirabilidad: s\u00ed g\/m\u00b2\/24h<br \/>\nInstrucciones de cuidado: Lavado suave<br \/>\nColor: azul oscuro<br \/>\nAjuste: normal<br \/>\nCorte del fabricante: corte normal<br \/>\nCapucha: con capucha<\/p>","protected":false},"excerpt":{"rendered":"<h3>Artikelmerkmale<\/h3>\n<p>Estado del art\u00edculo: Nuevo con etiqueta: Art\u00edculo nuevo, sin usar y sin estrenar, en su embalaje original.<\/p>\n<table border=\"0\" frame=\"VOID\" rules=\"NONE\" cellspacing=\"0\">\n<colgroup>\n<col width=\"141\" \/>\n<col width=\"154\" \/><\/colgroup>\n<tbody>\n<tr>\n<td align=\"LEFT\" width=\"141\" height=\"17\">Abteilung:<\/td>\n<td align=\"LEFT\" width=\"154\">Damen<\/td>\n<\/tr>\n<tr>\n<td align=\"LEFT\" height=\"17\">Akzente:<\/td>\n<td align=\"LEFT\">Cierre de cremallera<\/td>\n<\/tr>\n<tr>\n<td align=\"LEFT\" height=\"17\">Anlass:<\/td>\n<td align=\"LEFT\">Freizeit<\/td>\n<\/tr>\n<tr>\n<td align=\"LEFT\" height=\"17\">Ausschnitt:<\/td>\n<td align=\"LEFT\">Cap\u00f3<\/td>\n<\/tr>\n<tr>\n<td align=\"LEFT\" height=\"17\">Au\u00dfenmaterial:<\/td>\n<td align=\"LEFT\">Poli\u00e9ster<\/td>\n<\/tr>\n<tr>\n<td align=\"LEFT\" height=\"17\">Caracter\u00edsticas especiales:<\/td>\n<td align=\"LEFT\">Atmungsaktiv, Gef\u00fcttert<\/td>\n<\/tr>\n<tr>\n<td align=\"LEFT\" height=\"17\">Color:<\/td>\n<td align=\"LEFT\">Azul<\/td>\n<\/tr>\n<tr>\n<td align=\"LEFT\" height=\"17\">Futtermaterial:<\/td>\n<td align=\"LEFT\">Poli\u00e9ster<\/td>\n<\/tr>\n<tr>\n<td align=\"LEFT\" height=\"17\">Gr\u00f6\u00dfe:<\/td>\n<td align=\"LEFT\">M, L<\/td>\n<\/tr>\n<tr>\n<td align=\"LEFT\" height=\"17\">Gr\u00f6\u00dfenkategorie:<\/td>\n<td align=\"LEFT\">Normalgr\u00f6\u00dfe<\/td>\n<\/tr>\n<tr>\n<td align=\"LEFT\" height=\"17\">Isoliermaterial:<\/td>\n<td align=\"LEFT\">Poli\u00e9ster<\/td>\n<\/tr>\n<tr>\n<td align=\"LEFT\" height=\"17\">Jacken-\/Mantell\u00e4nge:<\/td>\n<td align=\"LEFT\">Halblang<\/td>\n<\/tr>\n<tr>\n<td align=\"LEFT\" height=\"17\">Jahreszeit:<\/td>\n<td align=\"LEFT\">Winter<\/td>\n<\/tr>\n<tr>\n<td align=\"LEFT\" height=\"17\">L\u00e4nge:<\/td>\n<td align=\"LEFT\">H\u00fcftlang<\/td>\n<\/tr>\n<tr>\n<td align=\"LEFT\" height=\"17\">Marke:<\/td>\n<td align=\"LEFT\">Ropa de trapo<\/td>\n<\/tr>\n<tr>\n<td align=\"LEFT\" height=\"17\">Modell:<\/td>\n<td align=\"LEFT\">Monadis Twill<\/td>\n<\/tr>\n<tr>\n<td align=\"LEFT\" height=\"17\">Patr\u00f3n:<\/td>\n<td align=\"LEFT\">Ohne Muster<\/td>\n<\/tr>\n<tr>\n<td align=\"LEFT\" height=\"17\">Produktart:<\/td>\n<td align=\"LEFT\">Jacke<\/td>\n<\/tr>\n<tr>\n<td align=\"LEFT\" height=\"17\">Stil:<\/td>\n<td align=\"LEFT\">Winterjacke<\/td>\n<\/tr>\n<tr>\n<td align=\"LEFT\" height=\"17\">Textilpflege:<\/td>\n<td align=\"LEFT\">Lavado a m\u00e1quina<\/td>\n<\/tr>\n<tr>\n<td align=\"LEFT\" height=\"17\">Thema:<\/td>\n<td align=\"LEFT\">Outdoor<\/td>\n<\/tr>\n<tr>\n<td align=\"LEFT\" height=\"17\">Verschluss:<\/td>\n<td align=\"LEFT\">Cierre de cremallera<\/td>\n<\/tr>\n<tr>\n<td align=\"LEFT\" height=\"17\">Vintage:<\/td>\n<td align=\"LEFT\">Nein<\/td>\n<\/tr>\n<\/tbody>\n<\/table>","protected":false},"featured_media":79138,"comment_status":"open","ping_status":"closed","template":"","meta":{"_seopress_robots_primary_cat":"","_seopress_titles_title":"","_seopress_titles_desc":"","_seopress_robots_index":""},"product_brand":[],"product_cat":[1348,1354,1375,1556],"product_tag":[],"class_list":{"0":"post-79031","1":"product","2":"type-product","3":"status-publish","4":"has-post-thumbnail","6":"product_cat-damen-mode","7":"product_cat-jacken-maentel","8":"product_cat-winterjacken","9":"product_cat-funktionsjacken-winterjacken","10":"product_shipping_class-standard-versand","12":"first","13":"instock","14":"sale","15":"taxable","16":"shipping-taxable","17":"purchasable","18":"product-type-simple"},"_links":{"self":[{"href":"https:\/\/www.soanam.de\/es\/wp-json\/wp\/v2\/product\/79031","targetHints":{"allow":["GET"]}}],"collection":[{"href":"https:\/\/www.soanam.de\/es\/wp-json\/wp\/v2\/product"}],"about":[{"href":"https:\/\/www.soanam.de\/es\/wp-json\/wp\/v2\/types\/product"}],"replies":[{"embeddable":true,"href":"https:\/\/www.soanam.de\/es\/wp-json\/wp\/v2\/comments?post=79031"}],"wp:featuredmedia":[{"embeddable":true,"href":"https:\/\/www.soanam.de\/es\/wp-json\/wp\/v2\/media\/79138"}],"wp:attachment":[{"href":"https:\/\/www.soanam.de\/es\/wp-json\/wp\/v2\/media?parent=79031"}],"wp:term":[{"taxonomy":"product_brand","embeddable":true,"href":"https:\/\/www.soanam.de\/es\/wp-json\/wp\/v2\/product_brand?post=79031"},{"taxonomy":"product_cat","embeddable":true,"href":"https:\/\/www.soanam.de\/es\/wp-json\/wp\/v2\/product_cat?post=79031"},{"taxonomy":"product_tag","embeddable":true,"href":"https:\/\/www.soanam.de\/es\/wp-json\/wp\/v2\/product_tag?post=79031"}],"curies":[{"name":"wp","href":"https:\/\/api.w.org\/{rel}","templated":true}]}}