{"id":78966,"date":"2023-12-13T21:56:51","date_gmt":"2023-12-13T20:56:51","guid":{"rendered":"https:\/\/www.soanam.de\/?post_type=product&#038;p=78966"},"modified":"2023-12-13T21:59:05","modified_gmt":"2023-12-13T20:59:05","slug":"camiseta-sujetador-copa-lascana-en-negro-talla-90e","status":"publish","type":"product","link":"https:\/\/www.soanam.de\/es\/produkt\/lascana-schalen-bh-hemd-in-schwarz-groesse-90e\/","title":{"rendered":"Sujetador de copa LASCANA, en negro, talla 90E"},"content":{"rendered":"<p>Top con sujetador de copas integrado<br \/>\nCarcasa ultrafina, flexible y transpirable<br \/>\nAros integrados para una sujeci\u00f3n \u00f3ptima<br \/>\nTejido de la camisa de microfibra fina<\/p>\n<p>Las copas moldeadas sin costuras est\u00e1n confeccionadas en un tejido ultrafino, flexible y transpirable, los aros integrados garantizan una sujeci\u00f3n \u00f3ptima y los tirantes son ajustables individualmente.<br \/>\nLa camiseta est\u00e1 hecha de un material de microfibra agradablemente suave.<br \/>\nEl top LASCANA con sujetador de copas integrado es sencillamente magn\u00edfico.<\/p>\n<p>Material: 79% poliamida, 21% elast\u00e1n<br \/>\nInstrucciones de cuidado: Lavar a mano<\/p>\n<p>Color: negro<br \/>\nPatr\u00f3n: sin<br \/>\nTama\u00f1o: 90E<\/p>\n<p>Circunferencia bajo el pecho: 90<br \/>\nTalla de copa: Copa E<\/p>\n<p>Longitud total: 60 cm<\/p>","protected":false},"excerpt":{"rendered":"<table class=\"dv_characteristicsTable\">\n<caption>\u00a0<\/caption>\n<tbody>\n<tr>\n<td class=\"left\">K\u00f6rbchengr\u00f6\u00dfe<\/td>\n<td>Cup E<\/td>\n<\/tr>\n<tr>\n<td class=\"left\">Unterbrustumfang<\/td>\n<td>90<\/td>\n<\/tr>\n<\/tbody>\n<\/table>\n<table class=\"dv_characteristicsTable\">\n<caption>\u00a0<\/caption>\n<tbody>\n<tr>\n<td class=\"left\">Color<\/td>\n<td>schwarz<\/td>\n<\/tr>\n<\/tbody>\n<\/table>\n<table class=\"dv_characteristicsTable\">\n<tbody>\n<tr>\n<td class=\"left\">Composici\u00f3n del material<\/td>\n<td>\u00a079% Polyamid, 21% Elasthan<\/td>\n<\/tr>\n<tr>\n<td class=\"left\">Instrucciones de cuidado<\/td>\n<td>Lavar a mano<\/td>\n<\/tr>\n<\/tbody>\n<\/table>\n<table class=\"dv_characteristicsTable\">\n<tbody>\n<tr>\n<td class=\"left\">Stil<\/td>\n<td>klassisch<\/td>\n<\/tr>\n<\/tbody>\n<\/table>\n<table class=\"dv_characteristicsTable\">\n<tbody>\n<tr>\n<td class=\"left\">Cupdetails<\/td>\n<td>mit Schale<\/td>\n<\/tr>\n<tr>\n<td class=\"left\">B\u00fcgel<\/td>\n<td>mit B\u00fcgel<\/td>\n<\/tr>\n<\/tbody>\n<\/table>\n<table class=\"dv_characteristicsTable\">\n<tbody>\n<tr>\n<td class=\"left\">Verschluss<\/td>\n<td>Haken &amp; \u00d6sen<\/td>\n<\/tr>\n<\/tbody>\n<\/table>","protected":false},"featured_media":79073,"comment_status":"open","ping_status":"closed","template":"","meta":{"_seopress_robots_primary_cat":"","_seopress_titles_title":"","_seopress_titles_desc":"","_seopress_robots_index":""},"product_brand":[],"product_cat":[1348,1444,1516,1554],"product_tag":[],"class_list":{"0":"post-78966","1":"product","2":"type-product","3":"status-publish","4":"has-post-thumbnail","6":"product_cat-damen-mode","7":"product_cat-unterwaesche","8":"product_cat-bhs","9":"product_cat-unterhemden","10":"product_shipping_class-standard-versand","12":"first","13":"instock","14":"sale","15":"taxable","16":"shipping-taxable","17":"purchasable","18":"product-type-simple"},"_links":{"self":[{"href":"https:\/\/www.soanam.de\/es\/wp-json\/wp\/v2\/product\/78966","targetHints":{"allow":["GET"]}}],"collection":[{"href":"https:\/\/www.soanam.de\/es\/wp-json\/wp\/v2\/product"}],"about":[{"href":"https:\/\/www.soanam.de\/es\/wp-json\/wp\/v2\/types\/product"}],"replies":[{"embeddable":true,"href":"https:\/\/www.soanam.de\/es\/wp-json\/wp\/v2\/comments?post=78966"}],"wp:featuredmedia":[{"embeddable":true,"href":"https:\/\/www.soanam.de\/es\/wp-json\/wp\/v2\/media\/79073"}],"wp:attachment":[{"href":"https:\/\/www.soanam.de\/es\/wp-json\/wp\/v2\/media?parent=78966"}],"wp:term":[{"taxonomy":"product_brand","embeddable":true,"href":"https:\/\/www.soanam.de\/es\/wp-json\/wp\/v2\/product_brand?post=78966"},{"taxonomy":"product_cat","embeddable":true,"href":"https:\/\/www.soanam.de\/es\/wp-json\/wp\/v2\/product_cat?post=78966"},{"taxonomy":"product_tag","embeddable":true,"href":"https:\/\/www.soanam.de\/es\/wp-json\/wp\/v2\/product_tag?post=78966"}],"curies":[{"name":"wp","href":"https:\/\/api.w.org\/{rel}","templated":true}]}}