{"id":78141,"date":"2023-12-13T21:12:15","date_gmt":"2023-12-13T20:12:15","guid":{"rendered":"https:\/\/www.soanam.de\/?post_type=product&#038;p=78141"},"modified":"2023-12-13T21:14:55","modified_gmt":"2023-12-13T20:14:55","slug":"oversized-wollmantel-zweireihig-aus-gefilzter-wolle-bindeguertel-dunkelgrau-gr-l","status":"publish","type":"product","link":"https:\/\/www.soanam.de\/es\/produkt\/oversized-wollmantel-zweireihig-aus-gefilzter-wolle-bindeguertel-dunkelgrau-gr-l\/","title":{"rendered":"Abrigo oversize de lana, doble botonadura, de lana afieltrada, cintur\u00f3n de anudar, gris oscuro, talla L"},"content":{"rendered":"<h3>Descripci\u00f3n de la<\/h3>\n<ul>\n<li>Knielanger, zweireihiger Mantel aus weicher gefilzter Wolle mit Kaschmiranteil<\/li>\n<li>Modell mit Kragen, Revers und einem breiten abnehmbaren Bindeg\u00fcrtel in der Taille<\/li>\n<li>Schr\u00e4ge Vordertaschen mit Patte, \u00fcberschnittene Schultern und lange, weite \u00c4rmel mit Manschetten<\/li>\n<li>Gehschlitz im R\u00fccken<\/li>\n<li>Ungef\u00fcttert<\/li>\n<\/ul>\n<p><strong>Color: <\/strong>Dunkelgraumeliert (Einfarbig)<strong><br \/>\nGr\u00f6\u00dfe:<\/strong> Das Model ist 174cm\/5'9\" gro\u00df und tr\u00e4gt Gr\u00f6\u00dfe S<br \/>\n<strong>En forma:<\/strong> Oversize<br \/>\n<strong>Composici\u00f3n:<\/strong> \u00c4u\u00dfere Schicht: Wolle 96%, Kaschmir 4% Taschenfutter: Viskose 100%<\/p>\n<p><strong>detalles<\/strong><\/p>\n<ul>\n<li>Gr\u00f6\u00dfe: R\u00fcckseite: L\u00e4nge: 111.5 cm (Gr\u00f6\u00dfe M)<\/li>\n<li>Longitud de la manga: Manga larga<\/li>\n<li>Passform: Oversize<\/li>\n<\/ul>\n<p><strong>Composici\u00f3n<\/strong><\/p>\n<ul>\n<li>\u00c4u\u00dfere Schicht: Wolle 96%, Kaschmir 4%<\/li>\n<li>Taschenfutter: Viskose 100%<\/li>\n<\/ul>\n<p><strong>Instrucciones de cuidado<\/strong><\/p>\n<ul>\n<li>Chemische Reinigung<\/li>\n<\/ul>\n<p><strong>Material<\/strong><\/p>\n<ul>\n<li>Lana<\/li>\n<\/ul>\n<p><strong>Wissenswertes<\/strong><\/p>\n<ul>\n<li>Premium Selection<\/li>\n<\/ul>","protected":false},"excerpt":{"rendered":"<h3>Artikelmerkmale<\/h3>\n<p>Estado del art\u00edculo: Nuevo con etiqueta: Art\u00edculo nuevo, sin usar y sin estrenar, en su embalaje original.<\/p>\n<table border=\"0\" frame=\"VOID\" rules=\"NONE\" cellspacing=\"0\">\n<colgroup>\n<col width=\"116\" \/>\n<col width=\"152\" \/><\/colgroup>\n<tbody>\n<tr>\n<td align=\"LEFT\" width=\"116\" height=\"18\">Abteilung:<\/td>\n<td align=\"LEFT\" width=\"152\">Damen<\/td>\n<\/tr>\n<tr>\n<td align=\"LEFT\" height=\"18\">Akzente:<\/td>\n<td align=\"LEFT\">Knopf<\/td>\n<\/tr>\n<tr>\n<td align=\"LEFT\" height=\"18\">Anlass:<\/td>\n<td align=\"LEFT\">Business, Freizeit<\/td>\n<\/tr>\n<tr>\n<td align=\"LEFT\" height=\"18\">Au\u00dfenmaterial:<\/td>\n<td align=\"LEFT\">Lana<\/td>\n<\/tr>\n<tr>\n<td align=\"LEFT\" height=\"18\">Caracter\u00edsticas especiales:<\/td>\n<td align=\"LEFT\">Mit G\u00fcrtel<\/td>\n<\/tr>\n<tr>\n<td align=\"LEFT\" height=\"18\">Charakter:<\/td>\n<td align=\"LEFT\">ohne<\/td>\n<\/tr>\n<tr>\n<td align=\"LEFT\" height=\"18\">EAN:<\/td>\n<td align=\"LEFT\">nichtzutreffend<\/td>\n<\/tr>\n<tr>\n<td align=\"LEFT\" height=\"18\">Color:<\/td>\n<td align=\"LEFT\">Gris<\/td>\n<\/tr>\n<tr>\n<td align=\"LEFT\" height=\"18\">Futtermaterial:<\/td>\n<td align=\"LEFT\">Kaschmir<\/td>\n<\/tr>\n<tr>\n<td align=\"LEFT\" height=\"18\">Gewebeart:<\/td>\n<td align=\"LEFT\">gefilzter Wolle<\/td>\n<\/tr>\n<tr>\n<td align=\"LEFT\" height=\"18\">Gr\u00f6\u00dfe:<\/td>\n<td align=\"LEFT\">L<\/td>\n<\/tr>\n<tr>\n<td align=\"LEFT\" height=\"18\">Gr\u00f6\u00dfenkategorie:<\/td>\n<td align=\"LEFT\">Normalgr\u00f6\u00dfe<\/td>\n<\/tr>\n<tr>\n<td align=\"LEFT\" height=\"18\">Isoliermaterial:<\/td>\n<td align=\"LEFT\">Poli\u00e9ster<\/td>\n<\/tr>\n<tr>\n<td align=\"LEFT\" height=\"18\">Jacken-\/Mantell\u00e4nge:<\/td>\n<td align=\"LEFT\">Lang<\/td>\n<\/tr>\n<tr>\n<td align=\"LEFT\" height=\"18\">Jahreszeit:<\/td>\n<td align=\"LEFT\">Herbst, Winter<\/td>\n<\/tr>\n<tr>\n<td align=\"LEFT\" height=\"18\">Marke:<\/td>\n<td align=\"LEFT\">H&amp;M<\/td>\n<\/tr>\n<tr>\n<td align=\"LEFT\" height=\"18\">Modell:<\/td>\n<td align=\"LEFT\">ohne Angabe<\/td>\n<\/tr>\n<tr>\n<td align=\"LEFT\" height=\"18\">Patr\u00f3n:<\/td>\n<td align=\"LEFT\">Ohne Muster<\/td>\n<\/tr>\n<tr>\n<td align=\"LEFT\" height=\"18\">Produktart:<\/td>\n<td align=\"LEFT\">Mantel<\/td>\n<\/tr>\n<tr>\n<td align=\"LEFT\" height=\"18\">Stil:<\/td>\n<td align=\"LEFT\">Mantel<\/td>\n<\/tr>\n<tr>\n<td align=\"LEFT\" height=\"18\">Thema:<\/td>\n<td align=\"LEFT\">Elegant<\/td>\n<\/tr>\n<tr>\n<td align=\"LEFT\" height=\"18\">Verschluss:<\/td>\n<td align=\"LEFT\">Knopf<\/td>\n<\/tr>\n<tr>\n<td align=\"LEFT\" height=\"18\">Vintage:<\/td>\n<td align=\"LEFT\">Nein<\/td>\n<\/tr>\n<\/tbody>\n<\/table>","protected":false},"featured_media":78258,"comment_status":"open","ping_status":"closed","template":"","meta":{"_seopress_robots_primary_cat":"","_seopress_titles_title":"","_seopress_titles_desc":"","_seopress_robots_index":""},"product_brand":[],"product_cat":[1348,1354,1355,1356],"product_tag":[],"class_list":{"0":"post-78141","1":"product","2":"type-product","3":"status-publish","4":"has-post-thumbnail","6":"product_cat-damen-mode","7":"product_cat-jacken-maentel","8":"product_cat-maentel","9":"product_cat-wintermaentel","10":"product_shipping_class-standard-versand","12":"first","13":"instock","14":"sale","15":"taxable","16":"shipping-taxable","17":"purchasable","18":"product-type-simple"},"_links":{"self":[{"href":"https:\/\/www.soanam.de\/es\/wp-json\/wp\/v2\/product\/78141","targetHints":{"allow":["GET"]}}],"collection":[{"href":"https:\/\/www.soanam.de\/es\/wp-json\/wp\/v2\/product"}],"about":[{"href":"https:\/\/www.soanam.de\/es\/wp-json\/wp\/v2\/types\/product"}],"replies":[{"embeddable":true,"href":"https:\/\/www.soanam.de\/es\/wp-json\/wp\/v2\/comments?post=78141"}],"wp:featuredmedia":[{"embeddable":true,"href":"https:\/\/www.soanam.de\/es\/wp-json\/wp\/v2\/media\/78258"}],"wp:attachment":[{"href":"https:\/\/www.soanam.de\/es\/wp-json\/wp\/v2\/media?parent=78141"}],"wp:term":[{"taxonomy":"product_brand","embeddable":true,"href":"https:\/\/www.soanam.de\/es\/wp-json\/wp\/v2\/product_brand?post=78141"},{"taxonomy":"product_cat","embeddable":true,"href":"https:\/\/www.soanam.de\/es\/wp-json\/wp\/v2\/product_cat?post=78141"},{"taxonomy":"product_tag","embeddable":true,"href":"https:\/\/www.soanam.de\/es\/wp-json\/wp\/v2\/product_tag?post=78141"}],"curies":[{"name":"wp","href":"https:\/\/api.w.org\/{rel}","templated":true}]}}