{"id":78059,"date":"2023-12-13T21:05:54","date_gmt":"2023-12-13T20:05:54","guid":{"rendered":"https:\/\/www.soanam.de\/?post_type=product&#038;p=78059"},"modified":"2023-12-13T21:12:57","modified_gmt":"2023-12-13T20:12:57","slug":"lands-end-calido-abrigo-de-invierno-termopluma-con-forro-polar-para-mujer-oliva-oscuro-m","status":"publish","type":"product","link":"https:\/\/www.soanam.de\/es\/produkt\/lands-end-warmer-wintermantel-thermoplume-mit-fleece-fuer-damen-dunkel-olive-m\/","title":{"rendered":"Lands' End - C\u00e1lido abrigo de invierno THERMOPLUME con forro polar para mujer, oliva oscuro, M"},"content":{"rendered":"<h3>Descripci\u00f3n de la<\/h3>\n<p>\u00bfTemperaturas bajo cero? \u00a1Puede venir!<br \/>\nIncluso en pleno invierno, su c\u00e1lido abrigo de invierno ThermoPlume con forro polar le mantendr\u00e1 abrigado. Dos aislantes de alto rendimiento te protegen del fr\u00edo. Por un lado, est\u00e1 la esponjosa e inteligente fibra ThermoPlume, que, al igual que el plum\u00f3n, se insufla en la c\u00e1mara y, junto con el aire atrapado, forma un coj\u00edn maravillosamente c\u00e1lido. Adem\u00e1s, un forro polar suavemente cepillado y transpirable de la mejor calidad para exteriores te protege del fr\u00edo sin dejar de ser ligero y esbelto. Los pu\u00f1os antitormenta impiden que penetren los vientos fr\u00edos, mientras que la capucha aislante de piel sint\u00e9tica te mantiene sonriente y con un aspecto regio a temperaturas bajo cero.<\/p>\n<p><strong>Detalles del producto<\/strong><\/p>\n<ul>\n<li>Aislamiento ThermoPlume<\/li>\n<li>Forro de piel sint\u00e9tica en la parte superior<\/li>\n<li>Material exterior repelente al agua<\/li>\n<li>Capucha aislante\/forrada; ribete de piel sint\u00e9tica desmontable con botones a presi\u00f3n<\/li>\n<li>Cuello alto forrado<\/li>\n<li>Pu\u00f1os Storm<\/li>\n<li>2-Wege-Rei\u00dfverschluss - siehe Hinweis unten<\/li>\n<li>Bolsillos sin costuras<\/li>\n<li>Bolsillo interior con bot\u00f3n de presi\u00f3n<\/li>\n<li>100% tejido exterior y forro de poli\u00e9ster, 86% poliacr\u00edlico\/14% poli\u00e9ster tejido de pelo, 95% poliacr\u00edlico\/4% otras fibras\/1% elast\u00e1n pu\u00f1os<\/li>\n<li>Lavado a m\u00e1quina<\/li>\n<li>Largo para talla normal M aprox. 89 cm<\/li>\n<\/ul>\n<p>AM W\u00c4RMST: m\u00e1xima calidez para el g\u00e9lido invierno<br \/>\nCREMALLERA DE 2 V\u00cdAS, DOBLEMENTE BUENA: Coloca las correderas una encima de la otra y tira de ellas hasta el fondo. Engancha la pieza enchufable en ambas y tira hacia arriba de la corredera superior. Para abrir la chaqueta desde abajo, tire hacia arriba de la corredera inferior.<\/p>","protected":false},"excerpt":{"rendered":"<h3>Artikelmerkmale<\/h3>\n<p>Estado del art\u00edculo: Nuevo con etiqueta: Art\u00edculo nuevo, sin usar y sin estrenar, en su embalaje original.<\/p>\n<table border=\"0\" frame=\"VOID\" rules=\"NONE\" cellspacing=\"0\">\n<colgroup>\n<col width=\"137\" \/>\n<col width=\"106\" \/><\/colgroup>\n<tbody>\n<tr>\n<td align=\"LEFT\" width=\"137\" height=\"18\">Abteilung:<\/td>\n<td align=\"LEFT\" width=\"106\">Damen<\/td>\n<\/tr>\n<tr>\n<td align=\"LEFT\" height=\"18\">Akzente:<\/td>\n<td align=\"LEFT\">Gesteppt<\/td>\n<\/tr>\n<tr>\n<td align=\"LEFT\" height=\"18\">Anlass:<\/td>\n<td align=\"LEFT\">Freizeit<\/td>\n<\/tr>\n<tr>\n<td align=\"LEFT\" height=\"18\">Au\u00dfenmaterial:<\/td>\n<td align=\"LEFT\">Poli\u00e9ster<\/td>\n<\/tr>\n<tr>\n<td align=\"LEFT\" height=\"18\">Caracter\u00edsticas especiales:<\/td>\n<td align=\"LEFT\">Forrado<\/td>\n<\/tr>\n<tr>\n<td align=\"LEFT\" height=\"18\">Charakter:<\/td>\n<td align=\"LEFT\">ohne<\/td>\n<\/tr>\n<tr>\n<td align=\"LEFT\" height=\"18\">EAN:<\/td>\n<td align=\"LEFT\">nichtzutreffend<\/td>\n<\/tr>\n<tr>\n<td align=\"LEFT\" height=\"18\">Color:<\/td>\n<td align=\"LEFT\">Verde<\/td>\n<\/tr>\n<tr>\n<td align=\"LEFT\" height=\"18\">Futtermaterial:<\/td>\n<td align=\"LEFT\">Poli\u00e9ster<\/td>\n<\/tr>\n<tr>\n<td align=\"LEFT\" height=\"18\">Gewebeart:<\/td>\n<td align=\"LEFT\">Vell\u00f3n<\/td>\n<\/tr>\n<tr>\n<td align=\"LEFT\" height=\"18\">Gr\u00f6\u00dfe:<\/td>\n<td align=\"LEFT\">M<\/td>\n<\/tr>\n<tr>\n<td align=\"LEFT\" height=\"18\">Gr\u00f6\u00dfenkategorie:<\/td>\n<td align=\"LEFT\">Normalgr\u00f6\u00dfe<\/td>\n<\/tr>\n<tr>\n<td align=\"LEFT\" height=\"18\">Isoliermaterial:<\/td>\n<td align=\"LEFT\">Poli\u00e9ster<\/td>\n<\/tr>\n<tr>\n<td align=\"LEFT\" height=\"18\">Jacken-\/Mantell\u00e4nge:<\/td>\n<td align=\"LEFT\">Halblang<\/td>\n<\/tr>\n<tr>\n<td align=\"LEFT\" height=\"18\">Jahreszeit:<\/td>\n<td align=\"LEFT\">Winter<\/td>\n<\/tr>\n<tr>\n<td align=\"LEFT\" height=\"18\">Marke:<\/td>\n<td align=\"LEFT\">Lands' End<\/td>\n<\/tr>\n<tr>\n<td align=\"LEFT\" height=\"18\">Modell:<\/td>\n<td align=\"LEFT\">Thermoplume<\/td>\n<\/tr>\n<tr>\n<td align=\"LEFT\" height=\"18\">Patr\u00f3n:<\/td>\n<td align=\"LEFT\">Ohne Muster<\/td>\n<\/tr>\n<tr>\n<td align=\"LEFT\" height=\"18\">Produktart:<\/td>\n<td align=\"LEFT\">Mantel<\/td>\n<\/tr>\n<tr>\n<td align=\"LEFT\" height=\"18\">Stil:<\/td>\n<td align=\"LEFT\">Mantel<\/td>\n<\/tr>\n<tr>\n<td align=\"LEFT\" height=\"18\">Thema:<\/td>\n<td align=\"LEFT\">L\u00e4nder<\/td>\n<\/tr>\n<tr>\n<td align=\"LEFT\" height=\"18\">Verschluss:<\/td>\n<td align=\"LEFT\">Cierre de cremallera<\/td>\n<\/tr>\n<tr>\n<td align=\"LEFT\" height=\"18\">Vintage:<\/td>\n<td align=\"LEFT\">Nein<\/td>\n<\/tr>\n<\/tbody>\n<\/table>","protected":false},"featured_media":78173,"comment_status":"open","ping_status":"closed","template":"","meta":{"_seopress_robots_primary_cat":"","_seopress_titles_title":"","_seopress_titles_desc":"","_seopress_robots_index":""},"product_brand":[],"product_cat":[1348,1354,1355,1356],"product_tag":[],"class_list":{"0":"post-78059","1":"product","2":"type-product","3":"status-publish","4":"has-post-thumbnail","6":"product_cat-damen-mode","7":"product_cat-jacken-maentel","8":"product_cat-maentel","9":"product_cat-wintermaentel","10":"product_shipping_class-standard-versand","12":"first","13":"instock","14":"sale","15":"taxable","16":"shipping-taxable","17":"purchasable","18":"product-type-simple"},"_links":{"self":[{"href":"https:\/\/www.soanam.de\/es\/wp-json\/wp\/v2\/product\/78059","targetHints":{"allow":["GET"]}}],"collection":[{"href":"https:\/\/www.soanam.de\/es\/wp-json\/wp\/v2\/product"}],"about":[{"href":"https:\/\/www.soanam.de\/es\/wp-json\/wp\/v2\/types\/product"}],"replies":[{"embeddable":true,"href":"https:\/\/www.soanam.de\/es\/wp-json\/wp\/v2\/comments?post=78059"}],"wp:featuredmedia":[{"embeddable":true,"href":"https:\/\/www.soanam.de\/es\/wp-json\/wp\/v2\/media\/78173"}],"wp:attachment":[{"href":"https:\/\/www.soanam.de\/es\/wp-json\/wp\/v2\/media?parent=78059"}],"wp:term":[{"taxonomy":"product_brand","embeddable":true,"href":"https:\/\/www.soanam.de\/es\/wp-json\/wp\/v2\/product_brand?post=78059"},{"taxonomy":"product_cat","embeddable":true,"href":"https:\/\/www.soanam.de\/es\/wp-json\/wp\/v2\/product_cat?post=78059"},{"taxonomy":"product_tag","embeddable":true,"href":"https:\/\/www.soanam.de\/es\/wp-json\/wp\/v2\/product_tag?post=78059"}],"curies":[{"name":"wp","href":"https:\/\/api.w.org\/{rel}","templated":true}]}}