{"id":77970,"date":"2023-12-13T21:04:13","date_gmt":"2023-12-13T20:04:13","guid":{"rendered":"https:\/\/www.soanam.de\/?post_type=product&#038;p=77970"},"modified":"2023-12-13T21:07:06","modified_gmt":"2023-12-13T20:07:06","slug":"khujo-abrigo-acolchado-toots-capucha-con-cordon-cuello-interior-de-punto-xl","status":"publish","type":"product","link":"https:\/\/www.soanam.de\/es\/produkt\/khujo-steppmantel-toots-kordelzug-an-der-kapuze-innenliegender-strickkragen-xl\/","title":{"rendered":"Khujo abrigo acolchado \"TOOTS\" capucha con cord\u00f3n, cuello interior de punto, XL"},"content":{"rendered":"<h3>Detalles del producto<\/h3>\n<p>Cord\u00f3n de ajuste en la capucha<br \/>\nCon cuello interior de punto<br \/>\nInserciones de punto en la manga<br \/>\nCremallera bidireccional<br \/>\nCon grandes bolsillos con cremallera y un bolsillo interior<\/p>\n<p>El abrigo acolchado khujo TOOTS con capucha de cord\u00f3n es el compa\u00f1ero ideal del oto\u00f1o. Este ligero abrigo corto con cremallera bidireccional est\u00e1 provisto de cuello interior de punto e inserciones de punto en las mangas. Los amplios bolsillos con cremallera y el bolsillo interior con cierre ofrecen mucho espacio de almacenamiento para cuando salgas de casa.<\/p>\n<p>Talla: XL (44)<br \/>\nTipo de talla: Tallas normales<br \/>\nComposici\u00f3n del material<br \/>\nMaterial exterior: poli\u00e9ster 100%. Material interior: poli\u00e9ster 100%. Material interior: 97% poli\u00e9ster, 3% elastano. Relleno: 100% poli\u00e9ster.<br \/>\nContiene partes no textiles de origen animal.<br \/>\nPropiedades del material: calentamiento<br \/>\nInstrucciones de cuidado: Lavar a m\u00e1quina<br \/>\n\u00d3ptica: estampada<br \/>\nEstilo: casual<br \/>\nColor del fabricante: azul-gris<br \/>\nColor: azul<br \/>\nCuello: cuello de punto<br \/>\nMangas: Manga larga<br \/>\nDetalles de las mangas: inserto<br \/>\nPu\u00f1os de las mangas: borde cosido<br \/>\nAcabado del torso: borde cosido<br \/>\nAjuste: ce\u00f1ido<br \/>\nAjuste del fabricante: normal<br \/>\nDetalles de la capucha: con cord\u00f3n<br \/>\nForro de la capucha: forrado<br \/>\nAplicaciones: Insignias<br \/>\nBolsillos: Bolsillos con cremallera<br \/>\nCierre: cremallera<br \/>\nParticularidades: con cord\u00f3n de ajuste en la capucha<br \/>\nLongitud de las mangas: En la talla S (36) aprox. 64 cm<br \/>\nLongitud de la espalda: En la talla S (36) aprox. 86 cm<\/p>","protected":false},"excerpt":{"rendered":"<h3>Artikelmerkmale<\/h3>\n<p>Estado del art\u00edculo: Nuevo con etiqueta: Art\u00edculo nuevo, sin usar y sin estrenar, en su embalaje original.<\/p>\n<table border=\"0\" frame=\"VOID\" rules=\"NONE\" cellspacing=\"0\">\n<colgroup>\n<col width=\"137\" \/>\n<col width=\"267\" \/><\/colgroup>\n<tbody>\n<tr>\n<td align=\"LEFT\" width=\"137\" height=\"18\">Abteilung:<\/td>\n<td align=\"LEFT\" width=\"267\">Damen<\/td>\n<\/tr>\n<tr>\n<td align=\"LEFT\" height=\"18\">Akzente:<\/td>\n<td align=\"LEFT\">Kordelzug<\/td>\n<\/tr>\n<tr>\n<td align=\"LEFT\" height=\"18\">Anlass:<\/td>\n<td align=\"LEFT\">Freizeit<\/td>\n<\/tr>\n<tr>\n<td align=\"LEFT\" height=\"18\">Au\u00dfenmaterial:<\/td>\n<td align=\"LEFT\">97% poli\u00e9ster, 3% elast\u00e1n<\/td>\n<\/tr>\n<tr>\n<td align=\"LEFT\" height=\"18\">Caracter\u00edsticas especiales:<\/td>\n<td align=\"LEFT\">Strickkragen<\/td>\n<\/tr>\n<tr>\n<td align=\"LEFT\" height=\"18\">Charakter:<\/td>\n<td align=\"LEFT\">ohne<\/td>\n<\/tr>\n<tr>\n<td align=\"LEFT\" height=\"17\">EAN:<\/td>\n<td align=\"LEFT\">4062493140775<\/td>\n<\/tr>\n<tr>\n<td align=\"LEFT\" height=\"18\">Color:<\/td>\n<td align=\"LEFT\">Blau Grau<\/td>\n<\/tr>\n<tr>\n<td align=\"LEFT\" height=\"18\">Futtermaterial:<\/td>\n<td align=\"LEFT\">Poli\u00e9ster<\/td>\n<\/tr>\n<tr>\n<td align=\"LEFT\" height=\"18\">Gewebeart:<\/td>\n<td align=\"LEFT\">ohne Angabe<\/td>\n<\/tr>\n<tr>\n<td align=\"LEFT\" height=\"18\">Gr\u00f6\u00dfe:<\/td>\n<td align=\"LEFT\">44<\/td>\n<\/tr>\n<tr>\n<td align=\"LEFT\" height=\"18\">Gr\u00f6\u00dfenkategorie:<\/td>\n<td align=\"LEFT\">Normalgr\u00f6\u00dfe<\/td>\n<\/tr>\n<tr>\n<td align=\"LEFT\" height=\"18\">Isoliermaterial:<\/td>\n<td align=\"LEFT\">Poli\u00e9ster<\/td>\n<\/tr>\n<tr>\n<td align=\"LEFT\" height=\"18\">Jacken-\/Mantell\u00e4nge:<\/td>\n<td align=\"LEFT\">Halblang<\/td>\n<\/tr>\n<tr>\n<td align=\"LEFT\" height=\"18\">Jahreszeit:<\/td>\n<td align=\"LEFT\">Herbst, Winter<\/td>\n<\/tr>\n<tr>\n<td align=\"LEFT\" height=\"18\">Marke:<\/td>\n<td align=\"LEFT\">Khujo<\/td>\n<\/tr>\n<tr>\n<td align=\"LEFT\" height=\"18\">Modell:<\/td>\n<td align=\"LEFT\">Toots<\/td>\n<\/tr>\n<tr>\n<td align=\"LEFT\" height=\"18\">Patr\u00f3n:<\/td>\n<td align=\"LEFT\">Ohne Muster<\/td>\n<\/tr>\n<tr>\n<td align=\"LEFT\" height=\"18\">Produktart:<\/td>\n<td align=\"LEFT\">Jacke<\/td>\n<\/tr>\n<tr>\n<td align=\"LEFT\" height=\"18\">Stil:<\/td>\n<td align=\"LEFT\">Steppjacke<\/td>\n<\/tr>\n<tr>\n<td align=\"LEFT\" height=\"18\">Thema:<\/td>\n<td align=\"LEFT\">Outdoor<\/td>\n<\/tr>\n<tr>\n<td align=\"LEFT\" height=\"18\">Verschluss:<\/td>\n<td align=\"LEFT\">Cierre de cremallera<\/td>\n<\/tr>\n<tr>\n<td align=\"LEFT\" height=\"18\">Vintage:<\/td>\n<td align=\"LEFT\">Nein<\/td>\n<\/tr>\n<\/tbody>\n<\/table>","protected":false},"featured_media":78085,"comment_status":"open","ping_status":"closed","template":"","meta":{"_seopress_robots_primary_cat":"","_seopress_titles_title":"","_seopress_titles_desc":"","_seopress_robots_index":""},"product_brand":[],"product_cat":[1348,1354,1376],"product_tag":[],"class_list":{"0":"post-77970","1":"product","2":"type-product","3":"status-publish","4":"has-post-thumbnail","6":"product_cat-damen-mode","7":"product_cat-jacken-maentel","8":"product_cat-daunenjacken-steppjacken","9":"product_shipping_class-standard-versand","11":"first","12":"instock","13":"sale","14":"taxable","15":"shipping-taxable","16":"purchasable","17":"product-type-simple"},"_links":{"self":[{"href":"https:\/\/www.soanam.de\/es\/wp-json\/wp\/v2\/product\/77970","targetHints":{"allow":["GET"]}}],"collection":[{"href":"https:\/\/www.soanam.de\/es\/wp-json\/wp\/v2\/product"}],"about":[{"href":"https:\/\/www.soanam.de\/es\/wp-json\/wp\/v2\/types\/product"}],"replies":[{"embeddable":true,"href":"https:\/\/www.soanam.de\/es\/wp-json\/wp\/v2\/comments?post=77970"}],"wp:featuredmedia":[{"embeddable":true,"href":"https:\/\/www.soanam.de\/es\/wp-json\/wp\/v2\/media\/78085"}],"wp:attachment":[{"href":"https:\/\/www.soanam.de\/es\/wp-json\/wp\/v2\/media?parent=77970"}],"wp:term":[{"taxonomy":"product_brand","embeddable":true,"href":"https:\/\/www.soanam.de\/es\/wp-json\/wp\/v2\/product_brand?post=77970"},{"taxonomy":"product_cat","embeddable":true,"href":"https:\/\/www.soanam.de\/es\/wp-json\/wp\/v2\/product_cat?post=77970"},{"taxonomy":"product_tag","embeddable":true,"href":"https:\/\/www.soanam.de\/es\/wp-json\/wp\/v2\/product_tag?post=77970"}],"curies":[{"name":"wp","href":"https:\/\/api.w.org\/{rel}","templated":true}]}}