{"id":77908,"date":"2023-12-13T21:02:58","date_gmt":"2023-12-13T20:02:58","guid":{"rendered":"https:\/\/www.soanam.de\/?post_type=product&#038;p=77908"},"modified":"2023-12-13T21:05:26","modified_gmt":"2023-12-13T20:05:26","slug":"chaleco-de-hombre-de-pura-lana-merino-organica-antracita-talla-48","status":"publish","type":"product","link":"https:\/\/www.soanam.de\/es\/produkt\/herren-wollfleece-weste-aus-reiner-bio-merinowolle-antrazit-gr-48\/","title":{"rendered":"Chaleco de hombre de pura lana merino org\u00e1nica, antracita, talla 48"},"content":{"rendered":"<h3>Descripci\u00f3n de la<\/h3>\n<p><strong>detalles<\/strong><br \/>\nVell\u00f3n funcional de fibras naturales puras<br \/>\nLana merina ecol\u00f3gica con funci\u00f3n de control clim\u00e1tico<br \/>\nConservan el calor, son transpirables y sorprendentemente ligeras<br \/>\nDetalles funcionales para exteriores<br \/>\nCremallera con protector de barbilla y protecci\u00f3n interna contra el viento<br \/>\nLigeramente m\u00e1s largo por detr\u00e1s<\/p>\n<p><strong>Ajuste<\/strong><br \/>\nAprox. 71 cm de largo en talla 48<\/p>\n<p><strong>Material<\/strong><br \/>\n100% Lana virgen<br \/>\nde la ganader\u00eda ecol\u00f3gica<\/p>\n<p><strong>Atenci\u00f3n<\/strong><br \/>\nSe recomienda lavar a mano en fr\u00edo<\/p>","protected":false},"excerpt":{"rendered":"<h3>Artikelmerkmale<\/h3>\n<p>Artikelzustand: Neu: Neuer, unbenutzter und unbesch\u00e4digter Artikel in nicht ge\u00f6ffneter Originalverpackung<\/p>\n<table border=\"0\" frame=\"VOID\" rules=\"NONE\" cellspacing=\"0\">\n<colgroup>\n<col width=\"118\" \/>\n<col width=\"181\" \/><\/colgroup>\n<tbody>\n<tr>\n<td align=\"LEFT\" width=\"118\" height=\"17\">Abteilung:<\/td>\n<td align=\"LEFT\" width=\"181\">Herren<\/td>\n<\/tr>\n<tr>\n<td align=\"LEFT\" height=\"17\">Aktivit\u00e4t:<\/td>\n<td align=\"LEFT\">Spazieren<\/td>\n<\/tr>\n<tr>\n<td align=\"LEFT\" height=\"17\">Anlass:<\/td>\n<td align=\"LEFT\">Freizeit<\/td>\n<\/tr>\n<tr>\n<td align=\"LEFT\" height=\"17\">Au\u00dfenmaterial:<\/td>\n<td align=\"LEFT\">Schurwolle<\/td>\n<\/tr>\n<tr>\n<td align=\"LEFT\" height=\"17\">Caracter\u00edsticas especiales:<\/td>\n<td align=\"LEFT\">de la ganader\u00eda ecol\u00f3gica<\/td>\n<\/tr>\n<tr>\n<td align=\"LEFT\" height=\"17\">Charakter:<\/td>\n<td align=\"LEFT\">ohne<\/td>\n<\/tr>\n<tr>\n<td align=\"LEFT\" height=\"17\">EAN:<\/td>\n<td align=\"LEFT\">nichtzutreffend<\/td>\n<\/tr>\n<tr>\n<td align=\"LEFT\" height=\"17\">Color:<\/td>\n<td align=\"LEFT\">Gris<\/td>\n<\/tr>\n<tr>\n<td align=\"LEFT\" height=\"17\">Futtermaterial:<\/td>\n<td align=\"LEFT\">nicht zutreffend<\/td>\n<\/tr>\n<tr>\n<td align=\"LEFT\" height=\"17\">Gewebeart:<\/td>\n<td align=\"LEFT\">Vell\u00f3n<\/td>\n<\/tr>\n<tr>\n<td align=\"LEFT\" height=\"17\">Gr\u00f6\u00dfe:<\/td>\n<td align=\"LEFT\">48<\/td>\n<\/tr>\n<tr>\n<td align=\"LEFT\" height=\"17\">Gr\u00f6\u00dfenkategorie:<\/td>\n<td align=\"LEFT\">Normalgr\u00f6\u00dfe<\/td>\n<\/tr>\n<tr>\n<td align=\"LEFT\" height=\"17\">Isoliermaterial:<\/td>\n<td align=\"LEFT\">nicht zutreffend<\/td>\n<\/tr>\n<tr>\n<td align=\"LEFT\" height=\"17\">Jahreszeit:<\/td>\n<td align=\"LEFT\">Fr\u00fchling, Herbst, Winter<\/td>\n<\/tr>\n<tr>\n<td align=\"LEFT\" height=\"17\">Marke:<\/td>\n<td align=\"LEFT\">hessnatur<\/td>\n<\/tr>\n<tr>\n<td align=\"LEFT\" height=\"17\">Modell:<\/td>\n<td align=\"LEFT\">ohne Angabe<\/td>\n<\/tr>\n<tr>\n<td align=\"LEFT\" height=\"17\">Patr\u00f3n:<\/td>\n<td align=\"LEFT\">Ohne Muster<\/td>\n<\/tr>\n<tr>\n<td align=\"LEFT\" height=\"17\">Produktart:<\/td>\n<td align=\"LEFT\">Weste<\/td>\n<\/tr>\n<tr>\n<td align=\"LEFT\" height=\"17\">Stil:<\/td>\n<td align=\"LEFT\">Fleece-Weste<\/td>\n<\/tr>\n<tr>\n<td align=\"LEFT\" height=\"17\">Thema:<\/td>\n<td align=\"LEFT\">nat\u00fcrliche Qualit\u00e4t<\/td>\n<\/tr>\n<tr>\n<td align=\"LEFT\" height=\"17\">Verschluss:<\/td>\n<td align=\"LEFT\">Cierre de cremallera<\/td>\n<\/tr>\n<tr>\n<td align=\"LEFT\" height=\"17\">Vintage:<\/td>\n<td align=\"LEFT\">Nein<\/td>\n<\/tr>\n<\/tbody>\n<\/table>","protected":false},"featured_media":78033,"comment_status":"open","ping_status":"closed","template":"","meta":{"_seopress_robots_primary_cat":"","_seopress_titles_title":"","_seopress_titles_desc":"","_seopress_robots_index":""},"product_brand":[],"product_cat":[1345,1363,1467],"product_tag":[],"class_list":{"0":"post-77908","1":"product","2":"type-product","3":"status-publish","4":"has-post-thumbnail","6":"product_cat-herrenmode","7":"product_cat-jacken-maentel-herrenmode","8":"product_cat-westen","9":"product_shipping_class-standard-versand","11":"first","12":"instock","13":"sale","14":"taxable","15":"shipping-taxable","16":"purchasable","17":"product-type-simple"},"_links":{"self":[{"href":"https:\/\/www.soanam.de\/es\/wp-json\/wp\/v2\/product\/77908","targetHints":{"allow":["GET"]}}],"collection":[{"href":"https:\/\/www.soanam.de\/es\/wp-json\/wp\/v2\/product"}],"about":[{"href":"https:\/\/www.soanam.de\/es\/wp-json\/wp\/v2\/types\/product"}],"replies":[{"embeddable":true,"href":"https:\/\/www.soanam.de\/es\/wp-json\/wp\/v2\/comments?post=77908"}],"wp:featuredmedia":[{"embeddable":true,"href":"https:\/\/www.soanam.de\/es\/wp-json\/wp\/v2\/media\/78033"}],"wp:attachment":[{"href":"https:\/\/www.soanam.de\/es\/wp-json\/wp\/v2\/media?parent=77908"}],"wp:term":[{"taxonomy":"product_brand","embeddable":true,"href":"https:\/\/www.soanam.de\/es\/wp-json\/wp\/v2\/product_brand?post=77908"},{"taxonomy":"product_cat","embeddable":true,"href":"https:\/\/www.soanam.de\/es\/wp-json\/wp\/v2\/product_cat?post=77908"},{"taxonomy":"product_tag","embeddable":true,"href":"https:\/\/www.soanam.de\/es\/wp-json\/wp\/v2\/product_tag?post=77908"}],"curies":[{"name":"wp","href":"https:\/\/api.w.org\/{rel}","templated":true}]}}