{"id":77902,"date":"2023-12-13T21:02:55","date_gmt":"2023-12-13T20:02:55","guid":{"rendered":"https:\/\/www.soanam.de\/?post_type=product&#038;p=77902"},"modified":"2023-12-13T21:04:55","modified_gmt":"2023-12-13T20:04:55","slug":"black-diamond-womens-access-down-parka-daunenjacke-damen-bordeaux-gr-l","status":"publish","type":"product","link":"https:\/\/www.soanam.de\/es\/produkt\/black-diamond-womens-access-down-parka-daunenjacke-damen-bordeaux-gr-l\/","title":{"rendered":"BLACK DIAMOND - Access Down Parka Mujer - Chaqueta de pluma, mujer, Burdeos, talla L"},"content":{"rendered":"<h3>Descripci\u00f3n de la<\/h3>\n<p>W\u00e4rmender Parka mit G\u00e4nsedaunen-F\u00fcllung - der Women's Access Down Parka von Black Diamond ist genau die richtige Wahl, wenn es beim Sichern am Fels mal wieder l\u00e4nger dauert. Die bauschkr\u00e4ftigen Daunen und der lange Schnitt der Jacke sorgen f\u00fcr angenehme W\u00e4rme. Trotzdem ist die Jacke angenehm leicht und l\u00e4sst sich bei Bedarf gut komprimieren und verstauen. Die elastische Kapuze schlie\u00dft eng am Kopf und Gesicht ab, damit die K\u00f6rperw\u00e4rme im Inneren bleibt.<\/p>\n<p>Das leichte Obermaterial aus rei\u00dffestem und strapazierf\u00e4higem Nylon sch\u00fctzt die Daunenf\u00fcllung und h\u00e4lt \u00e4u\u00dferen Einfl\u00fcssen Stand. Zudem enth\u00e4lt die Jacke bluesign-zertifizierte Fasern, die besonders umweltfreundlich sind. Dank der DWR-Behandlung ist das Gewebe dauerhaft wasserabweisend. Dar\u00fcber hinaus sind die Daunen mit der HyperDry Technologie ausgestattet, die sie unempfindlicher machen gegen\u00fcber N\u00e4sse. In den beiden Fronttaschen lassen sich kalte H\u00e4nde aufw\u00e4rmen oder kleine Gegenst\u00e4nde sicher verstauen. In der Brusttasche findet das Smartphone seinen Platz.<\/p>\n<p><strong>detalles<\/strong><\/p>\n<p>Adecuado para: Se\u00f1oras<br \/>\nEinsatzbereich: Klettern, Freizeit, Skitouren<br \/>\nMaterial principal: poliamida 100%<br \/>\nMaterial de relleno: plum\u00f3n 100%<br \/>\nMaterialtyp: G\u00e4nsedaune<br \/>\nInformaci\u00f3n sobre el material: Contiene partes no textiles de origen animal<br \/>\nMaterialst\u00e4rke: 30 Denier<br \/>\nTratamiento del material: impregnado de DWR<br \/>\nMaterialeigenschaften: isolierend, atmungsaktiv, stark wasserabweisend, schnelltrocknend<br \/>\nPotencia volum\u00e9trica: 700 cuin<br \/>\nMischungsverh\u00e4ltnis: 85\/15 (Daune zu Federn)<br \/>\nNachhaltigkeit: enth\u00e4lt RDS-zertifizierte Daune, enth\u00e4lt Bluesign-zertifizierte Fasern<br \/>\nCierre: cremallera frontal completa<br \/>\nCapucha: el\u00e1stica<br \/>\nTaschen: 1 Brusttasche, 2 Fronttaschen<br \/>\nGewicht: 395 g<br \/>\nTama\u00f1o de referencia: mediano<br \/>\nAjuste: Normal<br \/>\nExtras: elastische \u00c4rmelb\u00fcndchen<\/p>","protected":false},"excerpt":{"rendered":"<h3>Artikelmerkmale<\/h3>\n<p>Estado del art\u00edculo: Nuevo con etiqueta: Art\u00edculo nuevo, sin usar y sin estrenar, en su embalaje original.<\/p>\n<table border=\"0\" frame=\"VOID\" rules=\"NONE\" cellspacing=\"0\">\n<colgroup>\n<col width=\"137\" \/>\n<col width=\"202\" \/><\/colgroup>\n<tbody>\n<tr>\n<td align=\"LEFT\" width=\"137\" height=\"19\">Abteilung:<\/td>\n<td align=\"LEFT\" width=\"202\">Damen<\/td>\n<\/tr>\n<tr>\n<td align=\"LEFT\" height=\"19\">Akzente:<\/td>\n<td align=\"LEFT\">Cierre de cremallera<\/td>\n<\/tr>\n<tr>\n<td align=\"LEFT\" height=\"19\">Anlass:<\/td>\n<td align=\"LEFT\">Freizeit, Reise<\/td>\n<\/tr>\n<tr>\n<td align=\"LEFT\" height=\"19\">Au\u00dfenmaterial:<\/td>\n<td align=\"LEFT\">Poliamida<\/td>\n<\/tr>\n<tr>\n<td align=\"LEFT\" height=\"19\">Caracter\u00edsticas especiales:<\/td>\n<td align=\"LEFT\">Cremallera entera<\/td>\n<\/tr>\n<tr>\n<td align=\"LEFT\" height=\"19\">Charakter:<\/td>\n<td align=\"LEFT\">ohne<\/td>\n<\/tr>\n<tr>\n<td align=\"LEFT\" height=\"17\">EAN:<\/td>\n<td align=\"LEFT\">793661422624<\/td>\n<\/tr>\n<tr>\n<td align=\"LEFT\" height=\"19\">Color:<\/td>\n<td align=\"LEFT\">Burdeos<\/td>\n<\/tr>\n<tr>\n<td align=\"LEFT\" height=\"19\">Futtermaterial:<\/td>\n<td align=\"LEFT\">Daune<\/td>\n<\/tr>\n<tr>\n<td align=\"LEFT\" height=\"19\">Gewebeart:<\/td>\n<td align=\"LEFT\">Mischgewebe<\/td>\n<\/tr>\n<tr>\n<td align=\"LEFT\" height=\"19\">Gr\u00f6\u00dfe:<\/td>\n<td align=\"LEFT\">L<\/td>\n<\/tr>\n<tr>\n<td align=\"LEFT\" height=\"19\">Gr\u00f6\u00dfenkategorie:<\/td>\n<td align=\"LEFT\">Normalgr\u00f6\u00dfe<\/td>\n<\/tr>\n<tr>\n<td align=\"LEFT\" height=\"19\">Isoliermaterial:<\/td>\n<td align=\"LEFT\">Abajo<\/td>\n<\/tr>\n<tr>\n<td align=\"LEFT\" height=\"19\">Jacken-\/Mantell\u00e4nge:<\/td>\n<td align=\"LEFT\">Kurz<\/td>\n<\/tr>\n<tr>\n<td align=\"LEFT\" height=\"19\">Jahreszeit:<\/td>\n<td align=\"LEFT\">Fr\u00fchling, Herbst, Winter<\/td>\n<\/tr>\n<tr>\n<td align=\"LEFT\" height=\"19\">Marke:<\/td>\n<td align=\"LEFT\">BLACK DIAMOND<\/td>\n<\/tr>\n<tr>\n<td align=\"LEFT\" height=\"19\">Modell:<\/td>\n<td align=\"LEFT\">Down Parka<\/td>\n<\/tr>\n<tr>\n<td align=\"LEFT\" height=\"19\">Patr\u00f3n:<\/td>\n<td align=\"LEFT\">Ohne Muster<\/td>\n<\/tr>\n<tr>\n<td align=\"LEFT\" height=\"19\">Produktart:<\/td>\n<td align=\"LEFT\">Jacke<\/td>\n<\/tr>\n<tr>\n<td align=\"LEFT\" height=\"19\">Stil:<\/td>\n<td align=\"LEFT\">Daunenjacke<\/td>\n<\/tr>\n<tr>\n<td align=\"LEFT\" height=\"19\">Thema:<\/td>\n<td align=\"LEFT\">Outdoor<\/td>\n<\/tr>\n<tr>\n<td align=\"LEFT\" height=\"19\">Verschluss:<\/td>\n<td align=\"LEFT\">Cierre de cremallera<\/td>\n<\/tr>\n<tr>\n<td align=\"LEFT\" height=\"19\">Vintage:<\/td>\n<td align=\"LEFT\">Nein<\/td>\n<\/tr>\n<\/tbody>\n<\/table>","protected":false},"featured_media":78009,"comment_status":"open","ping_status":"closed","template":"","meta":{"_seopress_robots_primary_cat":"","_seopress_titles_title":"","_seopress_titles_desc":"","_seopress_robots_index":""},"product_brand":[],"product_cat":[1348,1354,1376],"product_tag":[],"class_list":{"0":"post-77902","1":"product","2":"type-product","3":"status-publish","4":"has-post-thumbnail","6":"product_cat-damen-mode","7":"product_cat-jacken-maentel","8":"product_cat-daunenjacken-steppjacken","9":"product_shipping_class-standard-versand","11":"first","12":"instock","13":"sale","14":"taxable","15":"shipping-taxable","16":"purchasable","17":"product-type-simple"},"_links":{"self":[{"href":"https:\/\/www.soanam.de\/es\/wp-json\/wp\/v2\/product\/77902","targetHints":{"allow":["GET"]}}],"collection":[{"href":"https:\/\/www.soanam.de\/es\/wp-json\/wp\/v2\/product"}],"about":[{"href":"https:\/\/www.soanam.de\/es\/wp-json\/wp\/v2\/types\/product"}],"replies":[{"embeddable":true,"href":"https:\/\/www.soanam.de\/es\/wp-json\/wp\/v2\/comments?post=77902"}],"wp:featuredmedia":[{"embeddable":true,"href":"https:\/\/www.soanam.de\/es\/wp-json\/wp\/v2\/media\/78009"}],"wp:attachment":[{"href":"https:\/\/www.soanam.de\/es\/wp-json\/wp\/v2\/media?parent=77902"}],"wp:term":[{"taxonomy":"product_brand","embeddable":true,"href":"https:\/\/www.soanam.de\/es\/wp-json\/wp\/v2\/product_brand?post=77902"},{"taxonomy":"product_cat","embeddable":true,"href":"https:\/\/www.soanam.de\/es\/wp-json\/wp\/v2\/product_cat?post=77902"},{"taxonomy":"product_tag","embeddable":true,"href":"https:\/\/www.soanam.de\/es\/wp-json\/wp\/v2\/product_tag?post=77902"}],"curies":[{"name":"wp","href":"https:\/\/api.w.org\/{rel}","templated":true}]}}