{"id":77715,"date":"2023-12-13T20:59:10","date_gmt":"2023-12-13T19:59:10","guid":{"rendered":"https:\/\/www.soanam.de\/?post_type=product&#038;p=77715"},"modified":"2023-12-13T21:01:47","modified_gmt":"2023-12-13T20:01:47","slug":"heinrich-simon-la-vida-en-el-judaismo-festivales-y-mas-rustica-aleman-2020","status":"publish","type":"product","link":"https:\/\/www.soanam.de\/es\/produkt\/heinrich-simon-leben-im-judentum-feste-und-mehr-taschenbuch-deutsch-2020\/","title":{"rendered":"Heinrich Simon - La vida en el juda\u00edsmo, Fiestas y m\u00e1s, R\u00fastica, Alem\u00e1n, 2020"},"content":{"rendered":"<h3><strong>Descripci\u00f3n del producto<\/strong><\/h3>\n<p>Un ni\u00f1o nacido de madre jud\u00eda se considera jud\u00edo. No importa si la madre es jud\u00eda de nacimiento o si se ha convertido al juda\u00edsmo. Por regla general, los ni\u00f1os jud\u00edos varones son circuncidados al octavo d\u00eda de su nacimiento y con esta ceremonia son aceptados en el pacto que Dios hizo con el progenitor Abraham. Un d\u00eda memorable en la vida humana es la consecuci\u00f3n de la madurez religiosa, que se produce cuando los ni\u00f1os alcanzan los 13 a\u00f1os y las ni\u00f1as al cumplir los 12 a\u00f1os. El matrimonio s\u00f3lo puede celebrarse en d\u00edas laborables porque la escritura debe ser firmada por testigos, lo que no est\u00e1 permitido en d\u00edas festivos. - El divorcio es posible, pero el hombre debe expedir un certificado de divorcio. El funeral tiene un ritual fijo y es el mismo para todos. Las tumbas se conservan para siempre. La comida que se puede comer est\u00e1 regulada al detalle. Existe una estricta distinci\u00f3n entre la carne y la leche; est\u00e1 prohibido comerlas en la misma comida.<br \/>\nEl juda\u00edsmo, fuertemente orientado hacia el aqu\u00ed y el ahora, ve la vida como una tarea del hombre, que debe demostrar su val\u00eda en la tierra siguiendo los mandamientos de Dios.<\/p>\n<p><strong>detalles<\/strong><br \/>\nMiniaturas jud\u00edas Volumen 8<br \/>\nEditor: Hentrich &amp; Hentrich<br \/>\n2\u00aa ed.<br \/>\nN\u00famero de p\u00e1ginas: 64<br \/>\nFecha de publicaci\u00f3n: Marzo 2020<br \/>\nAlem\u00e1n<br \/>\nDimensiones: 155 mm x 113 mm x 15 mm<br \/>\nPeso: 72 g<br \/>\nISBN-13: 9783955653910<br \/>\nISBN-10: 3955653919<\/p>","protected":false},"excerpt":{"rendered":"<p>Artikelmerkmale<\/p>\n<p>Artikelzustand: Neu - Neues, ungelesenes, ungebrauchtes Buch in makellosem Zustand<\/p>\n<table style=\"border-collapse: collapse;width: 521pt\" width=\"694\">\n<tbody>\n<tr style=\"height: 15.0pt\">\n<td class=\"xl72\" style=\"width: 255pt;height: 15.0pt\" width=\"340\" height=\"20\">Anzahl der Seiten:<\/td>\n<td class=\"xl72\" style=\"width: 266pt\" width=\"354\">64 Seiten<\/td>\n<\/tr>\n<tr style=\"height: 15.0pt\">\n<td style=\"height: 15.0pt\" height=\"20\">Ausgabe:<\/td>\n<td>Ausgabe Nr. 2 des Jahres 20<\/td>\n<\/tr>\n<tr style=\"height: 15.0pt\">\n<td style=\"height: 15.0pt\" height=\"20\">Autor:<\/td>\n<td class=\"xl72\">Heinrich Simon<\/td>\n<\/tr>\n<tr style=\"height: 15.0pt\">\n<td style=\"height: 15.0pt\" height=\"20\">Caracter\u00edsticas especiales:<\/td>\n<td>2. Auflage<\/td>\n<\/tr>\n<tr style=\"height: 15.0pt\">\n<td style=\"height: 15.0pt\" height=\"20\">Buchreihe:<\/td>\n<td>J\u00fcdische Miniaturen<\/td>\n<\/tr>\n<tr style=\"height: 15.0pt\">\n<td style=\"height: 15.0pt\" height=\"20\">Buchtitel:<\/td>\n<td>Leben im Judentum<\/td>\n<\/tr>\n<tr style=\"height: 15.0pt\">\n<td style=\"height: 15.0pt\" height=\"20\">Erscheinungsjahr:<\/td>\n<td class=\"xl72\">2020<\/td>\n<\/tr>\n<tr style=\"height: 15.0pt\">\n<td style=\"height: 15.0pt\" height=\"20\">Format:<\/td>\n<td>R\u00fastica<\/td>\n<\/tr>\n<tr style=\"height: 15.0pt\">\n<td style=\"height: 15.0pt\" height=\"20\">Genre:<\/td>\n<td>Religion &amp; Spirituelles<\/td>\n<\/tr>\n<tr style=\"height: 15.0pt\">\n<td style=\"height: 15.0pt\" height=\"20\">ISBN:<\/td>\n<td class=\"xl72\">9783955653910<\/td>\n<\/tr>\n<tr style=\"height: 15.0pt\">\n<td style=\"height: 15.0pt\" height=\"20\">Literarische Gattung:<\/td>\n<td>Sachbuch<\/td>\n<\/tr>\n<tr style=\"height: 15.0pt\">\n<td style=\"height: 15.0pt\" height=\"20\">Produktart:<\/td>\n<td>Consejero<\/td>\n<\/tr>\n<tr style=\"height: 15.0pt\">\n<td style=\"height: 15.0pt\" height=\"20\">Seiten:<\/td>\n<td class=\"xl72\">64<\/td>\n<\/tr>\n<tr style=\"height: 15.0pt\">\n<td style=\"height: 15.0pt\" height=\"20\">Sprache:<\/td>\n<td>Alem\u00e1n<\/td>\n<\/tr>\n<tr style=\"height: 15.0pt\">\n<td style=\"height: 15.0pt\" height=\"20\">Thematik:<\/td>\n<td>J\u00fcdische Feste<\/td>\n<\/tr>\n<tr style=\"height: 15.0pt\">\n<td style=\"height: 15.0pt\" height=\"20\">Titelzusatz:<\/td>\n<td class=\"xl72\">Pers\u00f6nliche Feste und denkw\u00fcrdige Tage<\/td>\n<\/tr>\n<tr style=\"height: 15.0pt\">\n<td style=\"height: 15.0pt\" height=\"20\">Verlag:<\/td>\n<td>Pester, Nora, Dr., Hentrich &amp; Hentrich<\/td>\n<\/tr>\n<tr style=\"height: 15.0pt\">\n<td style=\"height: 15.0pt\" height=\"20\">Zielgruppe:<\/td>\n<td>Jugendliche, Erwachsene<\/td>\n<\/tr>\n<\/tbody>\n<\/table>","protected":false},"featured_media":77841,"comment_status":"open","ping_status":"closed","template":"","meta":{"_seopress_robots_primary_cat":"","_seopress_titles_title":"","_seopress_titles_desc":"","_seopress_robots_index":""},"product_brand":[],"product_cat":[1428,1429,1430,1434,1439],"product_tag":[],"class_list":{"0":"post-77715","1":"product","2":"type-product","3":"status-publish","4":"has-post-thumbnail","6":"product_cat-buecher","7":"product_cat-jugend","8":"product_cat-lehrbuecher","9":"product_cat-erwachsene","10":"product_cat-lehrbuecher-erwachsene","11":"product_shipping_class-standard-versand","13":"first","14":"instock","15":"taxable","16":"shipping-taxable","17":"purchasable","18":"product-type-simple"},"_links":{"self":[{"href":"https:\/\/www.soanam.de\/es\/wp-json\/wp\/v2\/product\/77715","targetHints":{"allow":["GET"]}}],"collection":[{"href":"https:\/\/www.soanam.de\/es\/wp-json\/wp\/v2\/product"}],"about":[{"href":"https:\/\/www.soanam.de\/es\/wp-json\/wp\/v2\/types\/product"}],"replies":[{"embeddable":true,"href":"https:\/\/www.soanam.de\/es\/wp-json\/wp\/v2\/comments?post=77715"}],"wp:featuredmedia":[{"embeddable":true,"href":"https:\/\/www.soanam.de\/es\/wp-json\/wp\/v2\/media\/77841"}],"wp:attachment":[{"href":"https:\/\/www.soanam.de\/es\/wp-json\/wp\/v2\/media?parent=77715"}],"wp:term":[{"taxonomy":"product_brand","embeddable":true,"href":"https:\/\/www.soanam.de\/es\/wp-json\/wp\/v2\/product_brand?post=77715"},{"taxonomy":"product_cat","embeddable":true,"href":"https:\/\/www.soanam.de\/es\/wp-json\/wp\/v2\/product_cat?post=77715"},{"taxonomy":"product_tag","embeddable":true,"href":"https:\/\/www.soanam.de\/es\/wp-json\/wp\/v2\/product_tag?post=77715"}],"curies":[{"name":"wp","href":"https:\/\/api.w.org\/{rel}","templated":true}]}}