{"id":77094,"date":"2023-12-13T20:35:27","date_gmt":"2023-12-13T19:35:27","guid":{"rendered":"https:\/\/www.soanam.de\/?post_type=product&#038;p=77094"},"modified":"2023-12-13T20:46:44","modified_gmt":"2023-12-13T19:46:44","slug":"vaude-herren-mens-annecy-3in1-parka-doppeljacke","status":"publish","type":"product","link":"https:\/\/www.soanam.de\/es\/produkt\/vaude-herren-mens-annecy-3in1-parka-doppeljacke\/","title":{"rendered":"VAUDE Chaqueta Doble Parka 3en1 Annecy Hombre"},"content":{"rendered":"<p>Hochwertiger, vielseitiger Winterparka f\u00fcr den Alltag: wasserdicht, winddicht und atmungsaktiv<br \/>\nF\u00fcr kalte Temperaturen: Egal ob frostige K\u00e4lte, eisiger Wind oder Dauerregen \u2013 dieser Winterparka trotzt stilvoll jedem Wetter.<\/p>\n<p>100% Polyamid; 100% Polyurethan; 100% Polyester<br \/>\nMen's Annecy 3in1 Parka<\/p>\n<p>Besonders warm: Der regendichte Mantel aus umweltfreundlichem, teils recyceltem Polyamid hat einen festen Griff und die herausnehmbare, weiche Innenjacke ist durch die hochwertig recycelte Daunenf\u00fcllung besonders warm.<br \/>\n3 in 1: Beide Jacken k\u00f6nnen je nach Wetter und Jahreszeit auch getrennt voneinander getragen werden.<br \/>\nGreen Shape-Label: Das VAUDE Green Shape-Label steht f\u00fcr ein umweltfreundliches, funktionelles Produkt aus nachhaltigen Materialien.<\/p>\n<h3>Produktbeschreibungen<\/h3>\n<p>Mode und Funktion im Sinne der Umwelt - denn hier ist der Annecy 3in1 Parka ein echtes Wunderpaket. Egal ob frostige K\u00e4lte, eisiger Wind oder Dauerregen - dieser Winterparka trotzt stilvoll jedem Wetter. Der regendichte Mantel aus umweltfreundlichem, teils recyceltem Polyamid hat einen festen Griff und die herausnehmbare, weiche Innenjacke ist durch die hochwertig recycelte Daunenf\u00fcllung besonders warm. Beide Jacken k\u00f6nnen je nach Wetter und Jahreszeit auch getrennt voneinander getragen werden. Die verstellbaren Abschl\u00fcsse an Kapuze und \u00c4rmel halten bei schlechtem Wetter Wind und Regen ab und obendrein wird man in der D\u00e4mmerung durch den reflektierenden Druck am linken \u00c4rmel auch noch gut gesehen - dazu muss man diesen nur aufklappen. Handy, Taschent\u00fccher und Schl\u00fcssel sind in den Rei\u00dfverschluss-Brusttaschen sicher verstaut und dank der vorderen Rei\u00dfverschlusstaschen bleiben die H\u00e4nde warm und trocken. Der durchgehende zwei-Wege-Rei\u00dfverschluss erm\u00f6glicht einen Zugriff auf die darunterliegenden (Hosen-)Taschen und die wasserdichte, atmungsaktive Membran sorgt f\u00fcr einen optimalen Tragekomfort. Dieser innovative, schicke Parka f\u00fcr mode- und umweltbewusste M\u00e4nner ist die zeitgem\u00e4\u00dfe Vollausstattung von Herbst bis Fr\u00fchjahr!<\/p>","protected":false},"excerpt":{"rendered":"<h3>Artikelmerkmale<\/h3>\n<p>Estado del art\u00edculo: Nuevo con etiqueta: Art\u00edculo nuevo, sin usar y sin estrenar, en su embalaje original.<\/p>\n<p>Abteilung: Herren<br \/>\nAktivit\u00e4t: Spazieren<br \/>\nAnlass: Business, Freizeit<br \/>\nAu\u00dfenmaterial: Polyamid<br \/>\nBesonderheiten: 3in1 Parka<br \/>\nCharakter: ohne<br \/>\nEAN: 4052285919986<br \/>\nColor: Negro<br \/>\nFuttermaterial: Polyester<br \/>\nGewebeart: Polyester<br \/>\nTama\u00f1o: 48<br \/>\nGr\u00f6\u00dfenkategorie: Normalgr\u00f6\u00dfe<br \/>\nIsoliermaterial: Daunen<br \/>\nJahreszeit: Herbst, Winter<br \/>\nMarke: VAUDE<br \/>\nModell: Annecy<br \/>\nMuster: Ohne Muster<br \/>\nTipo de producto: Chaqueta<br \/>\nStil: Parka<br \/>\nThema: Outdoor<br \/>\nCierre: cremallera<br \/>\nVintage: Nein<\/p>","protected":false},"featured_media":77274,"comment_status":"open","ping_status":"closed","template":"","meta":{"_seopress_robots_primary_cat":"","_seopress_titles_title":"","_seopress_titles_desc":"","_seopress_robots_index":""},"product_brand":[],"product_cat":[1345,1363,1377,1389],"product_tag":[],"class_list":{"0":"post-77094","1":"product","2":"type-product","3":"status-publish","4":"has-post-thumbnail","6":"product_cat-herrenmode","7":"product_cat-jacken-maentel-herrenmode","8":"product_cat-winterjacken-jacken-maentel-herrenmode","9":"product_cat-parkas","10":"product_shipping_class-standard-versand","12":"first","13":"instock","14":"sale","15":"taxable","16":"shipping-taxable","17":"purchasable","18":"product-type-simple"},"_links":{"self":[{"href":"https:\/\/www.soanam.de\/es\/wp-json\/wp\/v2\/product\/77094","targetHints":{"allow":["GET"]}}],"collection":[{"href":"https:\/\/www.soanam.de\/es\/wp-json\/wp\/v2\/product"}],"about":[{"href":"https:\/\/www.soanam.de\/es\/wp-json\/wp\/v2\/types\/product"}],"replies":[{"embeddable":true,"href":"https:\/\/www.soanam.de\/es\/wp-json\/wp\/v2\/comments?post=77094"}],"wp:featuredmedia":[{"embeddable":true,"href":"https:\/\/www.soanam.de\/es\/wp-json\/wp\/v2\/media\/77274"}],"wp:attachment":[{"href":"https:\/\/www.soanam.de\/es\/wp-json\/wp\/v2\/media?parent=77094"}],"wp:term":[{"taxonomy":"product_brand","embeddable":true,"href":"https:\/\/www.soanam.de\/es\/wp-json\/wp\/v2\/product_brand?post=77094"},{"taxonomy":"product_cat","embeddable":true,"href":"https:\/\/www.soanam.de\/es\/wp-json\/wp\/v2\/product_cat?post=77094"},{"taxonomy":"product_tag","embeddable":true,"href":"https:\/\/www.soanam.de\/es\/wp-json\/wp\/v2\/product_tag?post=77094"}],"curies":[{"name":"wp","href":"https:\/\/api.w.org\/{rel}","templated":true}]}}