{"id":77025,"date":"2023-12-13T20:32:19","date_gmt":"2023-12-13T19:32:19","guid":{"rendered":"https:\/\/www.soanam.de\/?post_type=product&#038;p=77025"},"modified":"2023-12-13T20:40:26","modified_gmt":"2023-12-13T19:40:26","slug":"chaqueta-de-pluma-belstaff-trialmaster-evo-para-hombre","status":"publish","type":"product","link":"https:\/\/www.soanam.de\/es\/produkt\/belstaff-trialmaster-evo-down-herren-jacket\/","title":{"rendered":"Belstaff - Chaqueta de plum\u00f3n Trialmaster Evo, Hombre"},"content":{"rendered":"<h3>Descripci\u00f3n del producto<\/h3>\n<p>Esta versi\u00f3n del cl\u00e1sico dise\u00f1o de cuatro bolsillos en nogal oscuro est\u00e1 confeccionada con un tejido impermeable y rellena de plum\u00f3n con tecnolog\u00eda de mapeado t\u00e9rmico. La rigurosa atenci\u00f3n al detalle incluye bolsillos cortados con l\u00e1ser, costuras termoselladas impermeables y un sofisticado bolsillo interior para smartphone con un escudo transparente sensible al tacto.<br \/>\nEl mismo enfoque se aplica a la capucha para adultos, las cremalleras impermeables y los sutiles detalles reflectantes.<br \/>\nLos pu\u00f1os de punto el\u00e1stico, el cord\u00f3n de ajuste interior y la malla de ventilaci\u00f3n favorecen la movilidad y la circulaci\u00f3n del aire.<\/p>","protected":false},"excerpt":{"rendered":"<h3>Artikelmerkmale<\/h3>\n<p>Estado del art\u00edculo: Nuevo con etiqueta: Art\u00edculo nuevo, sin usar y sin estrenar, en su embalaje original.<br \/>\nAu\u00dfenmaterial: 74% Polyamid 26% Elastan<br \/>\nMarke: Belstaff<br \/>\nAnlass: Business, Freizeit<br \/>\nIsoliermaterial: Daunen<br \/>\nStil: Daunenjacke<br \/>\nModell: Evo<br \/>\nColor: verde<br \/>\nJahreszeit: Herbst, Winter<br \/>\nAbteilung: Herren<br \/>\nTipo de producto: Chaqueta<br \/>\nVintage: Nein<br \/>\nBesonderheiten: Netzbel\u00fcftung, Reflektierend, Wasserdicht<br \/>\nGr\u00f6\u00dfenkategorie: Normalgr\u00f6\u00dfe<br \/>\nMuster: Ohne Muster<br \/>\nThema: Outdoor<br \/>\nGewebeart: PA<br \/>\nFuttermaterial: Polyester<br \/>\nCierre: cremallera<br \/>\nAktivit\u00e4t: Spazieren<\/p>","protected":false},"featured_media":77185,"comment_status":"open","ping_status":"closed","template":"","meta":{"_seopress_robots_primary_cat":"","_seopress_titles_title":"","_seopress_titles_desc":"","_seopress_robots_index":""},"product_brand":[],"product_cat":[1345,1363,1377,1378],"product_tag":[],"class_list":{"0":"post-77025","1":"product","2":"type-product","3":"status-publish","4":"has-post-thumbnail","6":"product_cat-herrenmode","7":"product_cat-jacken-maentel-herrenmode","8":"product_cat-winterjacken-jacken-maentel-herrenmode","9":"product_cat-daunen-steppjacken","10":"product_shipping_class-standard-versand","12":"first","13":"instock","14":"sale","15":"taxable","16":"shipping-taxable","17":"purchasable","18":"product-type-simple"},"_links":{"self":[{"href":"https:\/\/www.soanam.de\/es\/wp-json\/wp\/v2\/product\/77025","targetHints":{"allow":["GET"]}}],"collection":[{"href":"https:\/\/www.soanam.de\/es\/wp-json\/wp\/v2\/product"}],"about":[{"href":"https:\/\/www.soanam.de\/es\/wp-json\/wp\/v2\/types\/product"}],"replies":[{"embeddable":true,"href":"https:\/\/www.soanam.de\/es\/wp-json\/wp\/v2\/comments?post=77025"}],"wp:featuredmedia":[{"embeddable":true,"href":"https:\/\/www.soanam.de\/es\/wp-json\/wp\/v2\/media\/77185"}],"wp:attachment":[{"href":"https:\/\/www.soanam.de\/es\/wp-json\/wp\/v2\/media?parent=77025"}],"wp:term":[{"taxonomy":"product_brand","embeddable":true,"href":"https:\/\/www.soanam.de\/es\/wp-json\/wp\/v2\/product_brand?post=77025"},{"taxonomy":"product_cat","embeddable":true,"href":"https:\/\/www.soanam.de\/es\/wp-json\/wp\/v2\/product_cat?post=77025"},{"taxonomy":"product_tag","embeddable":true,"href":"https:\/\/www.soanam.de\/es\/wp-json\/wp\/v2\/product_tag?post=77025"}],"curies":[{"name":"wp","href":"https:\/\/api.w.org\/{rel}","templated":true}]}}